{"id":28669,"date":"2025-01-22T15:27:38","date_gmt":"2025-01-22T14:27:38","guid":{"rendered":"https:\/\/www.avalems.ch\/jahresbericht-2023\/"},"modified":"2025-04-25T14:38:31","modified_gmt":"2025-04-25T12:38:31","slug":"jahresbericht-2023","status":"publish","type":"page","link":"https:\/\/avalems.ch\/de\/verein\/jahresberichte\/jahresbericht-2023\/","title":{"rendered":"Jahresbericht 2023"},"content":{"rendered":"\n<h1 class=\"wp-block-heading\">Jahresbericht 2023<\/h1>\n\n\n\n<div style=\"height:10px\" aria-hidden=\"true\" id=\"membres\" class=\"wp-block-spacer\"><\/div>\n\n\n\n<div class=\"wp-block-group appear left\"><div class=\"wp-block-group__inner-container is-layout-flow wp-block-group-is-layout-flow\">\n<h2 class=\"wp-block-heading move has-background\" style=\"background-color:#019fb0\"><img loading=\"lazy\" decoding=\"async\" width=\"66\" height=\"44\" class=\"wp-image-18825\" style=\"width: 66px;\" src=\"https:\/\/www.avalems.ch\/wp-content\/uploads\/2023\/04\/membres-et-activite-icon.png\" alt=\"\" srcset=\"https:\/\/avalems.ch\/wp-content\/uploads\/2023\/04\/membres-et-activite-icon.png 66w, https:\/\/avalems.ch\/wp-content\/uploads\/2023\/04\/membres-et-activite-icon-48x32.png 48w, https:\/\/avalems.ch\/wp-content\/uploads\/2023\/04\/membres-et-activite-icon-40x27.png 40w, https:\/\/avalems.ch\/wp-content\/uploads\/2023\/04\/membres-et-activite-icon-24x16.png 24w, https:\/\/avalems.ch\/wp-content\/uploads\/2023\/04\/membres-et-activite-icon-20x13.png 20w, https:\/\/avalems.ch\/wp-content\/uploads\/2023\/04\/membres-et-activite-icon-36x24.png 36w\" sizes=\"auto, (max-width: 66px) 100vw, 66px\" \/>  Mitglieder und Aktivit\u00e4ten 2023<\/h2>\n<\/div><\/div>\n\n\n\n<div style=\"height:39px\" aria-hidden=\"true\" class=\"wp-block-spacer\"><\/div>\n\n\n\n<div class=\"wp-block-columns no-margin-top is-layout-flex wp-container-core-columns-is-layout-9d6595d7 wp-block-columns-is-layout-flex\">\n<div class=\"wp-block-column is-layout-flow wp-block-column-is-layout-flow\">\n<div class=\"wp-block-group counter-animation\"><div class=\"wp-block-group__inner-container is-layout-flow wp-block-group-is-layout-flow\"><div class=\"wp-block-image size-full\">\n<figure class=\"aligncenter is-resized\"><img loading=\"lazy\" decoding=\"async\" width=\"300\" height=\"300\" src=\"https:\/\/www.avalems.ch\/wp-content\/uploads\/2023\/04\/NbrSites-300x300-1.png\" alt=\"\" class=\"wp-image-18772\" style=\"width:125px;height:125px\" srcset=\"https:\/\/avalems.ch\/wp-content\/uploads\/2023\/04\/NbrSites-300x300-1.png 300w, https:\/\/avalems.ch\/wp-content\/uploads\/2023\/04\/NbrSites-300x300-1-150x150.png 150w, https:\/\/avalems.ch\/wp-content\/uploads\/2023\/04\/NbrSites-300x300-1-254x254.png 254w, https:\/\/avalems.ch\/wp-content\/uploads\/2023\/04\/NbrSites-300x300-1-180x180.png 180w, https:\/\/avalems.ch\/wp-content\/uploads\/2023\/04\/NbrSites-300x300-1-127x127.png 127w, https:\/\/avalems.ch\/wp-content\/uploads\/2023\/04\/NbrSites-300x300-1-90x90.png 90w, https:\/\/avalems.ch\/wp-content\/uploads\/2023\/04\/NbrSites-300x300-1-65x65.png 65w, https:\/\/avalems.ch\/wp-content\/uploads\/2023\/04\/NbrSites-300x300-1-48x48.png 48w, https:\/\/avalems.ch\/wp-content\/uploads\/2023\/04\/NbrSites-300x300-1-40x40.png 40w, https:\/\/avalems.ch\/wp-content\/uploads\/2023\/04\/NbrSites-300x300-1-24x24.png 24w, https:\/\/avalems.ch\/wp-content\/uploads\/2023\/04\/NbrSites-300x300-1-20x20.png 20w, https:\/\/avalems.ch\/wp-content\/uploads\/2023\/04\/NbrSites-300x300-1-36x36.png 36w\" sizes=\"auto, (max-width: 300px) 100vw, 300px\" \/><\/figure>\n<\/div>\n\n\n<p class=\"has-text-align-center counter-number has-text-color\" style=\"color:#019fb0;font-size:70px\">55<\/p>\n\n\n\n<p class=\"has-text-align-center no-margin-top\"><strong><strong>Anzahl Heime<\/strong><\/strong><\/p>\n<\/div><\/div>\n<\/div>\n\n\n\n<div class=\"wp-block-column is-layout-flow wp-block-column-is-layout-flow\">\n<div class=\"wp-block-group counter-animation\"><div class=\"wp-block-group__inner-container is-layout-flow wp-block-group-is-layout-flow\"><div class=\"wp-block-image size-full\">\n<figure class=\"aligncenter is-resized\"><img loading=\"lazy\" decoding=\"async\" width=\"300\" height=\"300\" src=\"https:\/\/www.avalems.ch\/wp-content\/uploads\/2023\/04\/NotreAssociation-300x300-1.png\" alt=\"\" class=\"wp-image-18774\" style=\"width:125px;height:125px\" srcset=\"https:\/\/avalems.ch\/wp-content\/uploads\/2023\/04\/NotreAssociation-300x300-1.png 300w, https:\/\/avalems.ch\/wp-content\/uploads\/2023\/04\/NotreAssociation-300x300-1-150x150.png 150w, https:\/\/avalems.ch\/wp-content\/uploads\/2023\/04\/NotreAssociation-300x300-1-254x254.png 254w, https:\/\/avalems.ch\/wp-content\/uploads\/2023\/04\/NotreAssociation-300x300-1-180x180.png 180w, https:\/\/avalems.ch\/wp-content\/uploads\/2023\/04\/NotreAssociation-300x300-1-127x127.png 127w, https:\/\/avalems.ch\/wp-content\/uploads\/2023\/04\/NotreAssociation-300x300-1-90x90.png 90w, https:\/\/avalems.ch\/wp-content\/uploads\/2023\/04\/NotreAssociation-300x300-1-65x65.png 65w, https:\/\/avalems.ch\/wp-content\/uploads\/2023\/04\/NotreAssociation-300x300-1-48x48.png 48w, https:\/\/avalems.ch\/wp-content\/uploads\/2023\/04\/NotreAssociation-300x300-1-40x40.png 40w, https:\/\/avalems.ch\/wp-content\/uploads\/2023\/04\/NotreAssociation-300x300-1-24x24.png 24w, https:\/\/avalems.ch\/wp-content\/uploads\/2023\/04\/NotreAssociation-300x300-1-20x20.png 20w, https:\/\/avalems.ch\/wp-content\/uploads\/2023\/04\/NotreAssociation-300x300-1-36x36.png 36w\" sizes=\"auto, (max-width: 300px) 100vw, 300px\" \/><\/figure>\n<\/div>\n\n\n<p class=\"has-text-align-center counter-number has-text-color\" style=\"color:#019fb0;font-size:70px\">45<\/p>\n\n\n\n<p class=\"has-text-align-center no-margin-top\"><strong><strong>Anzahl Mitglieder<\/strong><\/strong><\/p>\n<\/div><\/div>\n<\/div>\n\n\n\n<div class=\"wp-block-column is-layout-flow wp-block-column-is-layout-flow\">\n<div class=\"wp-block-group counter-animation\"><div class=\"wp-block-group__inner-container is-layout-flow wp-block-group-is-layout-flow\"><div class=\"wp-block-image size-full\">\n<figure class=\"aligncenter is-resized\"><img loading=\"lazy\" decoding=\"async\" width=\"300\" height=\"300\" src=\"https:\/\/www.avalems.ch\/wp-content\/uploads\/2023\/04\/Lit-300x300-1.png\" alt=\"\" class=\"wp-image-18776\" style=\"width:125px;height:125px\" srcset=\"https:\/\/avalems.ch\/wp-content\/uploads\/2023\/04\/Lit-300x300-1.png 300w, https:\/\/avalems.ch\/wp-content\/uploads\/2023\/04\/Lit-300x300-1-150x150.png 150w, https:\/\/avalems.ch\/wp-content\/uploads\/2023\/04\/Lit-300x300-1-254x254.png 254w, https:\/\/avalems.ch\/wp-content\/uploads\/2023\/04\/Lit-300x300-1-180x180.png 180w, https:\/\/avalems.ch\/wp-content\/uploads\/2023\/04\/Lit-300x300-1-127x127.png 127w, https:\/\/avalems.ch\/wp-content\/uploads\/2023\/04\/Lit-300x300-1-90x90.png 90w, https:\/\/avalems.ch\/wp-content\/uploads\/2023\/04\/Lit-300x300-1-65x65.png 65w, https:\/\/avalems.ch\/wp-content\/uploads\/2023\/04\/Lit-300x300-1-48x48.png 48w, https:\/\/avalems.ch\/wp-content\/uploads\/2023\/04\/Lit-300x300-1-40x40.png 40w, https:\/\/avalems.ch\/wp-content\/uploads\/2023\/04\/Lit-300x300-1-24x24.png 24w, https:\/\/avalems.ch\/wp-content\/uploads\/2023\/04\/Lit-300x300-1-20x20.png 20w, https:\/\/avalems.ch\/wp-content\/uploads\/2023\/04\/Lit-300x300-1-36x36.png 36w\" sizes=\"auto, (max-width: 300px) 100vw, 300px\" \/><\/figure>\n<\/div>\n\n\n<p class=\"has-text-align-center counter-number has-text-color\" style=\"color:#019fb0;font-size:70px\">3058<\/p>\n\n\n\n<p class=\"has-text-align-center no-margin-top\"><strong><strong>Anzahl Betten<\/strong><\/strong><\/p>\n<\/div><\/div>\n<\/div>\n<\/div>\n\n\n\n<div class=\"wp-block-columns is-layout-flex wp-container-core-columns-is-layout-9d6595d7 wp-block-columns-is-layout-flex\">\n<div class=\"wp-block-column is-layout-flow wp-block-column-is-layout-flow\">\n<div class=\"wp-block-group counter-animation\"><div class=\"wp-block-group__inner-container is-layout-flow wp-block-group-is-layout-flow\"><div class=\"wp-block-image size-full\">\n<figure class=\"aligncenter is-resized\"><img loading=\"lazy\" decoding=\"async\" width=\"300\" height=\"300\" src=\"https:\/\/www.avalems.ch\/wp-content\/uploads\/2023\/04\/Nuit-300x300-1.png\" alt=\"\" class=\"wp-image-18778\" style=\"width:125px;height:125px\" srcset=\"https:\/\/avalems.ch\/wp-content\/uploads\/2023\/04\/Nuit-300x300-1.png 300w, https:\/\/avalems.ch\/wp-content\/uploads\/2023\/04\/Nuit-300x300-1-150x150.png 150w, https:\/\/avalems.ch\/wp-content\/uploads\/2023\/04\/Nuit-300x300-1-254x254.png 254w, https:\/\/avalems.ch\/wp-content\/uploads\/2023\/04\/Nuit-300x300-1-180x180.png 180w, https:\/\/avalems.ch\/wp-content\/uploads\/2023\/04\/Nuit-300x300-1-127x127.png 127w, https:\/\/avalems.ch\/wp-content\/uploads\/2023\/04\/Nuit-300x300-1-90x90.png 90w, https:\/\/avalems.ch\/wp-content\/uploads\/2023\/04\/Nuit-300x300-1-65x65.png 65w, https:\/\/avalems.ch\/wp-content\/uploads\/2023\/04\/Nuit-300x300-1-48x48.png 48w, https:\/\/avalems.ch\/wp-content\/uploads\/2023\/04\/Nuit-300x300-1-40x40.png 40w, https:\/\/avalems.ch\/wp-content\/uploads\/2023\/04\/Nuit-300x300-1-24x24.png 24w, https:\/\/avalems.ch\/wp-content\/uploads\/2023\/04\/Nuit-300x300-1-20x20.png 20w, https:\/\/avalems.ch\/wp-content\/uploads\/2023\/04\/Nuit-300x300-1-36x36.png 36w\" sizes=\"auto, (max-width: 300px) 100vw, 300px\" \/><\/figure>\n<\/div>\n\n\n<p class=\"has-text-align-center counter-number has-text-color\" style=\"color:#019fb0;font-size:70px\">1119956<\/p>\n\n\n\n<p class=\"has-text-align-center no-margin-top\"><strong><strong>Anzahl \u00dcbernachtungen<\/strong>&nbsp;<strong>gem\u00e4ss BESA<\/strong><\/strong><\/p>\n<\/div><\/div>\n<\/div>\n\n\n\n<div class=\"wp-block-column is-layout-flow wp-block-column-is-layout-flow\">\n<div class=\"wp-block-group counter-animation\"><div class=\"wp-block-group__inner-container is-layout-flow wp-block-group-is-layout-flow\"><div class=\"wp-block-image size-full\">\n<figure class=\"aligncenter is-resized\"><img loading=\"lazy\" decoding=\"async\" width=\"300\" height=\"300\" src=\"https:\/\/www.avalems.ch\/wp-content\/uploads\/2023\/04\/Representant-300x300-1.png\" alt=\"\" class=\"wp-image-18780\" style=\"width:125px;height:125px\" srcset=\"https:\/\/avalems.ch\/wp-content\/uploads\/2023\/04\/Representant-300x300-1.png 300w, https:\/\/avalems.ch\/wp-content\/uploads\/2023\/04\/Representant-300x300-1-150x150.png 150w, https:\/\/avalems.ch\/wp-content\/uploads\/2023\/04\/Representant-300x300-1-254x254.png 254w, https:\/\/avalems.ch\/wp-content\/uploads\/2023\/04\/Representant-300x300-1-180x180.png 180w, https:\/\/avalems.ch\/wp-content\/uploads\/2023\/04\/Representant-300x300-1-127x127.png 127w, https:\/\/avalems.ch\/wp-content\/uploads\/2023\/04\/Representant-300x300-1-90x90.png 90w, https:\/\/avalems.ch\/wp-content\/uploads\/2023\/04\/Representant-300x300-1-65x65.png 65w, https:\/\/avalems.ch\/wp-content\/uploads\/2023\/04\/Representant-300x300-1-48x48.png 48w, https:\/\/avalems.ch\/wp-content\/uploads\/2023\/04\/Representant-300x300-1-40x40.png 40w, https:\/\/avalems.ch\/wp-content\/uploads\/2023\/04\/Representant-300x300-1-24x24.png 24w, https:\/\/avalems.ch\/wp-content\/uploads\/2023\/04\/Representant-300x300-1-20x20.png 20w, https:\/\/avalems.ch\/wp-content\/uploads\/2023\/04\/Representant-300x300-1-36x36.png 36w\" sizes=\"auto, (max-width: 300px) 100vw, 300px\" \/><\/figure>\n<\/div>\n\n\n<p class=\"has-text-align-center counter-number has-text-color\" style=\"color:#019fb0;font-size:70px\">4082<\/p>\n\n\n\n<p class=\"has-text-align-center no-margin-top\"><strong><strong>Anzahl Vollzeitstellen<\/strong>&nbsp;(VZA)<\/strong><\/p>\n<\/div><\/div>\n<\/div>\n\n\n\n<div class=\"wp-block-column is-layout-flow wp-block-column-is-layout-flow\"><div class=\"wp-block-image size-full\">\n<figure class=\"aligncenter is-resized\"><img loading=\"lazy\" decoding=\"async\" width=\"300\" height=\"300\" src=\"https:\/\/www.avalems.ch\/wp-content\/uploads\/2023\/04\/Apprentis-300x300-1.png\" alt=\"\" class=\"wp-image-18782\" style=\"width:125px;height:125px\" srcset=\"https:\/\/avalems.ch\/wp-content\/uploads\/2023\/04\/Apprentis-300x300-1.png 300w, https:\/\/avalems.ch\/wp-content\/uploads\/2023\/04\/Apprentis-300x300-1-150x150.png 150w, https:\/\/avalems.ch\/wp-content\/uploads\/2023\/04\/Apprentis-300x300-1-254x254.png 254w, https:\/\/avalems.ch\/wp-content\/uploads\/2023\/04\/Apprentis-300x300-1-180x180.png 180w, https:\/\/avalems.ch\/wp-content\/uploads\/2023\/04\/Apprentis-300x300-1-127x127.png 127w, https:\/\/avalems.ch\/wp-content\/uploads\/2023\/04\/Apprentis-300x300-1-90x90.png 90w, https:\/\/avalems.ch\/wp-content\/uploads\/2023\/04\/Apprentis-300x300-1-65x65.png 65w, https:\/\/avalems.ch\/wp-content\/uploads\/2023\/04\/Apprentis-300x300-1-48x48.png 48w, https:\/\/avalems.ch\/wp-content\/uploads\/2023\/04\/Apprentis-300x300-1-40x40.png 40w, https:\/\/avalems.ch\/wp-content\/uploads\/2023\/04\/Apprentis-300x300-1-24x24.png 24w, https:\/\/avalems.ch\/wp-content\/uploads\/2023\/04\/Apprentis-300x300-1-20x20.png 20w, https:\/\/avalems.ch\/wp-content\/uploads\/2023\/04\/Apprentis-300x300-1-36x36.png 36w\" sizes=\"auto, (max-width: 300px) 100vw, 300px\" \/><\/figure>\n<\/div>\n\n\n<div class=\"wp-block-group counter-animation\"><div class=\"wp-block-group__inner-container is-layout-flow wp-block-group-is-layout-flow\">\n<p class=\"has-text-align-center counter-number has-text-color\" style=\"color:#019fb0;font-size:70px\">223<\/p>\n\n\n\n<p class=\"has-text-align-center no-margin-top\"><strong><strong>Anzahl Auszubildende<\/strong><\/strong><\/p>\n<\/div><\/div>\n<\/div>\n<\/div>\n\n\n\n<div style=\"height:31px\" aria-hidden=\"true\" class=\"wp-block-spacer\"><\/div>\n\n\n\n<div class=\"wp-block-group appear bottom has-white-color has-text-color has-background\" style=\"background-color:#019fb0\"><div class=\"wp-block-group__inner-container is-layout-flow wp-block-group-is-layout-flow\">\n<div style=\"height:25px\" aria-hidden=\"true\" class=\"wp-block-spacer\"><\/div>\n\n\n\n<div class=\"wp-block-columns is-layout-flex wp-container-core-columns-is-layout-9d6595d7 wp-block-columns-is-layout-flex\">\n<div class=\"wp-block-column move is-layout-flow wp-block-column-is-layout-flow\" style=\"flex-basis:300px\">\n<figure class=\"wp-block-image size-full\"><img loading=\"lazy\" decoding=\"async\" width=\"243\" height=\"243\" src=\"https:\/\/www.avalems.ch\/wp-content\/uploads\/2023\/04\/patrice.png\" alt=\"\" class=\"wp-image-18787\" srcset=\"https:\/\/avalems.ch\/wp-content\/uploads\/2023\/04\/patrice.png 243w, https:\/\/avalems.ch\/wp-content\/uploads\/2023\/04\/patrice-150x150.png 150w, https:\/\/avalems.ch\/wp-content\/uploads\/2023\/04\/patrice-180x180.png 180w, https:\/\/avalems.ch\/wp-content\/uploads\/2023\/04\/patrice-127x127.png 127w, https:\/\/avalems.ch\/wp-content\/uploads\/2023\/04\/patrice-90x90.png 90w, https:\/\/avalems.ch\/wp-content\/uploads\/2023\/04\/patrice-65x65.png 65w, https:\/\/avalems.ch\/wp-content\/uploads\/2023\/04\/patrice-48x48.png 48w, https:\/\/avalems.ch\/wp-content\/uploads\/2023\/04\/patrice-40x40.png 40w, https:\/\/avalems.ch\/wp-content\/uploads\/2023\/04\/patrice-24x24.png 24w, https:\/\/avalems.ch\/wp-content\/uploads\/2023\/04\/patrice-20x20.png 20w, https:\/\/avalems.ch\/wp-content\/uploads\/2023\/04\/patrice-36x36.png 36w\" sizes=\"auto, (max-width: 243px) 100vw, 243px\" \/><\/figure>\n\n\n\n<p>Patrice Michaud<br>Pr\u00e4sident von AVALEMS<\/p>\n<\/div>\n\n\n\n<div class=\"wp-block-column move is-layout-flow wp-block-column-is-layout-flow\">\n<h3 class=\"wp-block-heading no-margin-top has-white-color has-text-color\" style=\"text-transform:uppercase\">Strategische F\u00fchrung<\/h3>\n\n\n\n<p>Das Jahr 2023 wird in die Geschichte unseres Verbandes als eine Zeit eingehen, die von bedeutenden Fortschritten gepr\u00e4gt war. Die einstimmige Annahme des gemeinsamen Gesamtarbeitsvertrags mit der \u00f6ffentlichen Spitex (SMZ) stellt einen wichtigen Meilenstein dar. Dieser historische Entscheid, der von unseren Mitgliedern an der Generalversammlung vom 19. Dezember unterst\u00fctzt wurde, harmonisiert nun die Arbeitsbedingungen von 49 Arbeitgebern und \u00fcber 7\u2019000 Mitarbeiterinnen und Mitarbeitern. Dieser greifbare Fortschritt wurde dank der angemessenen finanziellen Unterst\u00fctzung des Departements f\u00fcr Gesundheit, Soziales und Kultur (DGSK), die vom Walliser Grossen Rat genehmigt wurde, und dank einer konstruktiven Zusammenarbeit mit den Sozialpartnern erm\u00f6glicht.<\/p>\n\n\n\n<p>Gleichzeitig best\u00e4tigt die einstimmige Best\u00e4tigung unserer Strategie 2024-2028 anl\u00e4sslich der Generalversammlung im September unser Engagement f\u00fcr die Zukunft. Diese Strategie, die ab Herbst 2022 in enger Zusammenarbeit mit unseren Mitgliedern erarbeitet wird, konzentriert unsere T\u00e4tigkeit auf sieben Hauptachsen und stellt die Pflegeheime somit ins Zentrum der demografischen Herausforderungen, die unseren Kanton erwarten.<\/p>\n\n\n\n<p>Die Unterzeichnung der Kooperationsvereinbarung mit dem Dachverband der Institutionen f\u00fcr Menschen in Schwierigkeiten (AVIP) Ende 2023 ist Teil unseres st\u00e4ndigen Bestrebens, operative Ressourcen f\u00fcr spezifische Projekte zusammenzulegen. Dieses Vorgehen orientiert sich an unserer fr\u00fcheren Partnerschaft mit dem Walliser Verband der SMZ (VWSMZ) und st\u00e4rkt damit unsere F\u00e4higkeit, gemeinsame Herausforderungen gemeinsam anzugehen.<\/p>\n\n\n\n<p>Trotz der zahlreichen k\u00fcnftigen Herausforderungen, insbesondere im Zusammenhang mit der demografischen Entwicklung und den von der Inflation beeinflussten \u00f6ffentlichen Finanzen, erlauben uns die geschaffenen Grundlagen im Jahr 2023, diesen neuen Zyklus mit Gelassenheit und Entschlossenheit anzugehen. Im Namen des Vorstands m\u00f6chte ich allen unseren Mitgliedern f\u00fcr das entgegengebrachte Vertrauen und ihre Unterst\u00fctzung unseren Dank aussprechen. Aufrichtigen Dank auch an meine Vorstandskollegen f\u00fcr ihre erweiterten Kompetenzen, ihr Engagement und ihren Einsatz im Dienste der Branche sowie an unseren Direktor Camille-Angelo, der dazu beitr\u00e4gt, dass unser Verband auf regionaler und nationaler Ebene eine starke Ausstrahlung hat.<\/p>\n<\/div>\n<\/div>\n<\/div><\/div>\n\n\n\n<div style=\"height:50px\" aria-hidden=\"true\" class=\"wp-block-spacer\"><\/div>\n\n\n\n<div class=\"wp-block-columns is-layout-flex wp-container-core-columns-is-layout-9d6595d7 wp-block-columns-is-layout-flex\">\n<div class=\"wp-block-column is-layout-flow wp-block-column-is-layout-flow\">\n<h3 class=\"wp-block-heading desktop has-text-color\" style=\"color:#019fb0\">Mitglieder des Komitees<\/h3>\n<\/div>\n<\/div>\n\n\n\n<div class=\"wp-block-columns appear bottom desktop is-layout-flex wp-container-core-columns-is-layout-9d6595d7 wp-block-columns-is-layout-flex\">\n<div class=\"wp-block-column move is-layout-flow wp-block-column-is-layout-flow\"><div class=\"wp-block-image size-full\">\n<figure class=\"aligncenter is-resized\"><img loading=\"lazy\" decoding=\"async\" width=\"612\" height=\"764\" src=\"https:\/\/www.avalems.ch\/wp-content\/uploads\/2023\/04\/patrice-michaud-1.jpg\" alt=\"\" class=\"wp-image-18790\" style=\"width:153px;height:191px\" srcset=\"https:\/\/avalems.ch\/wp-content\/uploads\/2023\/04\/patrice-michaud-1.jpg 612w, https:\/\/avalems.ch\/wp-content\/uploads\/2023\/04\/patrice-michaud-1-240x300.jpg 240w, https:\/\/avalems.ch\/wp-content\/uploads\/2023\/04\/patrice-michaud-1-540x674.jpg 540w, https:\/\/avalems.ch\/wp-content\/uploads\/2023\/04\/patrice-michaud-1-465x580.jpg 465w, https:\/\/avalems.ch\/wp-content\/uploads\/2023\/04\/patrice-michaud-1-414x517.jpg 414w, https:\/\/avalems.ch\/wp-content\/uploads\/2023\/04\/patrice-michaud-1-254x317.jpg 254w, https:\/\/avalems.ch\/wp-content\/uploads\/2023\/04\/patrice-michaud-1-180x225.jpg 180w, https:\/\/avalems.ch\/wp-content\/uploads\/2023\/04\/patrice-michaud-1-127x159.jpg 127w, https:\/\/avalems.ch\/wp-content\/uploads\/2023\/04\/patrice-michaud-1-90x112.jpg 90w, https:\/\/avalems.ch\/wp-content\/uploads\/2023\/04\/patrice-michaud-1-65x81.jpg 65w, https:\/\/avalems.ch\/wp-content\/uploads\/2023\/04\/patrice-michaud-1-48x60.jpg 48w, https:\/\/avalems.ch\/wp-content\/uploads\/2023\/04\/patrice-michaud-1-40x50.jpg 40w, https:\/\/avalems.ch\/wp-content\/uploads\/2023\/04\/patrice-michaud-1-24x30.jpg 24w, https:\/\/avalems.ch\/wp-content\/uploads\/2023\/04\/patrice-michaud-1-20x25.jpg 20w, https:\/\/avalems.ch\/wp-content\/uploads\/2023\/04\/patrice-michaud-1-19x24.jpg 19w, https:\/\/avalems.ch\/wp-content\/uploads\/2023\/04\/patrice-michaud-1-29x36.jpg 29w, https:\/\/avalems.ch\/wp-content\/uploads\/2023\/04\/patrice-michaud-1-38x48.jpg 38w\" sizes=\"auto, (max-width: 612px) 100vw, 612px\" \/><\/figure>\n<\/div>\n\n\n<p class=\"has-text-align-center no-margin-bottom\">Patrice Michaud<\/p>\n\n\n\n<p class=\"has-text-align-center has-small-font-size\">Direktor &#8222;Maisons de la Providence&#8220;<br>Pr\u00e4sident<\/p>\n<\/div>\n\n\n\n<div class=\"wp-block-column move delay is-layout-flow wp-block-column-is-layout-flow\"><div class=\"wp-block-image size-full\">\n<figure class=\"aligncenter is-resized\"><img loading=\"lazy\" decoding=\"async\" width=\"612\" height=\"764\" src=\"https:\/\/www.avalems.ch\/wp-content\/uploads\/2023\/04\/matthias-salzmann.jpg\" alt=\"\" class=\"wp-image-18800\" style=\"width:152px;height:189px\" srcset=\"https:\/\/avalems.ch\/wp-content\/uploads\/2023\/04\/matthias-salzmann.jpg 612w, https:\/\/avalems.ch\/wp-content\/uploads\/2023\/04\/matthias-salzmann-240x300.jpg 240w, https:\/\/avalems.ch\/wp-content\/uploads\/2023\/04\/matthias-salzmann-540x674.jpg 540w, https:\/\/avalems.ch\/wp-content\/uploads\/2023\/04\/matthias-salzmann-465x580.jpg 465w, https:\/\/avalems.ch\/wp-content\/uploads\/2023\/04\/matthias-salzmann-414x517.jpg 414w, https:\/\/avalems.ch\/wp-content\/uploads\/2023\/04\/matthias-salzmann-254x317.jpg 254w, https:\/\/avalems.ch\/wp-content\/uploads\/2023\/04\/matthias-salzmann-180x225.jpg 180w, https:\/\/avalems.ch\/wp-content\/uploads\/2023\/04\/matthias-salzmann-127x159.jpg 127w, https:\/\/avalems.ch\/wp-content\/uploads\/2023\/04\/matthias-salzmann-90x112.jpg 90w, https:\/\/avalems.ch\/wp-content\/uploads\/2023\/04\/matthias-salzmann-65x81.jpg 65w, https:\/\/avalems.ch\/wp-content\/uploads\/2023\/04\/matthias-salzmann-48x60.jpg 48w, https:\/\/avalems.ch\/wp-content\/uploads\/2023\/04\/matthias-salzmann-40x50.jpg 40w, https:\/\/avalems.ch\/wp-content\/uploads\/2023\/04\/matthias-salzmann-24x30.jpg 24w, https:\/\/avalems.ch\/wp-content\/uploads\/2023\/04\/matthias-salzmann-20x25.jpg 20w, https:\/\/avalems.ch\/wp-content\/uploads\/2023\/04\/matthias-salzmann-19x24.jpg 19w, https:\/\/avalems.ch\/wp-content\/uploads\/2023\/04\/matthias-salzmann-29x36.jpg 29w, https:\/\/avalems.ch\/wp-content\/uploads\/2023\/04\/matthias-salzmann-38x48.jpg 38w\" sizes=\"auto, (max-width: 612px) 100vw, 612px\" \/><\/figure>\n<\/div>\n\n\n<p class=\"has-text-align-center no-margin-bottom\">Matthias Salzmann<\/p>\n\n\n\n<p class=\"has-text-align-center has-small-font-size\">Pr\u00e4fekt des Distrikts Brig<br>Vizepr\u00e4sident<br><\/p>\n<\/div>\n\n\n\n<div class=\"wp-block-column move longdelay is-layout-flow wp-block-column-is-layout-flow\"><div class=\"wp-block-image size-full\">\n<figure class=\"aligncenter is-resized\"><img loading=\"lazy\" decoding=\"async\" width=\"612\" height=\"764\" src=\"https:\/\/www.avalems.ch\/wp-content\/uploads\/2023\/04\/genevieve-deleze.jpg\" alt=\"\" class=\"wp-image-18794\" style=\"width:153px;height:191px\" srcset=\"https:\/\/avalems.ch\/wp-content\/uploads\/2023\/04\/genevieve-deleze.jpg 612w, https:\/\/avalems.ch\/wp-content\/uploads\/2023\/04\/genevieve-deleze-240x300.jpg 240w, https:\/\/avalems.ch\/wp-content\/uploads\/2023\/04\/genevieve-deleze-540x674.jpg 540w, https:\/\/avalems.ch\/wp-content\/uploads\/2023\/04\/genevieve-deleze-465x580.jpg 465w, https:\/\/avalems.ch\/wp-content\/uploads\/2023\/04\/genevieve-deleze-414x517.jpg 414w, https:\/\/avalems.ch\/wp-content\/uploads\/2023\/04\/genevieve-deleze-254x317.jpg 254w, https:\/\/avalems.ch\/wp-content\/uploads\/2023\/04\/genevieve-deleze-180x225.jpg 180w, https:\/\/avalems.ch\/wp-content\/uploads\/2023\/04\/genevieve-deleze-127x159.jpg 127w, https:\/\/avalems.ch\/wp-content\/uploads\/2023\/04\/genevieve-deleze-90x112.jpg 90w, https:\/\/avalems.ch\/wp-content\/uploads\/2023\/04\/genevieve-deleze-65x81.jpg 65w, https:\/\/avalems.ch\/wp-content\/uploads\/2023\/04\/genevieve-deleze-48x60.jpg 48w, https:\/\/avalems.ch\/wp-content\/uploads\/2023\/04\/genevieve-deleze-40x50.jpg 40w, https:\/\/avalems.ch\/wp-content\/uploads\/2023\/04\/genevieve-deleze-24x30.jpg 24w, https:\/\/avalems.ch\/wp-content\/uploads\/2023\/04\/genevieve-deleze-20x25.jpg 20w, https:\/\/avalems.ch\/wp-content\/uploads\/2023\/04\/genevieve-deleze-19x24.jpg 19w, https:\/\/avalems.ch\/wp-content\/uploads\/2023\/04\/genevieve-deleze-29x36.jpg 29w, https:\/\/avalems.ch\/wp-content\/uploads\/2023\/04\/genevieve-deleze-38x48.jpg 38w\" sizes=\"auto, (max-width: 612px) 100vw, 612px\" \/><\/figure>\n<\/div>\n\n\n<p class=\"has-text-align-center no-margin-bottom\">Genevi\u00e8ve D\u00e9l\u00e8ze<\/p>\n\n\n\n<p class=\"has-text-align-center has-small-font-size\">Direktorin der R\u00e9sidence St-Sylve<br>Pr\u00e4sidentin der Kommission f\u00fcr Pflege und Qualit\u00e4t<\/p>\n<\/div>\n<\/div>\n\n\n\n<div style=\"height:25px\" aria-hidden=\"true\" class=\"wp-block-spacer\"><\/div>\n\n\n\n<div class=\"wp-block-columns appear bottom desktop is-layout-flex wp-container-core-columns-is-layout-9d6595d7 wp-block-columns-is-layout-flex\">\n<div class=\"wp-block-column move is-layout-flow wp-block-column-is-layout-flow\"><div class=\"wp-block-image size-full\">\n<figure class=\"aligncenter is-resized\"><img loading=\"lazy\" decoding=\"async\" width=\"612\" height=\"764\" src=\"https:\/\/www.avalems.ch\/wp-content\/uploads\/2023\/04\/nicoles-kaufman.jpg\" alt=\"\" class=\"wp-image-18796\" style=\"width:153px;height:191px\" srcset=\"https:\/\/avalems.ch\/wp-content\/uploads\/2023\/04\/nicoles-kaufman.jpg 612w, https:\/\/avalems.ch\/wp-content\/uploads\/2023\/04\/nicoles-kaufman-240x300.jpg 240w, https:\/\/avalems.ch\/wp-content\/uploads\/2023\/04\/nicoles-kaufman-540x674.jpg 540w, https:\/\/avalems.ch\/wp-content\/uploads\/2023\/04\/nicoles-kaufman-465x580.jpg 465w, https:\/\/avalems.ch\/wp-content\/uploads\/2023\/04\/nicoles-kaufman-414x517.jpg 414w, https:\/\/avalems.ch\/wp-content\/uploads\/2023\/04\/nicoles-kaufman-254x317.jpg 254w, https:\/\/avalems.ch\/wp-content\/uploads\/2023\/04\/nicoles-kaufman-180x225.jpg 180w, https:\/\/avalems.ch\/wp-content\/uploads\/2023\/04\/nicoles-kaufman-127x159.jpg 127w, https:\/\/avalems.ch\/wp-content\/uploads\/2023\/04\/nicoles-kaufman-90x112.jpg 90w, https:\/\/avalems.ch\/wp-content\/uploads\/2023\/04\/nicoles-kaufman-65x81.jpg 65w, https:\/\/avalems.ch\/wp-content\/uploads\/2023\/04\/nicoles-kaufman-48x60.jpg 48w, https:\/\/avalems.ch\/wp-content\/uploads\/2023\/04\/nicoles-kaufman-40x50.jpg 40w, https:\/\/avalems.ch\/wp-content\/uploads\/2023\/04\/nicoles-kaufman-24x30.jpg 24w, https:\/\/avalems.ch\/wp-content\/uploads\/2023\/04\/nicoles-kaufman-20x25.jpg 20w, https:\/\/avalems.ch\/wp-content\/uploads\/2023\/04\/nicoles-kaufman-19x24.jpg 19w, https:\/\/avalems.ch\/wp-content\/uploads\/2023\/04\/nicoles-kaufman-29x36.jpg 29w, https:\/\/avalems.ch\/wp-content\/uploads\/2023\/04\/nicoles-kaufman-38x48.jpg 38w\" sizes=\"auto, (max-width: 612px) 100vw, 612px\" \/><\/figure>\n<\/div>\n\n\n<p class=\"has-text-align-center no-margin-bottom\">Nicolas Kaufmann<\/p>\n\n\n\n<p class=\"has-text-align-center has-small-font-size\">Direktor der Stiftung &#8222;Les Fleurs du Temps&#8220;<br>Pr\u00e4sident der Finanzkommission<\/p>\n<\/div>\n\n\n\n<div class=\"wp-block-column move delay is-layout-flow wp-block-column-is-layout-flow\"><div class=\"wp-block-image size-full\">\n<figure class=\"aligncenter is-resized\"><img loading=\"lazy\" decoding=\"async\" width=\"612\" height=\"764\" src=\"https:\/\/www.avalems.ch\/wp-content\/uploads\/2023\/04\/markus-lehner.jpg\" alt=\"\" class=\"wp-image-18798\" style=\"width:153px;height:191px\" srcset=\"https:\/\/avalems.ch\/wp-content\/uploads\/2023\/04\/markus-lehner.jpg 612w, https:\/\/avalems.ch\/wp-content\/uploads\/2023\/04\/markus-lehner-240x300.jpg 240w, https:\/\/avalems.ch\/wp-content\/uploads\/2023\/04\/markus-lehner-540x674.jpg 540w, https:\/\/avalems.ch\/wp-content\/uploads\/2023\/04\/markus-lehner-465x580.jpg 465w, https:\/\/avalems.ch\/wp-content\/uploads\/2023\/04\/markus-lehner-414x517.jpg 414w, https:\/\/avalems.ch\/wp-content\/uploads\/2023\/04\/markus-lehner-254x317.jpg 254w, https:\/\/avalems.ch\/wp-content\/uploads\/2023\/04\/markus-lehner-180x225.jpg 180w, https:\/\/avalems.ch\/wp-content\/uploads\/2023\/04\/markus-lehner-127x159.jpg 127w, https:\/\/avalems.ch\/wp-content\/uploads\/2023\/04\/markus-lehner-90x112.jpg 90w, https:\/\/avalems.ch\/wp-content\/uploads\/2023\/04\/markus-lehner-65x81.jpg 65w, https:\/\/avalems.ch\/wp-content\/uploads\/2023\/04\/markus-lehner-48x60.jpg 48w, https:\/\/avalems.ch\/wp-content\/uploads\/2023\/04\/markus-lehner-40x50.jpg 40w, https:\/\/avalems.ch\/wp-content\/uploads\/2023\/04\/markus-lehner-24x30.jpg 24w, https:\/\/avalems.ch\/wp-content\/uploads\/2023\/04\/markus-lehner-20x25.jpg 20w, https:\/\/avalems.ch\/wp-content\/uploads\/2023\/04\/markus-lehner-19x24.jpg 19w, https:\/\/avalems.ch\/wp-content\/uploads\/2023\/04\/markus-lehner-29x36.jpg 29w, https:\/\/avalems.ch\/wp-content\/uploads\/2023\/04\/markus-lehner-38x48.jpg 38w\" sizes=\"auto, (max-width: 612px) 100vw, 612px\" \/><\/figure>\n<\/div>\n\n\n<p class=\"has-text-align-center no-margin-bottom\">Markus Lehner<\/p>\n\n\n\n<p class=\"has-text-align-center has-small-font-size\">Direktor APH &#8222;Martinsheim&#8220;<br>Mitglied der Kommission f\u00fcr Pflege und Qualit\u00e4t<\/p>\n<\/div>\n\n\n\n<div class=\"wp-block-column move longdelay is-layout-flow wp-block-column-is-layout-flow\"><div class=\"wp-block-image size-full\">\n<figure class=\"aligncenter is-resized\"><img loading=\"lazy\" decoding=\"async\" width=\"612\" height=\"764\" src=\"https:\/\/www.avalems.ch\/wp-content\/uploads\/2023\/04\/jean-michel-bagnoud.jpg\" alt=\"\" class=\"wp-image-18792\" style=\"width:153px;height:191px\" srcset=\"https:\/\/avalems.ch\/wp-content\/uploads\/2023\/04\/jean-michel-bagnoud.jpg 612w, https:\/\/avalems.ch\/wp-content\/uploads\/2023\/04\/jean-michel-bagnoud-240x300.jpg 240w, https:\/\/avalems.ch\/wp-content\/uploads\/2023\/04\/jean-michel-bagnoud-540x674.jpg 540w, https:\/\/avalems.ch\/wp-content\/uploads\/2023\/04\/jean-michel-bagnoud-465x580.jpg 465w, https:\/\/avalems.ch\/wp-content\/uploads\/2023\/04\/jean-michel-bagnoud-414x517.jpg 414w, https:\/\/avalems.ch\/wp-content\/uploads\/2023\/04\/jean-michel-bagnoud-254x317.jpg 254w, https:\/\/avalems.ch\/wp-content\/uploads\/2023\/04\/jean-michel-bagnoud-180x225.jpg 180w, https:\/\/avalems.ch\/wp-content\/uploads\/2023\/04\/jean-michel-bagnoud-127x159.jpg 127w, https:\/\/avalems.ch\/wp-content\/uploads\/2023\/04\/jean-michel-bagnoud-90x112.jpg 90w, https:\/\/avalems.ch\/wp-content\/uploads\/2023\/04\/jean-michel-bagnoud-65x81.jpg 65w, https:\/\/avalems.ch\/wp-content\/uploads\/2023\/04\/jean-michel-bagnoud-48x60.jpg 48w, https:\/\/avalems.ch\/wp-content\/uploads\/2023\/04\/jean-michel-bagnoud-40x50.jpg 40w, https:\/\/avalems.ch\/wp-content\/uploads\/2023\/04\/jean-michel-bagnoud-24x30.jpg 24w, https:\/\/avalems.ch\/wp-content\/uploads\/2023\/04\/jean-michel-bagnoud-20x25.jpg 20w, https:\/\/avalems.ch\/wp-content\/uploads\/2023\/04\/jean-michel-bagnoud-19x24.jpg 19w, https:\/\/avalems.ch\/wp-content\/uploads\/2023\/04\/jean-michel-bagnoud-29x36.jpg 29w, https:\/\/avalems.ch\/wp-content\/uploads\/2023\/04\/jean-michel-bagnoud-38x48.jpg 38w\" sizes=\"auto, (max-width: 612px) 100vw, 612px\" \/><\/figure>\n<\/div>\n\n\n<p class=\"has-text-align-center no-margin-bottom\">Jean-Michel BAGNOUD<\/p>\n\n\n\n<p class=\"has-text-align-center has-small-font-size\">Direktor Foyer &#8222;St-Joseph&#8220;<br>Pr\u00e4sident der Kommission HR &amp; Weiterbildung<\/p>\n<\/div>\n<\/div>\n\n\n\n<div style=\"height:25px\" aria-hidden=\"true\" class=\"wp-block-spacer\"><\/div>\n\n\n\n<div class=\"wp-block-columns appear bottom desktop is-layout-flex wp-container-core-columns-is-layout-9d6595d7 wp-block-columns-is-layout-flex\">\n<div class=\"wp-block-column move is-layout-flow wp-block-column-is-layout-flow\">\n<p class=\"has-text-align-center has-small-font-size\"><\/p>\n<\/div>\n\n\n\n<div class=\"wp-block-column move delay is-layout-flow wp-block-column-is-layout-flow\"><div class=\"wp-block-image size-full\">\n<figure class=\"aligncenter size-large is-resized\"><img loading=\"lazy\" decoding=\"async\" width=\"768\" height=\"1024\" src=\"https:\/\/www.avalems.ch\/wp-content\/uploads\/2023\/05\/TURIN-Olivier-edited-768x1024.jpg\" alt=\"\" class=\"wp-image-19076\" style=\"width:153px;height:191px\" srcset=\"https:\/\/avalems.ch\/wp-content\/uploads\/2023\/05\/TURIN-Olivier-edited-768x1024.jpg 768w, https:\/\/avalems.ch\/wp-content\/uploads\/2023\/05\/TURIN-Olivier-edited-225x300.jpg 225w, https:\/\/avalems.ch\/wp-content\/uploads\/2023\/05\/TURIN-Olivier-edited-1152x1536.jpg 1152w, https:\/\/avalems.ch\/wp-content\/uploads\/2023\/05\/TURIN-Olivier-edited-1537x2048.jpg 1537w, https:\/\/avalems.ch\/wp-content\/uploads\/2023\/05\/TURIN-Olivier-edited-1110x1479.jpg 1110w, https:\/\/avalems.ch\/wp-content\/uploads\/2023\/05\/TURIN-Olivier-edited-1080x1439.jpg 1080w, https:\/\/avalems.ch\/wp-content\/uploads\/2023\/05\/TURIN-Olivier-edited-930x1240.jpg 930w, https:\/\/avalems.ch\/wp-content\/uploads\/2023\/05\/TURIN-Olivier-edited-828x1104.jpg 828w, https:\/\/avalems.ch\/wp-content\/uploads\/2023\/05\/TURIN-Olivier-edited-540x720.jpg 540w, https:\/\/avalems.ch\/wp-content\/uploads\/2023\/05\/TURIN-Olivier-edited-465x620.jpg 465w, https:\/\/avalems.ch\/wp-content\/uploads\/2023\/05\/TURIN-Olivier-edited-414x552.jpg 414w, https:\/\/avalems.ch\/wp-content\/uploads\/2023\/05\/TURIN-Olivier-edited-254x339.jpg 254w, https:\/\/avalems.ch\/wp-content\/uploads\/2023\/05\/TURIN-Olivier-edited-180x240.jpg 180w, https:\/\/avalems.ch\/wp-content\/uploads\/2023\/05\/TURIN-Olivier-edited-127x169.jpg 127w, https:\/\/avalems.ch\/wp-content\/uploads\/2023\/05\/TURIN-Olivier-edited-90x120.jpg 90w, https:\/\/avalems.ch\/wp-content\/uploads\/2023\/05\/TURIN-Olivier-edited-65x87.jpg 65w, https:\/\/avalems.ch\/wp-content\/uploads\/2023\/05\/TURIN-Olivier-edited-48x64.jpg 48w, https:\/\/avalems.ch\/wp-content\/uploads\/2023\/05\/TURIN-Olivier-edited-40x53.jpg 40w, https:\/\/avalems.ch\/wp-content\/uploads\/2023\/05\/TURIN-Olivier-edited-24x32.jpg 24w, https:\/\/avalems.ch\/wp-content\/uploads\/2023\/05\/TURIN-Olivier-edited-20x27.jpg 20w, https:\/\/avalems.ch\/wp-content\/uploads\/2023\/05\/TURIN-Olivier-edited-18x24.jpg 18w, https:\/\/avalems.ch\/wp-content\/uploads\/2023\/05\/TURIN-Olivier-edited-27x36.jpg 27w, https:\/\/avalems.ch\/wp-content\/uploads\/2023\/05\/TURIN-Olivier-edited-36x48.jpg 36w, https:\/\/avalems.ch\/wp-content\/uploads\/2023\/05\/TURIN-Olivier-edited-scaled.jpg 1921w\" sizes=\"auto, (max-width: 768px) 100vw, 768px\" \/><\/figure>\n<\/div>\n\n\n<p class=\"has-text-align-center no-margin-bottom\">Olivier TURIN<\/p>\n\n\n\n<p class=\"has-text-align-center has-small-font-size\">Pr\u00e4sident APH \u00ab La Charmaie \u00bb<\/p>\n<\/div>\n\n\n\n<div class=\"wp-block-column move longdelay is-layout-flow wp-block-column-is-layout-flow\">\n<p class=\"has-text-align-center no-margin-bottom\"><\/p>\n\n\n\n<p class=\"has-text-align-center has-small-font-size\"><\/p>\n<\/div>\n<\/div>\n\n\n\n<div style=\"height:50px\" aria-hidden=\"true\" class=\"wp-block-spacer\"><\/div>\n\n\n\n<div class=\"wp-block-group appear bottom\"><div class=\"wp-block-group__inner-container is-layout-flow wp-block-group-is-layout-flow\">\n<h3 class=\"wp-block-heading move has-text-color\" style=\"color:#019fb0\">Mitglieder der permanenten Kommissionen<\/h3>\n<\/div><\/div>\n\n\n\n<div class=\"wp-block-columns appear bottom is-layout-flex wp-container-core-columns-is-layout-9d6595d7 wp-block-columns-is-layout-flex\">\n<div class=\"wp-block-column move faq is-layout-flow wp-block-column-is-layout-flow\">\n<div class=\"wp-block-group faq-q\"><div class=\"wp-block-group__inner-container is-layout-flow wp-block-group-is-layout-flow\">\n<p class=\"has-white-color has-text-color has-background has-medium-font-size\" style=\"background-color:#019fb0\">HR &amp; Weiterbildung Kommission<img loading=\"lazy\" decoding=\"async\" width=\"128\" height=\"128\" class=\"wp-image-18814\" style=\"width: 128px;\" src=\"https:\/\/www.avalems.ch\/wp-content\/uploads\/2023\/04\/down.png\" alt=\"\" srcset=\"https:\/\/avalems.ch\/wp-content\/uploads\/2023\/04\/down.png 128w, https:\/\/avalems.ch\/wp-content\/uploads\/2023\/04\/down-90x90.png 90w, https:\/\/avalems.ch\/wp-content\/uploads\/2023\/04\/down-65x65.png 65w, https:\/\/avalems.ch\/wp-content\/uploads\/2023\/04\/down-48x48.png 48w, https:\/\/avalems.ch\/wp-content\/uploads\/2023\/04\/down-40x40.png 40w, https:\/\/avalems.ch\/wp-content\/uploads\/2023\/04\/down-24x24.png 24w, https:\/\/avalems.ch\/wp-content\/uploads\/2023\/04\/down-20x20.png 20w, https:\/\/avalems.ch\/wp-content\/uploads\/2023\/04\/down-36x36.png 36w\" sizes=\"auto, (max-width: 128px) 100vw, 128px\" \/><\/p>\n<\/div><\/div>\n\n\n\n<div class=\"wp-block-group faq-a has-white-color has-text-color has-background\" style=\"background-color:#019fb0\"><div class=\"wp-block-group__inner-container is-layout-flow wp-block-group-is-layout-flow\">\n<p><strong>Jean-Michel Bagnoud<\/strong><br>Foyer Saint-Joseph (Pr\u00e4sident)<\/p>\n\n\n\n<p><strong>Ludmila Ebener<\/strong><br>Seniorenzentrum Naters<\/p>\n\n\n\n<p><strong>Teresa Sorrentino<\/strong><br>Castel Notre Dame Stiftung<\/p>\n\n\n\n<p><strong>Erika Langel<br><\/strong>APH Les Tilleuls<\/p>\n\n\n\n<p><strong>Martin<\/strong> <strong>Kalbermatter<\/strong><br>Santa Anna Stiftung<\/p>\n\n\n\n<p><strong>Philippe Zurlinden<\/strong><br>APH Les 3 sapins<\/p>\n<\/div><\/div>\n<\/div>\n\n\n\n<div class=\"wp-block-column move delay faq is-layout-flow wp-block-column-is-layout-flow\">\n<div class=\"wp-block-group faq-q\"><div class=\"wp-block-group__inner-container is-layout-flow wp-block-group-is-layout-flow\">\n<p class=\"has-white-color has-text-color has-background has-medium-font-size\" style=\"background-color:#019fb0\">Kommission f\u00fcr Pflege und Qualit\u00e4t <img loading=\"lazy\" decoding=\"async\" width=\"128\" height=\"128\" class=\"wp-image-18814\" style=\"width: 128px;\" src=\"https:\/\/www.avalems.ch\/wp-content\/uploads\/2023\/04\/down.png\" alt=\"\" srcset=\"https:\/\/avalems.ch\/wp-content\/uploads\/2023\/04\/down.png 128w, https:\/\/avalems.ch\/wp-content\/uploads\/2023\/04\/down-90x90.png 90w, https:\/\/avalems.ch\/wp-content\/uploads\/2023\/04\/down-65x65.png 65w, https:\/\/avalems.ch\/wp-content\/uploads\/2023\/04\/down-48x48.png 48w, https:\/\/avalems.ch\/wp-content\/uploads\/2023\/04\/down-40x40.png 40w, https:\/\/avalems.ch\/wp-content\/uploads\/2023\/04\/down-24x24.png 24w, https:\/\/avalems.ch\/wp-content\/uploads\/2023\/04\/down-20x20.png 20w, https:\/\/avalems.ch\/wp-content\/uploads\/2023\/04\/down-36x36.png 36w\" sizes=\"auto, (max-width: 128px) 100vw, 128px\" \/><\/p>\n<\/div><\/div>\n\n\n\n<div class=\"wp-block-group faq-a has-white-color has-text-color has-background\" style=\"background-color:#019fb0\"><div class=\"wp-block-group__inner-container is-layout-flow wp-block-group-is-layout-flow\">\n<p><strong>Genevi\u00e8ve D\u00e9l\u00e8ze<\/strong><br>Home St-Sylve (Pr\u00e4sidentin)<\/p>\n\n\n\n<p><strong>Markus Lehner<\/strong><br>Martinsheim<\/p>\n\n\n\n<p><strong>Franziska Schmid<\/strong><br>Haus St Theodul<\/p>\n\n\n\n<p><strong>Ingrid Grand<\/strong><br>Josefsheim<\/p>\n\n\n\n<p><strong>Pierre-Louis Abbet<\/strong><br>Stiftung La Providence<\/p>\n\n\n\n<p><strong>Nathalie Aeberhard<\/strong><br>Foyer Saint-Jacques<\/p>\n\n\n\n<p><strong>Karine Perruchoud<\/strong><br>R\u00e9sidence m\u00e9dicalis\u00e9e Le Glarier<\/p>\n\n\n\n<p><strong>Emilie Bourgeois<\/strong><br>EMS La Charmaie<\/p>\n<\/div><\/div>\n<\/div>\n<\/div>\n\n\n\n<div class=\"wp-block-columns appear bottom is-layout-flex wp-container-core-columns-is-layout-9d6595d7 wp-block-columns-is-layout-flex\">\n<div class=\"wp-block-column move faq is-layout-flow wp-block-column-is-layout-flow\">\n<div class=\"wp-block-group faq-q\"><div class=\"wp-block-group__inner-container is-layout-flow wp-block-group-is-layout-flow\">\n<p class=\"has-white-color has-text-color has-background has-medium-font-size\" style=\"background-color:#019fb0\">Finanzkommission<img loading=\"lazy\" decoding=\"async\" width=\"128\" height=\"128\" class=\"wp-image-18814\" style=\"width: 128px;\" src=\"https:\/\/www.avalems.ch\/wp-content\/uploads\/2023\/04\/down.png\" alt=\"\" srcset=\"https:\/\/avalems.ch\/wp-content\/uploads\/2023\/04\/down.png 128w, https:\/\/avalems.ch\/wp-content\/uploads\/2023\/04\/down-90x90.png 90w, https:\/\/avalems.ch\/wp-content\/uploads\/2023\/04\/down-65x65.png 65w, https:\/\/avalems.ch\/wp-content\/uploads\/2023\/04\/down-48x48.png 48w, https:\/\/avalems.ch\/wp-content\/uploads\/2023\/04\/down-40x40.png 40w, https:\/\/avalems.ch\/wp-content\/uploads\/2023\/04\/down-24x24.png 24w, https:\/\/avalems.ch\/wp-content\/uploads\/2023\/04\/down-20x20.png 20w, https:\/\/avalems.ch\/wp-content\/uploads\/2023\/04\/down-36x36.png 36w\" sizes=\"auto, (max-width: 128px) 100vw, 128px\" \/><\/p>\n<\/div><\/div>\n\n\n\n<div class=\"wp-block-group faq-a has-white-color has-text-color has-background\" style=\"background-color:#019fb0\"><div class=\"wp-block-group__inner-container is-layout-flow wp-block-group-is-layout-flow\">\n<p><strong>Nicolas Kaufmann<\/strong><br>Les Fleurs du Temps SA (Pr\u00e4sident)<\/p>\n\n\n\n<p><strong>Christian Venetz<\/strong><br>Sankt Josef<\/p>\n\n\n\n<p><strong>Christian Rey<br><\/strong>Maison St-Fran\u00e7ois<\/p>\n\n\n\n<p><strong>Michela Orlando<\/strong><br>APH La Charmaie<\/p>\n\n\n\n<p><strong>Jean-Louis Zufferey<\/strong><br>APH Le Christ-Roi<\/p>\n\n\n\n<p><strong>Jean-Pierre Lugon<br><\/strong>APH Plantzette<\/p>\n\n\n\n<p><strong>Sabrina Genolet Comby<\/strong><br>Home St-Sylve<\/p>\n<\/div><\/div>\n<\/div>\n\n\n\n<div class=\"wp-block-column is-layout-flow wp-block-column-is-layout-flow\">\n<p class=\"has-medium-font-size\"><\/p>\n<\/div>\n<\/div>\n\n\n\n<div style=\"height:25px\" aria-hidden=\"true\" class=\"wp-block-spacer\"><\/div>\n\n\n\n<div class=\"wp-block-group appear bottom has-white-color has-text-color has-background\" style=\"background-color:#019fb0\"><div class=\"wp-block-group__inner-container is-layout-flow wp-block-group-is-layout-flow\">\n<div style=\"height:25px\" aria-hidden=\"true\" class=\"wp-block-spacer\"><\/div>\n\n\n\n<div class=\"wp-block-columns is-layout-flex wp-container-core-columns-is-layout-9d6595d7 wp-block-columns-is-layout-flex\">\n<div class=\"wp-block-column move is-layout-flow wp-block-column-is-layout-flow\" style=\"flex-basis:300px\">\n<figure class=\"wp-block-image size-full\"><img loading=\"lazy\" decoding=\"async\" width=\"243\" height=\"243\" src=\"https:\/\/www.avalems.ch\/wp-content\/uploads\/2023\/05\/angelo.png\" alt=\"\" class=\"wp-image-19302\" srcset=\"https:\/\/avalems.ch\/wp-content\/uploads\/2023\/05\/angelo.png 243w, https:\/\/avalems.ch\/wp-content\/uploads\/2023\/05\/angelo-150x150.png 150w, https:\/\/avalems.ch\/wp-content\/uploads\/2023\/05\/angelo-180x180.png 180w, https:\/\/avalems.ch\/wp-content\/uploads\/2023\/05\/angelo-127x127.png 127w, https:\/\/avalems.ch\/wp-content\/uploads\/2023\/05\/angelo-90x90.png 90w, https:\/\/avalems.ch\/wp-content\/uploads\/2023\/05\/angelo-65x65.png 65w, https:\/\/avalems.ch\/wp-content\/uploads\/2023\/05\/angelo-48x48.png 48w, https:\/\/avalems.ch\/wp-content\/uploads\/2023\/05\/angelo-40x40.png 40w, https:\/\/avalems.ch\/wp-content\/uploads\/2023\/05\/angelo-24x24.png 24w, https:\/\/avalems.ch\/wp-content\/uploads\/2023\/05\/angelo-20x20.png 20w, https:\/\/avalems.ch\/wp-content\/uploads\/2023\/05\/angelo-36x36.png 36w\" sizes=\"auto, (max-width: 243px) 100vw, 243px\" \/><\/figure>\n\n\n\n<p>Camille-Angelo Aglione<br>Direktor von AVALEMS<\/p>\n<\/div>\n\n\n\n<div class=\"wp-block-column move is-layout-flow wp-block-column-is-layout-flow\">\n<h3 class=\"wp-block-heading no-margin-top has-white-color has-text-color\" style=\"text-transform:uppercase\">Operative Leitung<\/h3>\n\n\n\n<p>Das Jahr 2023 zeugte von einer wachsenden Anerkennung f\u00fcr unseren Verband, die sich in verschiedenen Medieninteraktionen, regelm\u00e4ssigen Erw\u00e4hnungen bei Sitzungen des Grossen Rates sowie in der erfolgreichen Zusammenarbeit mit der Kantonsverwaltung und den Akteuren des Netzwerks widerspiegelte.<\/p>\n\n\n\n<p>Dieses Jahr war von bedeutenden strategischen Anpassungen gepr\u00e4gt, insbesondere in Bezug auf unseren Ansatz zur Weiterbildung. Im September unterst\u00fctzten unsere Mitglieder einstimmig die Entwicklung einer gemeinsamen Politik zur Kompetenzentwicklung in Zusammenarbeit mit den SMZ. Dieses Projekt, das im Dezember der Kantonsverwaltung vorgelegt wurde, k\u00f6nnte im Rahmen der Umsetzung der Initiative f\u00fcr eine starke Pflege von einer Unterst\u00fctzung des Bundes profitieren.<\/p>\n\n\n\n<p>Die Annahme des Gesamtarbeitsvertrags f\u00fcr die Langzeitpflege im Dezember wurde durch eine sorgf\u00e4ltige Analyse der Arbeitsbedingungen sowie durch eine enge Zusammenarbeit mit der Kantonsverwaltung erm\u00f6glicht, um die f\u00fcr die Umsetzung der vorgeschlagenen Entwicklungen erforderliche Finanzierung zu bewerten.<\/p>\n\n\n\n<p>Die ordentlichen Generalversammlungen im Juni und September brachten die Verantwortlichen der verschiedenen Sektoren der Pflegeheime in Zusammenarbeit mit den verschiedenen Branchenverb\u00e4nden zusammen und f\u00f6rderten so einen fruchtbaren Austausch zwischen den Akteuren, die in den Bereichen Pflege, Animation, Verwaltung, K\u00fcche und Hotellerie t\u00e4tig sind.<\/p>\n\n\n\n<p>Auf der Ebene der Berufspraxis setzte unser Verband seine Bem\u00fchungen um die Weiterentwicklung des Qualit\u00e4tssystems Qualivista und dessen Walliser Ableitung fort. In einem st\u00e4ndigen Bem\u00fchen um Verbesserung achtet die AVALEMS auch auf die \u00dcbereinstimmung zwischen diesen Praktiken und den Kontrollen, die von den Teams der Dienststelle f\u00fcr Gesundheitswesen durchgef\u00fchrt werden.<\/p>\n\n\n\n<p>Dank eines klaren Kurses und des Einsatzes des Vorstands, aber auch dank der Professionalit\u00e4t der Teams des Generalsekretariats konnten ehrgeizige Projekte im Jahr 2023 verwirklicht werden. Vielen Dank an sie und vielen Dank auch an Sie f\u00fcr Ihr Vertrauen, das Quelle und Motor unseres t\u00e4glichen Engagements ist.<\/p>\n<\/div>\n<\/div>\n<\/div><\/div>\n\n\n\n<div style=\"height:50px\" aria-hidden=\"true\" class=\"wp-block-spacer\"><\/div>\n\n\n\n<div class=\"wp-block-columns is-layout-flex wp-container-core-columns-is-layout-9d6595d7 wp-block-columns-is-layout-flex\">\n<div class=\"wp-block-column is-layout-flow wp-block-column-is-layout-flow\">\n<h3 class=\"wp-block-heading desktop has-text-color\" style=\"color:#019fb0\">Generalsekretariat<\/h3>\n<\/div>\n<\/div>\n\n\n\n<div class=\"wp-block-columns appear bottom desktop is-layout-flex wp-container-core-columns-is-layout-9d6595d7 wp-block-columns-is-layout-flex\">\n<div class=\"wp-block-column move is-layout-flow wp-block-column-is-layout-flow\"><div class=\"wp-block-image size-full\">\n<figure class=\"aligncenter is-resized\"><img loading=\"lazy\" decoding=\"async\" width=\"612\" height=\"766\" src=\"https:\/\/www.avalems.ch\/wp-content\/uploads\/2023\/04\/camille-angelo-aglione.jpg\" alt=\"\" class=\"wp-image-18808\" style=\"width:153px;height:190px\" srcset=\"https:\/\/avalems.ch\/wp-content\/uploads\/2023\/04\/camille-angelo-aglione.jpg 612w, https:\/\/avalems.ch\/wp-content\/uploads\/2023\/04\/camille-angelo-aglione-240x300.jpg 240w, https:\/\/avalems.ch\/wp-content\/uploads\/2023\/04\/camille-angelo-aglione-540x676.jpg 540w, https:\/\/avalems.ch\/wp-content\/uploads\/2023\/04\/camille-angelo-aglione-465x582.jpg 465w, https:\/\/avalems.ch\/wp-content\/uploads\/2023\/04\/camille-angelo-aglione-414x518.jpg 414w, https:\/\/avalems.ch\/wp-content\/uploads\/2023\/04\/camille-angelo-aglione-254x318.jpg 254w, https:\/\/avalems.ch\/wp-content\/uploads\/2023\/04\/camille-angelo-aglione-180x225.jpg 180w, https:\/\/avalems.ch\/wp-content\/uploads\/2023\/04\/camille-angelo-aglione-127x159.jpg 127w, https:\/\/avalems.ch\/wp-content\/uploads\/2023\/04\/camille-angelo-aglione-90x113.jpg 90w, https:\/\/avalems.ch\/wp-content\/uploads\/2023\/04\/camille-angelo-aglione-65x81.jpg 65w, https:\/\/avalems.ch\/wp-content\/uploads\/2023\/04\/camille-angelo-aglione-48x60.jpg 48w, https:\/\/avalems.ch\/wp-content\/uploads\/2023\/04\/camille-angelo-aglione-40x50.jpg 40w, https:\/\/avalems.ch\/wp-content\/uploads\/2023\/04\/camille-angelo-aglione-24x30.jpg 24w, https:\/\/avalems.ch\/wp-content\/uploads\/2023\/04\/camille-angelo-aglione-20x25.jpg 20w, https:\/\/avalems.ch\/wp-content\/uploads\/2023\/04\/camille-angelo-aglione-19x24.jpg 19w, https:\/\/avalems.ch\/wp-content\/uploads\/2023\/04\/camille-angelo-aglione-29x36.jpg 29w, https:\/\/avalems.ch\/wp-content\/uploads\/2023\/04\/camille-angelo-aglione-38x48.jpg 38w\" sizes=\"auto, (max-width: 612px) 100vw, 612px\" \/><\/figure>\n<\/div>\n\n\n<p class=\"has-text-align-center no-margin-bottom\">Camille- Angelo Aglione<\/p>\n\n\n\n<p class=\"has-text-align-center has-small-font-size\">Direktor (ab 1. M\u00e4rz 2022)<br> <\/p>\n<\/div>\n\n\n\n<div class=\"wp-block-column move delay is-layout-flow wp-block-column-is-layout-flow\"><div class=\"wp-block-image size-full\">\n<figure class=\"aligncenter is-resized\"><img loading=\"lazy\" decoding=\"async\" width=\"1920\" height=\"2560\" src=\"https:\/\/www.avalems.ch\/wp-content\/uploads\/2023\/05\/MJ1-scaled.jpg\" alt=\"\" class=\"wp-image-19239\" style=\"width:143px;height:190px\" srcset=\"https:\/\/avalems.ch\/wp-content\/uploads\/2023\/05\/MJ1-scaled.jpg 1920w, https:\/\/avalems.ch\/wp-content\/uploads\/2023\/05\/MJ1-225x300.jpg 225w, https:\/\/avalems.ch\/wp-content\/uploads\/2023\/05\/MJ1-768x1024.jpg 768w, https:\/\/avalems.ch\/wp-content\/uploads\/2023\/05\/MJ1-1152x1536.jpg 1152w, https:\/\/avalems.ch\/wp-content\/uploads\/2023\/05\/MJ1-1536x2048.jpg 1536w, https:\/\/avalems.ch\/wp-content\/uploads\/2023\/05\/MJ1-1110x1480.jpg 1110w, https:\/\/avalems.ch\/wp-content\/uploads\/2023\/05\/MJ1-1080x1440.jpg 1080w, https:\/\/avalems.ch\/wp-content\/uploads\/2023\/05\/MJ1-930x1240.jpg 930w, https:\/\/avalems.ch\/wp-content\/uploads\/2023\/05\/MJ1-828x1104.jpg 828w, https:\/\/avalems.ch\/wp-content\/uploads\/2023\/05\/MJ1-540x720.jpg 540w, https:\/\/avalems.ch\/wp-content\/uploads\/2023\/05\/MJ1-465x620.jpg 465w, https:\/\/avalems.ch\/wp-content\/uploads\/2023\/05\/MJ1-414x552.jpg 414w, https:\/\/avalems.ch\/wp-content\/uploads\/2023\/05\/MJ1-254x339.jpg 254w, https:\/\/avalems.ch\/wp-content\/uploads\/2023\/05\/MJ1-180x240.jpg 180w, https:\/\/avalems.ch\/wp-content\/uploads\/2023\/05\/MJ1-127x169.jpg 127w, https:\/\/avalems.ch\/wp-content\/uploads\/2023\/05\/MJ1-90x120.jpg 90w, https:\/\/avalems.ch\/wp-content\/uploads\/2023\/05\/MJ1-65x87.jpg 65w, https:\/\/avalems.ch\/wp-content\/uploads\/2023\/05\/MJ1-48x64.jpg 48w, https:\/\/avalems.ch\/wp-content\/uploads\/2023\/05\/MJ1-40x53.jpg 40w, https:\/\/avalems.ch\/wp-content\/uploads\/2023\/05\/MJ1-24x32.jpg 24w, https:\/\/avalems.ch\/wp-content\/uploads\/2023\/05\/MJ1-20x27.jpg 20w, https:\/\/avalems.ch\/wp-content\/uploads\/2023\/05\/MJ1-18x24.jpg 18w, https:\/\/avalems.ch\/wp-content\/uploads\/2023\/05\/MJ1-27x36.jpg 27w, https:\/\/avalems.ch\/wp-content\/uploads\/2023\/05\/MJ1-36x48.jpg 36w\" sizes=\"auto, (max-width: 1920px) 100vw, 1920px\" \/><\/figure>\n<\/div>\n\n\n<p class=\"has-text-align-center no-margin-bottom\">Marie-Jeanne Muller<\/p>\n\n\n\n<p class=\"has-text-align-center has-small-font-size\">Leiterin Pflege und Kompetenzentwicklung (ab 1. Mai 2022)<\/p>\n<\/div>\n\n\n\n<div class=\"wp-block-column move longdelay is-layout-flow wp-block-column-is-layout-flow\"><div class=\"wp-block-image size-full\">\n<figure class=\"aligncenter is-resized\"><img loading=\"lazy\" decoding=\"async\" width=\"480\" height=\"600\" src=\"https:\/\/www.avalems.ch\/wp-content\/uploads\/2023\/05\/Kimberley-Cina-Web.jpg\" alt=\"\" class=\"wp-image-18946\" style=\"width:153px;height:192px\" srcset=\"https:\/\/avalems.ch\/wp-content\/uploads\/2023\/05\/Kimberley-Cina-Web.jpg 480w, https:\/\/avalems.ch\/wp-content\/uploads\/2023\/05\/Kimberley-Cina-Web-240x300.jpg 240w, https:\/\/avalems.ch\/wp-content\/uploads\/2023\/05\/Kimberley-Cina-Web-465x581.jpg 465w, https:\/\/avalems.ch\/wp-content\/uploads\/2023\/05\/Kimberley-Cina-Web-414x518.jpg 414w, https:\/\/avalems.ch\/wp-content\/uploads\/2023\/05\/Kimberley-Cina-Web-254x318.jpg 254w, https:\/\/avalems.ch\/wp-content\/uploads\/2023\/05\/Kimberley-Cina-Web-180x225.jpg 180w, https:\/\/avalems.ch\/wp-content\/uploads\/2023\/05\/Kimberley-Cina-Web-127x159.jpg 127w, https:\/\/avalems.ch\/wp-content\/uploads\/2023\/05\/Kimberley-Cina-Web-90x113.jpg 90w, https:\/\/avalems.ch\/wp-content\/uploads\/2023\/05\/Kimberley-Cina-Web-65x81.jpg 65w, https:\/\/avalems.ch\/wp-content\/uploads\/2023\/05\/Kimberley-Cina-Web-48x60.jpg 48w, https:\/\/avalems.ch\/wp-content\/uploads\/2023\/05\/Kimberley-Cina-Web-40x50.jpg 40w, https:\/\/avalems.ch\/wp-content\/uploads\/2023\/05\/Kimberley-Cina-Web-24x30.jpg 24w, https:\/\/avalems.ch\/wp-content\/uploads\/2023\/05\/Kimberley-Cina-Web-20x25.jpg 20w, https:\/\/avalems.ch\/wp-content\/uploads\/2023\/05\/Kimberley-Cina-Web-19x24.jpg 19w, https:\/\/avalems.ch\/wp-content\/uploads\/2023\/05\/Kimberley-Cina-Web-29x36.jpg 29w, https:\/\/avalems.ch\/wp-content\/uploads\/2023\/05\/Kimberley-Cina-Web-38x48.jpg 38w\" sizes=\"auto, (max-width: 480px) 100vw, 480px\" \/><\/figure>\n<\/div>\n\n\n<p class=\"has-text-align-center no-margin-bottom\">Kimberley Cina<\/p>\n\n\n\n<p class=\"has-text-align-center has-small-font-size\">Sekret\u00e4rin und Rezeptionistin<\/p>\n<\/div>\n<\/div>\n\n\n\n<div style=\"height:25px\" aria-hidden=\"true\" class=\"wp-block-spacer\"><\/div>\n\n\n\n<div class=\"wp-block-columns  appear bottom desktop is-layout-flex wp-container-core-columns-is-layout-9d6595d7 wp-block-columns-is-layout-flex\">\n<div class=\"wp-block-column move is-layout-flow wp-block-column-is-layout-flow\"><div class=\"wp-block-image wp-duotone-unset-1\">\n<figure class=\"aligncenter size-full is-resized\"><img loading=\"lazy\" decoding=\"async\" width=\"414\" height=\"552\" src=\"https:\/\/www.avalems.ch\/wp-content\/uploads\/2024\/02\/clementine.jpg\" alt=\"\" class=\"wp-image-24586\" style=\"width:153px;height:192px\" srcset=\"https:\/\/avalems.ch\/wp-content\/uploads\/2024\/02\/clementine.jpg 414w, https:\/\/avalems.ch\/wp-content\/uploads\/2024\/02\/clementine-225x300.jpg 225w, https:\/\/avalems.ch\/wp-content\/uploads\/2024\/02\/clementine-254x339.jpg 254w, https:\/\/avalems.ch\/wp-content\/uploads\/2024\/02\/clementine-180x240.jpg 180w, https:\/\/avalems.ch\/wp-content\/uploads\/2024\/02\/clementine-127x169.jpg 127w, https:\/\/avalems.ch\/wp-content\/uploads\/2024\/02\/clementine-90x120.jpg 90w, https:\/\/avalems.ch\/wp-content\/uploads\/2024\/02\/clementine-65x87.jpg 65w, https:\/\/avalems.ch\/wp-content\/uploads\/2024\/02\/clementine-48x64.jpg 48w, https:\/\/avalems.ch\/wp-content\/uploads\/2024\/02\/clementine-40x53.jpg 40w, https:\/\/avalems.ch\/wp-content\/uploads\/2024\/02\/clementine-24x32.jpg 24w, https:\/\/avalems.ch\/wp-content\/uploads\/2024\/02\/clementine-20x27.jpg 20w, https:\/\/avalems.ch\/wp-content\/uploads\/2024\/02\/clementine-18x24.jpg 18w, https:\/\/avalems.ch\/wp-content\/uploads\/2024\/02\/clementine-27x36.jpg 27w, https:\/\/avalems.ch\/wp-content\/uploads\/2024\/02\/clementine-36x48.jpg 36w\" sizes=\"auto, (max-width: 414px) 100vw, 414px\" \/><\/figure>\n<\/div>\n\n\n<p class=\"has-text-align-center no-margin-bottom\">Cl\u00e9mentine Dubuis<\/p>\n\n\n\n<p class=\"has-text-align-center has-small-font-size\">Projektleiterin (seit 1. September 2023)<\/p>\n<\/div>\n\n\n\n<div class=\"wp-block-column move delay is-layout-flow wp-block-column-is-layout-flow\"><div class=\"wp-block-image size-full\">\n<figure class=\"aligncenter is-resized\"><img loading=\"lazy\" decoding=\"async\" width=\"612\" height=\"766\" src=\"https:\/\/www.avalems.ch\/wp-content\/uploads\/2023\/04\/isabelle-1-1.png\" alt=\"\" class=\"wp-image-18810\" style=\"width:153px;height:192px\" srcset=\"https:\/\/avalems.ch\/wp-content\/uploads\/2023\/04\/isabelle-1-1.png 612w, https:\/\/avalems.ch\/wp-content\/uploads\/2023\/04\/isabelle-1-1-240x300.png 240w, https:\/\/avalems.ch\/wp-content\/uploads\/2023\/04\/isabelle-1-1-540x676.png 540w, https:\/\/avalems.ch\/wp-content\/uploads\/2023\/04\/isabelle-1-1-465x582.png 465w, https:\/\/avalems.ch\/wp-content\/uploads\/2023\/04\/isabelle-1-1-414x518.png 414w, https:\/\/avalems.ch\/wp-content\/uploads\/2023\/04\/isabelle-1-1-254x318.png 254w, https:\/\/avalems.ch\/wp-content\/uploads\/2023\/04\/isabelle-1-1-180x225.png 180w, https:\/\/avalems.ch\/wp-content\/uploads\/2023\/04\/isabelle-1-1-127x159.png 127w, https:\/\/avalems.ch\/wp-content\/uploads\/2023\/04\/isabelle-1-1-90x113.png 90w, https:\/\/avalems.ch\/wp-content\/uploads\/2023\/04\/isabelle-1-1-65x81.png 65w, https:\/\/avalems.ch\/wp-content\/uploads\/2023\/04\/isabelle-1-1-48x60.png 48w, https:\/\/avalems.ch\/wp-content\/uploads\/2023\/04\/isabelle-1-1-40x50.png 40w, https:\/\/avalems.ch\/wp-content\/uploads\/2023\/04\/isabelle-1-1-24x30.png 24w, https:\/\/avalems.ch\/wp-content\/uploads\/2023\/04\/isabelle-1-1-20x25.png 20w, https:\/\/avalems.ch\/wp-content\/uploads\/2023\/04\/isabelle-1-1-19x24.png 19w, https:\/\/avalems.ch\/wp-content\/uploads\/2023\/04\/isabelle-1-1-29x36.png 29w, https:\/\/avalems.ch\/wp-content\/uploads\/2023\/04\/isabelle-1-1-38x48.png 38w\" sizes=\"auto, (max-width: 612px) 100vw, 612px\" \/><\/figure>\n<\/div>\n\n\n<p class=\"has-text-align-center no-margin-bottom\">Isabelle Salamin-Devantery<\/p>\n\n\n\n<p class=\"has-text-align-center has-small-font-size\">Koordinatorin f\u00fcr Weiterbildung (bis zum 31. M\u00e4rz 2023)<\/p>\n<\/div>\n\n\n\n<div class=\"wp-block-column move longdelay is-layout-flow wp-block-column-is-layout-flow\"><div class=\"wp-block-image size-full\">\n<figure class=\"aligncenter is-resized\"><img loading=\"lazy\" decoding=\"async\" width=\"1920\" height=\"2560\" src=\"https:\/\/www.avalems.ch\/wp-content\/uploads\/2023\/05\/Y2-scaled.jpg\" alt=\"\" class=\"wp-image-19249\" style=\"width:143px;height:190px\" srcset=\"https:\/\/avalems.ch\/wp-content\/uploads\/2023\/05\/Y2-scaled.jpg 1920w, https:\/\/avalems.ch\/wp-content\/uploads\/2023\/05\/Y2-225x300.jpg 225w, https:\/\/avalems.ch\/wp-content\/uploads\/2023\/05\/Y2-768x1024.jpg 768w, https:\/\/avalems.ch\/wp-content\/uploads\/2023\/05\/Y2-1152x1536.jpg 1152w, https:\/\/avalems.ch\/wp-content\/uploads\/2023\/05\/Y2-1536x2048.jpg 1536w, https:\/\/avalems.ch\/wp-content\/uploads\/2023\/05\/Y2-1110x1480.jpg 1110w, https:\/\/avalems.ch\/wp-content\/uploads\/2023\/05\/Y2-1080x1440.jpg 1080w, https:\/\/avalems.ch\/wp-content\/uploads\/2023\/05\/Y2-930x1240.jpg 930w, https:\/\/avalems.ch\/wp-content\/uploads\/2023\/05\/Y2-828x1104.jpg 828w, https:\/\/avalems.ch\/wp-content\/uploads\/2023\/05\/Y2-540x720.jpg 540w, https:\/\/avalems.ch\/wp-content\/uploads\/2023\/05\/Y2-465x620.jpg 465w, https:\/\/avalems.ch\/wp-content\/uploads\/2023\/05\/Y2-414x552.jpg 414w, https:\/\/avalems.ch\/wp-content\/uploads\/2023\/05\/Y2-254x339.jpg 254w, https:\/\/avalems.ch\/wp-content\/uploads\/2023\/05\/Y2-180x240.jpg 180w, https:\/\/avalems.ch\/wp-content\/uploads\/2023\/05\/Y2-127x169.jpg 127w, https:\/\/avalems.ch\/wp-content\/uploads\/2023\/05\/Y2-90x120.jpg 90w, https:\/\/avalems.ch\/wp-content\/uploads\/2023\/05\/Y2-65x87.jpg 65w, https:\/\/avalems.ch\/wp-content\/uploads\/2023\/05\/Y2-48x64.jpg 48w, https:\/\/avalems.ch\/wp-content\/uploads\/2023\/05\/Y2-40x53.jpg 40w, https:\/\/avalems.ch\/wp-content\/uploads\/2023\/05\/Y2-24x32.jpg 24w, https:\/\/avalems.ch\/wp-content\/uploads\/2023\/05\/Y2-20x27.jpg 20w, https:\/\/avalems.ch\/wp-content\/uploads\/2023\/05\/Y2-18x24.jpg 18w, https:\/\/avalems.ch\/wp-content\/uploads\/2023\/05\/Y2-27x36.jpg 27w, https:\/\/avalems.ch\/wp-content\/uploads\/2023\/05\/Y2-36x48.jpg 36w\" sizes=\"auto, (max-width: 1920px) 100vw, 1920px\" \/><\/figure>\n<\/div>\n\n\n<p class=\"has-text-align-center no-margin-bottom\">Yvonne Dufour<\/p>\n\n\n\n<p class=\"has-text-align-center has-small-font-size\">Kommunikationsbeauftragte (bis zum 30. September 2023)<\/p>\n<\/div>\n<\/div>\n\n\n\n<div style=\"height:52px\" aria-hidden=\"true\" class=\"wp-block-spacer\"><\/div>\n\n\n\n<div class=\"wp-block-group has-white-color has-text-color has-background\" style=\"background-color:#019fb0\"><div class=\"wp-block-group__inner-container is-layout-constrained wp-block-group-is-layout-constrained\">\n<div style=\"height:10px\" aria-hidden=\"true\" class=\"wp-block-spacer\"><\/div>\n\n\n\n<div class=\"wp-block-group appear bottom has-white-color has-text-color\"><div class=\"wp-block-group__inner-container is-layout-flow wp-block-group-is-layout-flow\">\n<h3 class=\"wp-block-heading move has-white-color has-text-color\">Fokus: Bilanz der Aktionen 2023<\/h3>\n<\/div><\/div>\n\n\n\n<div class=\"wp-block-group appear bottom\"><div class=\"wp-block-group__inner-container is-layout-constrained wp-block-group-is-layout-constrained\">\n<p class=\"move\">Dieses Dokument, das nur von Mitgliedern eingesehen werden kann, enth\u00e4lt eine Bilanz der im Jahr 2023 durchgef\u00fchrten vorrangigen Massnahmen im Hinblick auf die strategischen Achsen.<\/p>\n<\/div><\/div>\n\n\n\n<div class=\"wp-block-group appear bottom\"><div class=\"wp-block-group__inner-container is-layout-constrained wp-block-group-is-layout-constrained\">\n<p class=\"link-icon white has-white-color has-text-color has-medium-font-size\"><img loading=\"lazy\" decoding=\"async\" width=\"52\" height=\"35\" class=\"wp-image-18874\" style=\"width: 52px;\" src=\"https:\/\/www.avalems.ch\/wp-content\/uploads\/2023\/04\/arrowwhite.png\" alt=\"\" srcset=\"https:\/\/avalems.ch\/wp-content\/uploads\/2023\/04\/arrowwhite.png 104w, https:\/\/avalems.ch\/wp-content\/uploads\/2023\/04\/arrowwhite-90x61.png 90w, https:\/\/avalems.ch\/wp-content\/uploads\/2023\/04\/arrowwhite-65x44.png 65w, https:\/\/avalems.ch\/wp-content\/uploads\/2023\/04\/arrowwhite-48x32.png 48w, https:\/\/avalems.ch\/wp-content\/uploads\/2023\/04\/arrowwhite-40x27.png 40w, https:\/\/avalems.ch\/wp-content\/uploads\/2023\/04\/arrowwhite-24x16.png 24w, https:\/\/avalems.ch\/wp-content\/uploads\/2023\/04\/arrowwhite-20x13.png 20w, https:\/\/avalems.ch\/wp-content\/uploads\/2023\/04\/arrowwhite-36x24.png 36w\" sizes=\"auto, (max-width: 52px) 100vw, 52px\" \/><a href=\"https:\/\/www.avalems.ch\/bilan-priorites-2023\/\" target=\"_blank\" rel=\"noreferrer noopener\">Hier der Link zum Dokument<\/a><\/p>\n<\/div><\/div>\n\n\n\n<div style=\"height:10px\" aria-hidden=\"true\" class=\"wp-block-spacer\"><\/div>\n<\/div><\/div>\n\n\n\n<div style=\"height:70px\" aria-hidden=\"true\" class=\"wp-block-spacer\"><\/div>\n\n\n\n<div style=\"height:10px\" aria-hidden=\"true\" id=\"politique\" class=\"wp-block-spacer\"><\/div>\n\n\n\n<div class=\"wp-block-group appear left\"><div class=\"wp-block-group__inner-container is-layout-flow wp-block-group-is-layout-flow\">\n<h2 class=\"wp-block-heading move has-background\" style=\"background-color:#81b0a5\"><img loading=\"lazy\" decoding=\"async\" width=\"60\" height=\"66\" class=\"wp-image-18837\" style=\"width: 60px;\" src=\"https:\/\/www.avalems.ch\/wp-content\/uploads\/2023\/04\/politique-icon.png\" alt=\"\" srcset=\"https:\/\/avalems.ch\/wp-content\/uploads\/2023\/04\/politique-icon.png 60w, https:\/\/avalems.ch\/wp-content\/uploads\/2023\/04\/politique-icon-48x53.png 48w, https:\/\/avalems.ch\/wp-content\/uploads\/2023\/04\/politique-icon-40x44.png 40w, https:\/\/avalems.ch\/wp-content\/uploads\/2023\/04\/politique-icon-24x26.png 24w, https:\/\/avalems.ch\/wp-content\/uploads\/2023\/04\/politique-icon-20x22.png 20w, https:\/\/avalems.ch\/wp-content\/uploads\/2023\/04\/politique-icon-22x24.png 22w, https:\/\/avalems.ch\/wp-content\/uploads\/2023\/04\/politique-icon-33x36.png 33w, https:\/\/avalems.ch\/wp-content\/uploads\/2023\/04\/politique-icon-44x48.png 44w\" sizes=\"auto, (max-width: 60px) 100vw, 60px\" \/>  Politik &amp; Kommunikation<\/h2>\n<\/div><\/div>\n\n\n\n<div class=\"wp-block-group appear bottom\"><div class=\"wp-block-group__inner-container is-layout-flow wp-block-group-is-layout-flow\">\n<h3 class=\"wp-block-heading move has-text-color\" style=\"color:#81b0a5\">Stellungnahmen von AVALEMS<\/h3>\n\n\n\n<p class=\"move \">Neben der F\u00fchrung der \u00f6ffentlichen Angelegenheiten und dem regelm\u00e4ssigen Kontakt mit den Grossr\u00e4ten und Nationalr\u00e4ten hat die AVALEMS im Jahr 2023 im Rahmen von drei kantonalen und einer eidgen\u00f6ssischen Vernehmlassung Stellung bezogen.<\/p>\n<\/div><\/div>\n\n\n\n<div class=\"wp-block-group appear bottom\"><div class=\"wp-block-group__inner-container is-layout-flow wp-block-group-is-layout-flow\">\n<h3 class=\"wp-block-heading move has-text-color\" style=\"color:#81b0a5\">Kantonale Objekte<\/h3>\n<\/div><\/div>\n\n\n\n<div class=\"wp-block-columns appear bottom is-layout-flex wp-container-core-columns-is-layout-9d6595d7 wp-block-columns-is-layout-flex\">\n<div class=\"wp-block-column move is-layout-flow wp-block-column-is-layout-flow\">\n<div class=\"wp-block-group with-link has-background\" style=\"background-color:#81b0a5\"><div class=\"wp-block-group__inner-container is-layout-constrained wp-block-group-is-layout-constrained\">\n<a href=\"https:\/\/www.avalems.ch\/de\/vorentwurf-erlaeuternder-bericht-zahnpflege\/\" target=\"_blank\" rel=\"noopener\">\n<\/a>\n\n\n\n<p class=\"has-white-color has-text-color\">Vorentwurf erl\u00e4uternder Bericht Zahnpflege<\/p>\n\n\n\n<figure class=\"wp-block-image size-full is-resized\"><img loading=\"lazy\" decoding=\"async\" width=\"104\" height=\"70\" src=\"https:\/\/www.avalems.ch\/wp-content\/uploads\/2023\/04\/arrowwhite.png\" alt=\"\" class=\"wp-image-18874\" style=\"width:52px;height:35px\" srcset=\"https:\/\/avalems.ch\/wp-content\/uploads\/2023\/04\/arrowwhite.png 104w, https:\/\/avalems.ch\/wp-content\/uploads\/2023\/04\/arrowwhite-90x61.png 90w, https:\/\/avalems.ch\/wp-content\/uploads\/2023\/04\/arrowwhite-65x44.png 65w, https:\/\/avalems.ch\/wp-content\/uploads\/2023\/04\/arrowwhite-48x32.png 48w, https:\/\/avalems.ch\/wp-content\/uploads\/2023\/04\/arrowwhite-40x27.png 40w, https:\/\/avalems.ch\/wp-content\/uploads\/2023\/04\/arrowwhite-24x16.png 24w, https:\/\/avalems.ch\/wp-content\/uploads\/2023\/04\/arrowwhite-20x13.png 20w, https:\/\/avalems.ch\/wp-content\/uploads\/2023\/04\/arrowwhite-36x24.png 36w\" sizes=\"auto, (max-width: 104px) 100vw, 104px\" \/><\/figure>\n\n\n<\/div><\/div>\n<\/div>\n\n\n\n<div class=\"wp-block-column move delay is-layout-flow wp-block-column-is-layout-flow\">\n<div class=\"wp-block-group with-link has-background\" style=\"background-color:#81b0a5\"><div class=\"wp-block-group__inner-container is-layout-constrained wp-block-group-is-layout-constrained\">\n<a href=\"https:\/\/www.avalems.ch\/de\/rapport-provisoire-sur-la-planification-des-soins-de-longue-duree-2023-2025\/\" target=\"_blank\" rel=\"noopener\">\n<\/a>\n\n\n\n<p class=\"has-white-color has-text-color\">Vorl\u00e4ufiger Bericht \u00fcber die Planung der Langzeitpflege 2023-2025<\/p>\n\n\n\n<figure class=\"wp-block-image size-full is-resized\"><img loading=\"lazy\" decoding=\"async\" width=\"104\" height=\"70\" src=\"https:\/\/www.avalems.ch\/wp-content\/uploads\/2023\/04\/arrowwhite.png\" alt=\"\" class=\"wp-image-18874\" style=\"width:52px;height:35px\" srcset=\"https:\/\/avalems.ch\/wp-content\/uploads\/2023\/04\/arrowwhite.png 104w, https:\/\/avalems.ch\/wp-content\/uploads\/2023\/04\/arrowwhite-90x61.png 90w, https:\/\/avalems.ch\/wp-content\/uploads\/2023\/04\/arrowwhite-65x44.png 65w, https:\/\/avalems.ch\/wp-content\/uploads\/2023\/04\/arrowwhite-48x32.png 48w, https:\/\/avalems.ch\/wp-content\/uploads\/2023\/04\/arrowwhite-40x27.png 40w, https:\/\/avalems.ch\/wp-content\/uploads\/2023\/04\/arrowwhite-24x16.png 24w, https:\/\/avalems.ch\/wp-content\/uploads\/2023\/04\/arrowwhite-20x13.png 20w, https:\/\/avalems.ch\/wp-content\/uploads\/2023\/04\/arrowwhite-36x24.png 36w\" sizes=\"auto, (max-width: 104px) 100vw, 104px\" \/><\/figure>\n\n\n<\/div><\/div>\n<\/div>\n\n\n\n<div class=\"wp-block-column move longdelay is-layout-flow wp-block-column-is-layout-flow\">\n<div class=\"wp-block-group with-link has-background\" style=\"background-color:#81b0a5\"><div class=\"wp-block-group__inner-container is-layout-constrained wp-block-group-is-layout-constrained\">\n<a href=\"https:\/\/www.avalems.ch\/de\/vorentwurf-zur-revision-des-gesundheitsgesetzes-gesg\/\" target=\"_blank\" rel=\"noopener\">\n<\/a>\n\n\n\n<p class=\"has-white-color has-text-color\">Vorentwurf zur Revision des Gesundheitsgesetzes<\/p>\n\n\n\n<figure class=\"wp-block-image size-full is-resized\"><img loading=\"lazy\" decoding=\"async\" width=\"104\" height=\"70\" src=\"https:\/\/www.avalems.ch\/wp-content\/uploads\/2023\/04\/arrowwhite.png\" alt=\"\" class=\"wp-image-18874\" style=\"width:52px;height:35px\" srcset=\"https:\/\/avalems.ch\/wp-content\/uploads\/2023\/04\/arrowwhite.png 104w, https:\/\/avalems.ch\/wp-content\/uploads\/2023\/04\/arrowwhite-90x61.png 90w, https:\/\/avalems.ch\/wp-content\/uploads\/2023\/04\/arrowwhite-65x44.png 65w, https:\/\/avalems.ch\/wp-content\/uploads\/2023\/04\/arrowwhite-48x32.png 48w, https:\/\/avalems.ch\/wp-content\/uploads\/2023\/04\/arrowwhite-40x27.png 40w, https:\/\/avalems.ch\/wp-content\/uploads\/2023\/04\/arrowwhite-24x16.png 24w, https:\/\/avalems.ch\/wp-content\/uploads\/2023\/04\/arrowwhite-20x13.png 20w, https:\/\/avalems.ch\/wp-content\/uploads\/2023\/04\/arrowwhite-36x24.png 36w\" sizes=\"auto, (max-width: 104px) 100vw, 104px\" \/><\/figure>\n\n\n<\/div><\/div>\n<\/div>\n<\/div>\n\n\n\n<div class=\"wp-block-group appear bottom\"><div class=\"wp-block-group__inner-container is-layout-flow wp-block-group-is-layout-flow\">\n<h3 class=\"wp-block-heading move has-text-color\" style=\"color:#81b0a5\">Bundes Objekt<\/h3>\n<\/div><\/div>\n\n\n\n<div class=\"wp-block-columns appear bottom is-layout-flex wp-container-core-columns-is-layout-9d6595d7 wp-block-columns-is-layout-flex\">\n<div class=\"wp-block-column move is-layout-flow wp-block-column-is-layout-flow\">\n<div class=\"wp-block-group with-link has-white-color has-text-color has-background\" style=\"background-color:#81b0a5\"><div class=\"wp-block-group__inner-container is-layout-flow wp-block-group-is-layout-flow\">\n<a href=\"https:\/\/www.avalems.ch\/wp-content\/uploads\/2023\/10\/20231003_Revision-LPC_Position-AVALEMS.pdf\" target=\"_blank\" rel=\"noopener\">\n<\/a>\n\n\n\n<p class=\"has-white-color has-text-color\">\u00c4nderung des Gesetzes \u00fcber Erg\u00e4nzungsleistungen zur AHV und IV (ELG). Anerkennung von betreutem Wohnen f\u00fcr Empf\u00e4nger von EL zur AHV <\/p>\n\n\n\n<figure class=\"wp-block-image size-full is-resized\"><img loading=\"lazy\" decoding=\"async\" width=\"104\" height=\"70\" src=\"https:\/\/www.avalems.ch\/wp-content\/uploads\/2023\/04\/arrowwhite.png\" alt=\"\" class=\"wp-image-18874\" style=\"width:52px;height:35px\" srcset=\"https:\/\/avalems.ch\/wp-content\/uploads\/2023\/04\/arrowwhite.png 104w, https:\/\/avalems.ch\/wp-content\/uploads\/2023\/04\/arrowwhite-90x61.png 90w, https:\/\/avalems.ch\/wp-content\/uploads\/2023\/04\/arrowwhite-65x44.png 65w, https:\/\/avalems.ch\/wp-content\/uploads\/2023\/04\/arrowwhite-48x32.png 48w, https:\/\/avalems.ch\/wp-content\/uploads\/2023\/04\/arrowwhite-40x27.png 40w, https:\/\/avalems.ch\/wp-content\/uploads\/2023\/04\/arrowwhite-24x16.png 24w, https:\/\/avalems.ch\/wp-content\/uploads\/2023\/04\/arrowwhite-20x13.png 20w, https:\/\/avalems.ch\/wp-content\/uploads\/2023\/04\/arrowwhite-36x24.png 36w\" sizes=\"auto, (max-width: 104px) 100vw, 104px\" \/><\/figure>\n\n\n<\/div><\/div>\n<\/div>\n\n\n\n<div class=\"wp-block-column move delay is-layout-flow wp-block-column-is-layout-flow\"><\/div>\n<\/div>\n\n\n\n<div class=\"wp-block-group appear bottom\"><div class=\"wp-block-group__inner-container is-layout-flow wp-block-group-is-layout-flow\">\n<h3 class=\"wp-block-heading move has-text-color\" style=\"color:#81b0a5\">Mitgliederinformation<\/h3>\n\n\n\n<p class=\"move \">Die 2022 eingef\u00fchrten \u201eMitgliederinformationen\u201c sind der exklusive Kommunikationskanal f\u00fcr die Mitglieder der AVALEMS. Auf einer im Prinzip zweiw\u00f6chentlichen Basis werden in jeder Aussendung die wichtigsten Informationen in zusammengefasster Form dargestellt.<\/p>\n<\/div><\/div>\n\n\n\n<div class=\"wp-block-columns is-layout-flex wp-container-core-columns-is-layout-9d6595d7 wp-block-columns-is-layout-flex\">\n<div class=\"wp-block-column is-layout-flow wp-block-column-is-layout-flow\">\n<div class=\"wp-block-group counter-animation\"><div class=\"wp-block-group__inner-container is-layout-flow wp-block-group-is-layout-flow\">\n<p class=\"has-text-align-center counter-number has-text-color\" style=\"color:#81b0a5;font-size:70px\">24<\/p>\n\n\n\n<p class=\"has-text-align-center no-margin-top\"><strong>Informationen f\u00fcr Mitglieder, die 2023 verschickt werden<\/strong><\/p>\n<\/div><\/div>\n<\/div>\n\n\n\n<div class=\"wp-block-column is-layout-flow wp-block-column-is-layout-flow\">\n<div class=\"wp-block-group counter-animation\"><div class=\"wp-block-group__inner-container is-layout-flow wp-block-group-is-layout-flow\">\n<p class=\"has-text-align-center counter-number has-text-color\" style=\"color:#81b0a5;font-size:70px\">315<\/p>\n\n\n\n<p class=\"has-text-align-center no-margin-top\"><strong>Abonnierte Empf\u00e4nger<\/strong><\/p>\n<\/div><\/div>\n<\/div>\n\n\n\n<div class=\"wp-block-column is-layout-flow wp-block-column-is-layout-flow\"><\/div>\n<\/div>\n\n\n\n<div style=\"height:21px\" aria-hidden=\"true\" class=\"wp-block-spacer\"><\/div>\n\n\n\n<div class=\"wp-block-group appear bottom\"><div class=\"wp-block-group__inner-container is-layout-flow wp-block-group-is-layout-flow\">\n<h3 class=\"wp-block-heading move has-text-color\" style=\"color:#81b0a5\">\u00d6ffentliche Angelegenheiten<\/h3>\n\n\n\n<p class=\"move has-medium-font-size\">AVALEMS steht in regelm\u00e4ssigem Kontakt mit den kantonalen und nationalen Medien. Wenn sie nicht selbst interveniert, kann die Vereinigung Journalisten auch mit Pflegeheimen in Verbindung bringen oder Fachleuten bei der Vorbereitung ihrer Themen helfen. Wenn die Herausforderungen \u00fcber die Kantonsgrenzen hinausgehen, kann sie dank ihres Netzwerks auch Aktionen mit den Verb\u00e4nden anderer Kantone und dem nationalen Dachverband koordinieren.<\/p>\n\n\n\n<div class=\"wp-block-columns is-layout-flex wp-container-core-columns-is-layout-9d6595d7 wp-block-columns-is-layout-flex\">\n<div class=\"wp-block-column is-layout-flow wp-block-column-is-layout-flow\">\n<div class=\"wp-block-group counter-animation\"><div class=\"wp-block-group__inner-container is-layout-flow wp-block-group-is-layout-flow\">\n<p class=\"has-text-align-center counter-number has-text-color\" style=\"color:#81b0a5;font-size:70px\">7<\/p>\n\n\n\n<p class=\"has-text-align-center no-margin-top\"><strong>Radiobeitr\u00e4ge<\/strong><\/p>\n<\/div><\/div>\n<\/div>\n\n\n\n<div class=\"wp-block-column is-layout-flow wp-block-column-is-layout-flow\">\n<div class=\"wp-block-group counter-animation\"><div class=\"wp-block-group__inner-container is-layout-flow wp-block-group-is-layout-flow\">\n<p class=\"has-text-align-center counter-number has-text-color\" style=\"color:#81b0a5;font-size:70px\">13<\/p>\n\n\n\n<p class=\"has-text-align-center no-margin-top\"><strong>Erw\u00e4hnungen in den Printmedien<\/strong><\/p>\n<\/div><\/div>\n<\/div>\n\n\n\n<div class=\"wp-block-column is-layout-flow wp-block-column-is-layout-flow\">\n<div class=\"wp-block-group counter-animation\"><div class=\"wp-block-group__inner-container is-layout-flow wp-block-group-is-layout-flow\">\n<p class=\"has-text-align-center has-text-color\" style=\"color:#81b0a5;font-size:70px\"><span class=\"counter-number\">1<\/span><\/p>\n\n\n\n<p class=\"has-text-align-center no-margin-top\"><strong>Fernsehinterview<\/strong><\/p>\n<\/div><\/div>\n<\/div>\n<\/div>\n\n\n\n<div style=\"height:21px\" aria-hidden=\"true\" class=\"wp-block-spacer\"><\/div>\n\n\n\n<div class=\"wp-block-group appear bottom\"><div class=\"wp-block-group__inner-container is-layout-constrained wp-block-group-is-layout-constrained\">\n<p class=\"link-icon has-medium-font-size\"><img loading=\"lazy\" decoding=\"async\" width=\"52\" height=\"35\" class=\"wp-image-23898\" style=\"width: 52px;\" src=\"https:\/\/www.avalems.ch\/wp-content\/uploads\/2024\/02\/arrow-link-6-1c.png\" alt=\"\" srcset=\"https:\/\/avalems.ch\/wp-content\/uploads\/2024\/02\/arrow-link-6-1c.png 104w, https:\/\/avalems.ch\/wp-content\/uploads\/2024\/02\/arrow-link-6-1c-90x61.png 90w, https:\/\/avalems.ch\/wp-content\/uploads\/2024\/02\/arrow-link-6-1c-65x44.png 65w, https:\/\/avalems.ch\/wp-content\/uploads\/2024\/02\/arrow-link-6-1c-48x32.png 48w, https:\/\/avalems.ch\/wp-content\/uploads\/2024\/02\/arrow-link-6-1c-40x27.png 40w, https:\/\/avalems.ch\/wp-content\/uploads\/2024\/02\/arrow-link-6-1c-24x16.png 24w, https:\/\/avalems.ch\/wp-content\/uploads\/2024\/02\/arrow-link-6-1c-20x13.png 20w, https:\/\/avalems.ch\/wp-content\/uploads\/2024\/02\/arrow-link-6-1c-36x24.png 36w\" sizes=\"auto, (max-width: 52px) 100vw, 52px\" \/><a href=\"https:\/\/www.avalems.ch\/de\/category\/aktuelles\/revue-de-presse-de\/\" target=\"_blank\" rel=\"noreferrer noopener\">Siehe Presseschau<\/a><\/p>\n<\/div><\/div>\n\n\n\n<div style=\"height:21px\" aria-hidden=\"true\" class=\"wp-block-spacer\"><\/div>\n\n\n\n<h3 class=\"wp-block-heading has-text-color\" style=\"color:#81b0a5\">Videokonferenzen<\/h3>\n\n\n\n<p>Videokonferenzen sind ein kurzes Format (weniger als eine Stunde), um ein bestimmtes Thema effektiv zu pr\u00e4sentieren und den Teilnehmern die M\u00f6glichkeit zu er\u00f6ffnen, sich mit Experten auszutauschen. Im Laufe des Jahres 2023 wurden so elf Sitzungen organisiert:<\/p>\n\n\n\n<div class=\"wp-block-columns appear bottom no-margin-top is-layout-flex wp-container-core-columns-is-layout-9d6595d7 wp-block-columns-is-layout-flex\">\n<div class=\"wp-block-column move is-layout-flow wp-block-column-is-layout-flow\">\n<p class=\"has-white-color has-text-color has-background\" style=\"background-color:#81b0a5\">Planung 23-25 der Langzeitpflege<\/p>\n<\/div>\n\n\n\n<div class=\"wp-block-column move delay is-layout-flow wp-block-column-is-layout-flow\">\n<p class=\"has-white-color has-text-color has-background\" style=\"background-color:#81b0a5\">Gesetz \u00fcber nicht-universit\u00e4re Ausbildungen im Gesundheitsbereich<\/p>\n<\/div>\n\n\n\n<div class=\"wp-block-column move longdelay is-layout-flow wp-block-column-is-layout-flow\">\n<p class=\"has-white-color has-text-color has-background\" style=\"background-color:#81b0a5\">Die Herausforderung, \u00e4ltere Menschen in Institutionen zu begleiten<\/p>\n<\/div>\n<\/div>\n\n\n\n<div class=\"wp-block-columns appear bottom no-margin-top is-layout-flex wp-container-core-columns-is-layout-9d6595d7 wp-block-columns-is-layout-flex\">\n<div class=\"wp-block-column move is-layout-flow wp-block-column-is-layout-flow\">\n<p class=\"has-white-color has-text-color has-background\" style=\"background-color:#81b0a5\">Nationales Programm INTERCARE<\/p>\n<\/div>\n\n\n\n<div class=\"wp-block-column move delay is-layout-flow wp-block-column-is-layout-flow\">\n<p class=\"has-white-color has-text-color has-background\" style=\"background-color:#81b0a5\">Datenschutz: Pflicht der Pflegeheime<\/p>\n<\/div>\n\n\n\n<div class=\"wp-block-column move longdelay is-layout-flow wp-block-column-is-layout-flow\">\n<p class=\"has-white-color has-text-color has-background\" style=\"background-color:#81b0a5\">COVID-19: Bericht der f\u00f6deralen Experten-Taskforce<\/p>\n<\/div>\n<\/div>\n\n\n\n<div class=\"wp-block-columns appear bottom no-margin-top is-layout-flex wp-container-core-columns-is-layout-9d6595d7 wp-block-columns-is-layout-flex\">\n<div class=\"wp-block-column move is-layout-flow wp-block-column-is-layout-flow\">\n<p class=\"has-white-color has-text-color has-background\" style=\"background-color:#81b0a5\">Briefwahl: Best Practices f\u00fcr Pflegeheime<\/p>\n<\/div>\n\n\n\n<div class=\"wp-block-column move delay is-layout-flow wp-block-column-is-layout-flow\">\n<p class=\"has-white-color has-text-color has-background\" style=\"background-color:#81b0a5\">AHV 21: Auswirkungen f\u00fcr Arbeitgeber<\/p>\n<\/div>\n\n\n\n<div class=\"wp-block-column move longdelay is-layout-flow wp-block-column-is-layout-flow\">\n<p class=\"has-white-color has-text-color has-background\" style=\"background-color:#81b0a5\">Gesundheit und Umwelt: Auf dem Weg zu einem neuen ganzheitlichen Ansatz<\/p>\n<\/div>\n<\/div>\n\n\n\n<div class=\"wp-block-columns appear bottom no-margin-top is-layout-flex wp-container-core-columns-is-layout-9d6595d7 wp-block-columns-is-layout-flex\">\n<div class=\"wp-block-column move is-layout-flow wp-block-column-is-layout-flow\">\n<p class=\"has-white-color has-text-color has-background\" style=\"background-color:#81b0a5\">PEIK-Audit zum Energiesparen<\/p>\n<\/div>\n\n\n\n<div class=\"wp-block-column move delay is-layout-flow wp-block-column-is-layout-flow\">\n<p class=\"has-white-color has-text-color has-background\" style=\"background-color:#81b0a5\"><a href=\"Energieknappheit: Video-Diskussion mit dem DGW\">Energieknappheit: Video-Diskussion mit dem DGW<\/a><\/p>\n<\/div>\n\n\n\n<div class=\"wp-block-column move longdelay is-layout-flow wp-block-column-is-layout-flow\"><\/div>\n<\/div>\n\n\n\n<div style=\"height:50px\" aria-hidden=\"true\" class=\"wp-block-spacer\"><\/div>\n\n\n\n<div class=\"wp-block-group has-white-color has-text-color has-background\" style=\"background-color:#81b0a5\"><div class=\"wp-block-group__inner-container is-layout-constrained wp-block-group-is-layout-constrained\">\n<div class=\"wp-block-group appear bottom\"><div class=\"wp-block-group__inner-container is-layout-flow wp-block-group-is-layout-flow\">\n<h3 class=\"wp-block-heading move has-white-color has-text-color\">Focus: Planung der Langzeitpflege<\/h3>\n\n\n\n<p class=\"move \">Die wegen der COVID-19-Pandemie verz\u00f6gerte Planung der Langzeitpflege ging schliesslich erst Ende 2022 in die Vernehmlassung, mit einem unver\u00e4nderten Planungsende: 2025. Wie die Autoren stellt auch die AVALEMS fest, dass dieser kurze Zeitraum es nicht erlaubt, L\u00f6sungen f\u00fcr die sich abzeichnenden strukturellen Herausforderungen ins Auge zu fassen: eine Verdoppelung der hochbetagten Bev\u00f6lkerung bis 2030 und die Unm\u00f6glichkeit, die derzeitigen Ressourcen im gleichen Umfang zu vervielfachen.<\/p>\n\n\n\n<p>Der Verband leistete daraufhin Grundlagenarbeit, indem er zun\u00e4chst die Medien aufforderte, sich f\u00fcr das Potenzial der Pflegeheime \u00fcber ihren derzeitigen Handlungsrahmen hinaus zu interessieren.<\/p>\n\n\n\n<div style=\"height:40px\" aria-hidden=\"true\" class=\"wp-block-spacer\"><\/div>\n\n\n\n<div class=\"wp-block-columns is-layout-flex wp-container-core-columns-is-layout-9d6595d7 wp-block-columns-is-layout-flex\">\n<div class=\"wp-block-column is-layout-flow wp-block-column-is-layout-flow\"><div class=\"wp-block-image img-hover\">\n<figure class=\"aligncenter size-full is-resized\"><a href=\"https:\/\/www.lenouvelliste.ch\/valais\/quel-avenir-pour-les-homes-valaisans-on-ne-pourra-plus-venir-en-ems-si-on-na-pas-epuise-les-autres-solutions-1252406\" target=\"_blank\" rel=\"noreferrer noopener\"><img loading=\"lazy\" decoding=\"async\" width=\"900\" height=\"913\" src=\"https:\/\/www.avalems.ch\/wp-content\/uploads\/2024\/02\/nouvelliste2.jpg\" alt=\"\" class=\"wp-image-23942\" style=\"width:350px\" srcset=\"https:\/\/avalems.ch\/wp-content\/uploads\/2024\/02\/nouvelliste2.jpg 900w, https:\/\/avalems.ch\/wp-content\/uploads\/2024\/02\/nouvelliste2-296x300.jpg 296w, https:\/\/avalems.ch\/wp-content\/uploads\/2024\/02\/nouvelliste2-768x779.jpg 768w, https:\/\/avalems.ch\/wp-content\/uploads\/2024\/02\/nouvelliste2-828x840.jpg 828w, https:\/\/avalems.ch\/wp-content\/uploads\/2024\/02\/nouvelliste2-540x548.jpg 540w, https:\/\/avalems.ch\/wp-content\/uploads\/2024\/02\/nouvelliste2-465x472.jpg 465w, https:\/\/avalems.ch\/wp-content\/uploads\/2024\/02\/nouvelliste2-414x420.jpg 414w, https:\/\/avalems.ch\/wp-content\/uploads\/2024\/02\/nouvelliste2-254x258.jpg 254w, https:\/\/avalems.ch\/wp-content\/uploads\/2024\/02\/nouvelliste2-180x183.jpg 180w, https:\/\/avalems.ch\/wp-content\/uploads\/2024\/02\/nouvelliste2-127x129.jpg 127w, https:\/\/avalems.ch\/wp-content\/uploads\/2024\/02\/nouvelliste2-90x91.jpg 90w, https:\/\/avalems.ch\/wp-content\/uploads\/2024\/02\/nouvelliste2-65x66.jpg 65w, https:\/\/avalems.ch\/wp-content\/uploads\/2024\/02\/nouvelliste2-48x48.jpg 48w, https:\/\/avalems.ch\/wp-content\/uploads\/2024\/02\/nouvelliste2-40x41.jpg 40w, https:\/\/avalems.ch\/wp-content\/uploads\/2024\/02\/nouvelliste2-24x24.jpg 24w, https:\/\/avalems.ch\/wp-content\/uploads\/2024\/02\/nouvelliste2-20x20.jpg 20w, https:\/\/avalems.ch\/wp-content\/uploads\/2024\/02\/nouvelliste2-36x36.jpg 36w\" sizes=\"auto, (max-width: 900px) 100vw, 900px\" \/><\/a><\/figure>\n<\/div><\/div>\n\n\n\n<div class=\"wp-block-column is-layout-flow wp-block-column-is-layout-flow\"><div class=\"wp-block-image img-hover\">\n<figure class=\"aligncenter size-full is-resized\"><a href=\"https:\/\/pomona.ch\/fr\/story\/155893\/je-ne-vois-pas-pourquoi-les-salaires-ne-seraient-augments-que-dans-les-hpitaux\" target=\"_blank\" rel=\"noreferrer noopener\"><img loading=\"lazy\" decoding=\"async\" width=\"900\" height=\"913\" src=\"https:\/\/www.avalems.ch\/wp-content\/uploads\/2024\/02\/pomona2.jpg\" alt=\"\" class=\"wp-image-23940\" style=\"width:350px\" srcset=\"https:\/\/avalems.ch\/wp-content\/uploads\/2024\/02\/pomona2.jpg 900w, https:\/\/avalems.ch\/wp-content\/uploads\/2024\/02\/pomona2-296x300.jpg 296w, https:\/\/avalems.ch\/wp-content\/uploads\/2024\/02\/pomona2-768x779.jpg 768w, https:\/\/avalems.ch\/wp-content\/uploads\/2024\/02\/pomona2-828x840.jpg 828w, https:\/\/avalems.ch\/wp-content\/uploads\/2024\/02\/pomona2-540x548.jpg 540w, https:\/\/avalems.ch\/wp-content\/uploads\/2024\/02\/pomona2-465x472.jpg 465w, https:\/\/avalems.ch\/wp-content\/uploads\/2024\/02\/pomona2-414x420.jpg 414w, https:\/\/avalems.ch\/wp-content\/uploads\/2024\/02\/pomona2-254x258.jpg 254w, https:\/\/avalems.ch\/wp-content\/uploads\/2024\/02\/pomona2-180x183.jpg 180w, https:\/\/avalems.ch\/wp-content\/uploads\/2024\/02\/pomona2-127x129.jpg 127w, https:\/\/avalems.ch\/wp-content\/uploads\/2024\/02\/pomona2-90x91.jpg 90w, https:\/\/avalems.ch\/wp-content\/uploads\/2024\/02\/pomona2-65x66.jpg 65w, https:\/\/avalems.ch\/wp-content\/uploads\/2024\/02\/pomona2-48x48.jpg 48w, https:\/\/avalems.ch\/wp-content\/uploads\/2024\/02\/pomona2-40x41.jpg 40w, https:\/\/avalems.ch\/wp-content\/uploads\/2024\/02\/pomona2-24x24.jpg 24w, https:\/\/avalems.ch\/wp-content\/uploads\/2024\/02\/pomona2-20x20.jpg 20w, https:\/\/avalems.ch\/wp-content\/uploads\/2024\/02\/pomona2-36x36.jpg 36w\" sizes=\"auto, (max-width: 900px) 100vw, 900px\" \/><\/a><\/figure>\n<\/div><\/div>\n<\/div>\n\n\n\n<div style=\"height:40px\" aria-hidden=\"true\" class=\"wp-block-spacer\"><\/div>\n<\/div><\/div>\n\n\n\n<p>Anschliessend wurde die offizielle Antwort auf die Konsultation mit genauen Erl\u00e4uterungen zu jeder gestellten Frage \u00fcbermittelt.<\/p>\n\n\n\n<div class=\"wp-block-group appear bottom\"><div class=\"wp-block-group__inner-container is-layout-constrained wp-block-group-is-layout-constrained\">\n<p class=\"link-icon white has-medium-font-size\"><img loading=\"lazy\" decoding=\"async\" width=\"52\" height=\"35\" class=\"wp-image-18874\" style=\"width: 52px;\" src=\"https:\/\/www.avalems.ch\/wp-content\/uploads\/2023\/04\/arrowwhite.png\" alt=\"\" srcset=\"https:\/\/avalems.ch\/wp-content\/uploads\/2023\/04\/arrowwhite.png 104w, https:\/\/avalems.ch\/wp-content\/uploads\/2023\/04\/arrowwhite-90x61.png 90w, https:\/\/avalems.ch\/wp-content\/uploads\/2023\/04\/arrowwhite-65x44.png 65w, https:\/\/avalems.ch\/wp-content\/uploads\/2023\/04\/arrowwhite-48x32.png 48w, https:\/\/avalems.ch\/wp-content\/uploads\/2023\/04\/arrowwhite-40x27.png 40w, https:\/\/avalems.ch\/wp-content\/uploads\/2023\/04\/arrowwhite-24x16.png 24w, https:\/\/avalems.ch\/wp-content\/uploads\/2023\/04\/arrowwhite-20x13.png 20w, https:\/\/avalems.ch\/wp-content\/uploads\/2023\/04\/arrowwhite-36x24.png 36w\" sizes=\"auto, (max-width: 52px) 100vw, 52px\" \/><a href=\"https:\/\/www.avalems.ch\/de\/rapport-provisoire-sur-la-planification-des-soins-de-longue-duree-2023-2025\/\" target=\"_blank\" rel=\"noreferrer noopener\">Lesen Sie die Antwort auf die Konsultation<\/a><\/p>\n<\/div><\/div>\n\n\n\n<p>Parallel dazu setzte sich der Verein mit allen Verb\u00e4nden und Partnern des Netzwerks in Verbindung. Ziel: Schaffung von Synergien rund um ein ehrgeiziges gemeinsames Projekt, um die demografischen Herausforderungen des Kantons in den n\u00e4chsten Jahren zu begleiten. Ein Projekt, das 2024 unter der Leitung des Walliser Rentnerverbands entstehen wird und \u00fcber das der Newsletter des Vereins in ihrer Septemberausgabe berichtet hat.<\/p>\n\n\n\n<div class=\"wp-block-group appear bottom\"><div class=\"wp-block-group__inner-container is-layout-constrained wp-block-group-is-layout-constrained\">\n<p class=\"link-icon white has-medium-font-size\"><img loading=\"lazy\" decoding=\"async\" width=\"52\" height=\"35\" class=\"wp-image-18874\" style=\"width: 52px;\" src=\"https:\/\/www.avalems.ch\/wp-content\/uploads\/2023\/04\/arrowwhite.png\" alt=\"\" srcset=\"https:\/\/avalems.ch\/wp-content\/uploads\/2023\/04\/arrowwhite.png 104w, https:\/\/avalems.ch\/wp-content\/uploads\/2023\/04\/arrowwhite-90x61.png 90w, https:\/\/avalems.ch\/wp-content\/uploads\/2023\/04\/arrowwhite-65x44.png 65w, https:\/\/avalems.ch\/wp-content\/uploads\/2023\/04\/arrowwhite-48x32.png 48w, https:\/\/avalems.ch\/wp-content\/uploads\/2023\/04\/arrowwhite-40x27.png 40w, https:\/\/avalems.ch\/wp-content\/uploads\/2023\/04\/arrowwhite-24x16.png 24w, https:\/\/avalems.ch\/wp-content\/uploads\/2023\/04\/arrowwhite-20x13.png 20w, https:\/\/avalems.ch\/wp-content\/uploads\/2023\/04\/arrowwhite-36x24.png 36w\" sizes=\"auto, (max-width: 52px) 100vw, 52px\" \/><a href=\"https:\/\/www.fvr-wvr.ch\/pdf\/tdu-2023-09-85.pdf\" target=\"_blank\" rel=\"noreferrer noopener\">Lesen Sie den Artikel in der Zeitung &#8222;Trait d&#8217;union&#8220;.<\/a><\/p>\n<\/div><\/div>\n\n\n\n<p>Eine langfristige \u00d6ffentlichkeitsarbeit, die darauf abzielt, den von den Mitgliedern in der Strategie 2024-2028 der AVALEMS ausgedr\u00fcckten Willen zu konkretisieren: \u201eDie Pflegeheime tragen eine Verantwortung, die \u00fcber die Mauern der Institutionen hinausgeht. (\u2026) Diese regionale Verantwortung wird anerkannt und die Einrichtungen, die dies w\u00fcnschen, haben die M\u00f6glichkeit, in diesem Rahmen unternehmerisch t\u00e4tig zu werden.\u201c<\/p>\n<\/div><\/div>\n<\/div><\/div>\n\n\n\n<div style=\"height:50px\" aria-hidden=\"true\" class=\"wp-block-spacer\"><\/div>\n\n\n\n<div style=\"height:10px\" aria-hidden=\"true\" id=\"finances\" class=\"wp-block-spacer\"><\/div>\n\n\n\n<div class=\"wp-block-group appear left\"><div class=\"wp-block-group__inner-container is-layout-flow wp-block-group-is-layout-flow\">\n<h2 class=\"wp-block-heading move has-background\" style=\"background-color:#a8a182\"><img loading=\"lazy\" decoding=\"async\" width=\"74\" height=\"74\" class=\"wp-image-18817\" style=\"width: 74px;\" src=\"https:\/\/www.avalems.ch\/wp-content\/uploads\/2023\/04\/finances-icon.png\" alt=\"\" srcset=\"https:\/\/avalems.ch\/wp-content\/uploads\/2023\/04\/finances-icon.png 74w, https:\/\/avalems.ch\/wp-content\/uploads\/2023\/04\/finances-icon-65x65.png 65w, https:\/\/avalems.ch\/wp-content\/uploads\/2023\/04\/finances-icon-48x48.png 48w, https:\/\/avalems.ch\/wp-content\/uploads\/2023\/04\/finances-icon-40x40.png 40w, https:\/\/avalems.ch\/wp-content\/uploads\/2023\/04\/finances-icon-24x24.png 24w, https:\/\/avalems.ch\/wp-content\/uploads\/2023\/04\/finances-icon-20x20.png 20w, https:\/\/avalems.ch\/wp-content\/uploads\/2023\/04\/finances-icon-36x36.png 36w\" sizes=\"auto, (max-width: 74px) 100vw, 74px\" \/>  Finanzen<\/h2>\n<\/div><\/div>\n\n\n\n<div class=\"wp-block-group appear bottom\"><div class=\"wp-block-group__inner-container is-layout-flow wp-block-group-is-layout-flow\">\n<h3 class=\"wp-block-heading move has-text-color\" style=\"color:#a8a182\">AG &#8222;Finanzierung von Pflegeheimen<\/h3>\n\n\n\n<p class=\"move\">Das Departement f\u00fcr Gesundheit, Soziales und Kultur (DGSK) hat dem Antrag der AVALEMS zugestimmt, eine Arbeitsgruppe zu gr\u00fcnden, die die Finanzierung der Pflegeheime analysieren und Verbesserungsvorschl\u00e4ge machen soll.<\/p>\n\n\n\n<p>Unter der Leitung der Sektion Langzeitpflege der Dienststelle f\u00fcr Gesundheitswesen versammelt die Arbeitsgruppe alle Mitglieder des Komitees. Fast zehn Stunden Sitzungen wurden so im Jahr 2023 organisiert, um alle Elemente zu analysieren : von den Investitionen \u00fcber die Berechnung der Pensionskosten bis hin zur Restfinanzierung des Nicht-KVG-Pflegeanteils.<\/p>\n\n\n\n<p class=\"move\">Der Bericht sollte dem Leiter des DGSK im Laufe des Monats M\u00e4rz 2024 vorgelegt werden.<\/p>\n<\/div><\/div>\n\n\n\n<div style=\"height:32px\" aria-hidden=\"true\" class=\"wp-block-spacer\"><\/div>\n\n\n\n<h3 class=\"wp-block-heading move has-text-color\" style=\"color:#a8a182\">Anpassung der L\u00f6hne an die Teuerung<\/h3>\n\n\n\n<p class=\"move\">In Opposition zur ersten Entscheidung des Staatsrats, die anerkannte Lohnanpassung wegen der Teuerung &nbsp;auf 2 % zu begrenzen, setzte sich AVALEMS im Januar mit einer Lohnanpassung durch, die schliesslich auf +2,8 % festgelegt wurde.<\/p>\n\n\n\n<p>Das f\u00fcr die Mitglieder positive Ergebnis hatte die Vereinigung jedoch in Opposition zum Staatsrat gebracht, was die folgenden Verhandlungen im Rahmen der Finanzierung des GAV f\u00fcr die Langzeitpflege erschwert.<\/p>\n\n\n\n<p class=\"move\">Das Thema konnte jedoch in zwei besonderen Sitzungen zwischen dem Vorstand und Mathias Reynard wieder aufgenommen werden. Die Gelegenheit, den Dialog wieder aufzunehmen und die k\u00fcnftigen Herausforderungen konstruktiv anzugehen, insbesondere um sicherzustellen, dass das Spital Wallis die gleiche Lohnteuerung wie die halbstaatlichen Institutionen erh\u00e4lt.<\/p>\n\n\n\n<div style=\"height:33px\" aria-hidden=\"true\" class=\"wp-block-spacer\"><\/div>\n\n\n\n<div class=\"wp-block-group appear bottom\"><div class=\"wp-block-group__inner-container is-layout-flow wp-block-group-is-layout-flow\">\n<h3 class=\"wp-block-heading move has-text-color\" style=\"color:#a8a182\">Loterie romande<\/h3>\n\n\n\n<p class=\"move\">Das seit seiner Einf\u00fchrung umstrittene neue System zur Pr\u00fcfung der Gesuche, das die Loterie Romande f\u00fcr die Walliser Alters- und Pflegeheime eingef\u00fchrt hat, wird Gegenstand einer sorgf\u00e4ltigen Analyse und eines Berichts sein, der im Fr\u00fchjahr 2024 mit der AVALEMS diskutiert werden soll.<\/p>\n<\/div><\/div>\n\n\n\n<div style=\"height:33px\" aria-hidden=\"true\" class=\"wp-block-spacer\"><\/div>\n\n\n\n<div class=\"wp-block-group appear bottom\"><div class=\"wp-block-group__inner-container is-layout-flow wp-block-group-is-layout-flow\">\n<h3 class=\"wp-block-heading move has-text-color\" style=\"color:#a8a182\">Entwicklung der Pflegefinanzierung<\/h3>\n\n\n\n<p class=\"move\">Die Finanzierung der Pflege in Alters- und Pflegeheimen erfolgt im Wallis \u00fcber das Bewertungssystem BESA. Die AVALEMS interveniert in diesem Dossier auf kantonaler und eidgen\u00f6ssischer Ebene, sowohl um den \u00dcbergang zu einem neuen nationalen Bewertungssystem (interRAI) zu begleiten, als auch um die Angemessenheit der subsidi\u00e4ren kantonalen Ressourcen (Restfinanzierung) zu gew\u00e4hrleisten.<\/p>\n<\/div><\/div>\n\n\n\n<div class=\"wp-block-group appear bottom\"><div class=\"wp-block-group__inner-container is-layout-constrained wp-block-group-is-layout-constrained\">\n<h3 class=\"wp-block-heading move has-text-color\" style=\"color:#a8a182\">Konten<\/h3>\n\n\n\n<p>Unter sonst gleichen Bedingungen verf\u00fcgt AVALEMS \u00fcber ein Betriebsbudget, das sich aus den Mitgliedsbeitr\u00e4gen in H\u00f6he von j\u00e4hrlich CHF 677.525 zusammensetzt (fast unver\u00e4ndert gegen\u00fcber 2022). Die Betriebskosten setzen sich zur H\u00e4lfte aus Personalkosten und zur H\u00e4lfte aus Infrastruktur- und Betriebskosten zusammen.<\/p>\n\n\n\n<p>Der Jahresabschluss 2023 schloss mit einem positiven Ergebnis ab, das in den Reservefonds f\u00fcr strategische Projekte eingezahlt wurde.<\/p>\n<\/div><\/div>\n\n\n\n<div style=\"height:50px\" aria-hidden=\"true\" class=\"wp-block-spacer\"><\/div>\n\n\n\n<div style=\"height:10px\" aria-hidden=\"true\" id=\"ressources\" class=\"wp-block-spacer\"><\/div>\n\n\n\n<div class=\"wp-block-group appear left\"><div class=\"wp-block-group__inner-container is-layout-constrained wp-block-group-is-layout-constrained\">\n<h2 class=\"wp-block-heading move has-background\" style=\"background-color:#de8900\"><img loading=\"lazy\" decoding=\"async\" width=\"86\" height=\"88\" class=\"wp-image-18819\" style=\"width: 86px;\" src=\"https:\/\/www.avalems.ch\/wp-content\/uploads\/2023\/04\/ressources-icon.png\" alt=\"\" srcset=\"https:\/\/avalems.ch\/wp-content\/uploads\/2023\/04\/ressources-icon.png 86w, https:\/\/avalems.ch\/wp-content\/uploads\/2023\/04\/ressources-icon-65x67.png 65w, https:\/\/avalems.ch\/wp-content\/uploads\/2023\/04\/ressources-icon-48x48.png 48w, https:\/\/avalems.ch\/wp-content\/uploads\/2023\/04\/ressources-icon-40x41.png 40w, https:\/\/avalems.ch\/wp-content\/uploads\/2023\/04\/ressources-icon-24x24.png 24w, https:\/\/avalems.ch\/wp-content\/uploads\/2023\/04\/ressources-icon-20x20.png 20w, https:\/\/avalems.ch\/wp-content\/uploads\/2023\/04\/ressources-icon-36x36.png 36w\" sizes=\"auto, (max-width: 86px) 100vw, 86px\" \/>  Humanressourcen und Ausbildung<\/h2>\n<\/div><\/div>\n\n\n\n<div class=\"wp-block-group appear bottom\"><div class=\"wp-block-group__inner-container is-layout-constrained wp-block-group-is-layout-constrained\">\n<h3 class=\"wp-block-heading has-text-color\" id=\"move\" style=\"color:#de8900\">Tarifvertrag f\u00fcr die Langzeitpflege<\/h3>\n\n\n\n<p class=\"move\">Die im Herbst 2022 unter der gemeinsamen Leitung des Amtes f\u00fcr Arbeitnehmerschutz und des Amtes f\u00fcr Gesundheit begonnenen Vorbereitungsarbeiten f\u00fcr die Aushandlung eines gemeinsamen Gesamtarbeitsvertrags f\u00fcr die Langzeitpflege (Pflegeheime und SMZ) wurden im Fr\u00fchjahr 2023 abgeschlossen.<\/p>\n\n\n\n<div class=\"wp-block-columns no-margin-top no-margin-bottom is-layout-flex wp-container-core-columns-is-layout-9d6595d7 wp-block-columns-is-layout-flex\">\n<div class=\"wp-block-column is-layout-flow wp-block-column-is-layout-flow\">\n<div class=\"wp-block-group counter-animation\"><div class=\"wp-block-group__inner-container is-layout-flow wp-block-group-is-layout-flow\">\n<p class=\"has-text-align-center has-text-color\" style=\"color:#de8900;font-size:70px\"><span class=\"counter-number\">4,5M<\/span><\/p>\n\n\n\n<p class=\"has-text-align-center no-margin-top\"><strong><strong>Anstieg im Jahr 2024<\/strong><\/strong><\/p>\n<\/div><\/div>\n<\/div>\n\n\n\n<div class=\"wp-block-column is-layout-flow wp-block-column-is-layout-flow\">\n<div class=\"wp-block-group counter-animation\"><div class=\"wp-block-group__inner-container is-layout-flow wp-block-group-is-layout-flow\">\n<p class=\"has-text-align-center has-text-color\" style=\"color:#de8900;font-size:70px\"><span class=\"counter-number\">1,5M<\/span><\/p>\n\n\n\n<p class=\"has-text-align-center no-margin-top\"><strong><strong>zus\u00e4tzliche im Jahr 2025<\/strong><\/strong><\/p>\n<\/div><\/div>\n<\/div>\n<\/div>\n\n\n\n<p>Diese Arbeiten erm\u00f6glichten es dem Staatsrat, die Betr\u00e4ge zu sch\u00e4tzen, die zur Deckung der Mehrkosten im Zusammenhang mit der Harmonisierung der Arbeitsbedingungen erforderlich sind: eine Erh\u00f6hung um 4,5 Millionen im Jahr 2024 und weitere 1,5 Millionen im Jahr 2025. Die erste Rate von 4,5 Millionen wurde im Dezember vom Grossen Rat im Rahmen der Abstimmung \u00fcber das Budget angenommen.<\/p>\n\n\n\n<p>Der letzte Schritt vor der Unterzeichnung und Umsetzung war die formelle Verabschiedung des Projekts bei einer ausserordentlichen Generalversammlung am 19. Dezember in Sitten. Die Mitglieder der AVALEMS (wie auch ihre Kollegen des VWSMZ, die sich zur gleichen Zeit zu einer parallelen AG trafen) sprachen sich daraufhin mit grosser Mehrheit f\u00fcr den Entwurf eines gemeinsamen GAV aus.<\/p>\n\n\n\n<div class=\"wp-block-columns no-margin-top no-margin-bottom is-layout-flex wp-container-core-columns-is-layout-9d6595d7 wp-block-columns-is-layout-flex\">\n<div class=\"wp-block-column is-layout-flow wp-block-column-is-layout-flow\">\n<div class=\"wp-block-group counter-animation\"><div class=\"wp-block-group__inner-container is-layout-flow wp-block-group-is-layout-flow\">\n<p class=\"has-text-align-center has-text-color\" style=\"color:#de8900;font-size:70px\">49<\/p>\n\n\n\n<p class=\"has-text-align-center no-margin-top\"><strong>Arbeitgeber<\/strong><\/p>\n<\/div><\/div>\n<\/div>\n\n\n\n<div class=\"wp-block-column is-layout-flow wp-block-column-is-layout-flow\">\n<div class=\"wp-block-group counter-animation\"><div class=\"wp-block-group__inner-container is-layout-flow wp-block-group-is-layout-flow\">\n<p class=\"has-text-align-center counter-number has-text-color\" style=\"color:#de8900;font-size:70px\">7000<\/p>\n\n\n\n<p class=\"has-text-align-center no-margin-top\"><strong>Mitarbeiterinnen und Mitarbeiter<\/strong><\/p>\n<\/div><\/div>\n<\/div>\n<\/div>\n\n\n\n<p>Der GAV f\u00fcr die Langzeitpflege wird 49 Arbeitgeber vereinen und \u00fcber 7\u2019000 Mitarbeiterinnen und Mitarbeiter abdecken. Er wurde in weniger als einem Jahr ausgearbeitet und ist das Ergebnis des gemeinsamen Willens der Akteure, die Arbeitsbedingungen des Personals von Alters- und Pflegeheimen und SMZ deutlich zu verbessern, vor allem aber eine solide Grundlage f\u00fcr die Bew\u00e4ltigung der aktuellen und k\u00fcnftigen Herausforderungen zu schaffen. Im Jahr 2024 werden die Arbeiten fortgesetzt, um eine Ann\u00e4herung an die Bedingungen des Arbeitgebers Spital Wallis zu erreichen.<\/p>\n<\/div><\/div>\n\n\n\n<div style=\"height:33px\" aria-hidden=\"true\" class=\"wp-block-spacer\"><\/div>\n\n\n\n<div class=\"wp-block-group appear bottom\"><div class=\"wp-block-group__inner-container is-layout-constrained wp-block-group-is-layout-constrained\">\n<h3 class=\"wp-block-heading move has-text-color\" style=\"color:#de8900\"><br>Politik zur Entwicklung von Kompetenzen<\/h3>\n\n\n\n<p class=\"move\">Im letzten Jahr organisierte und vermarktete AVALEMS berufliche Weiterbildungen. Trotz einer hohen Rate an Kursen, die mangels ausreichender Teilnehmerzahl abgesagt wurden, wurden zw\u00f6lf Sitzungen mit 110 Teilnehmern fortgesetzt. Ab 2024 wird diese Dienstleistung weiterhin am Standort der AVALEMS angeboten, die Organisation wird jedoch an die Ausbilder ausgelagert.<\/p>\n\n\n\n<p>Parallel dazu schlug der Verband seinen Mitgliedern vor, die Mittel in die Entwicklung einer Politik der Kompetenzentwicklung umzuleiten. Ein theoretischer Rahmen, der mit den SMZ geteilt wird, um die spezifischen Kompetenzen der beruflichen Funktionen in der Langzeitpflege aufzuwerten. Aber auch praktische Instrumente, um die Kompetenzen zu best\u00e4tigen oder zu erwerben. Die bei der Generalversammlung im September verabschiedete Politik zur Kompetenzentwicklung wird sich zun\u00e4chst auf die Pflegeberufe konzentrieren. Dieses Projekt wurde im Rahmen der kantonalen Task Force \u201eStarke Pflege\u201c vorgestellt und k\u00f6nnte f\u00fcr seine Entwicklung von einer eidgen\u00f6ssischen Unterst\u00fctzung profitieren.<\/p>\n<\/div><\/div>\n\n\n\n<div style=\"height:33px\" aria-hidden=\"true\" class=\"wp-block-spacer\"><\/div>\n\n\n\n<div class=\"wp-block-group appear bottom\"><div class=\"wp-block-group__inner-container is-layout-constrained wp-block-group-is-layout-constrained\">\n<h3 class=\"wp-block-heading move has-text-color\" style=\"color:#de8900\">Andere Dossiers<\/h3>\n<\/div><\/div>\n\n\n\n<div class=\"wp-block-columns appear bottom no-margin-top is-layout-flex wp-container-core-columns-is-layout-9d6595d7 wp-block-columns-is-layout-flex\">\n<div class=\"wp-block-column move is-layout-flow wp-block-column-is-layout-flow\">\n<p class=\"has-white-color has-text-color has-background\" style=\"background-color:#de8900\">Beibehaltung des FIR-spezifischen Bildungsgangs (FAGE-Lehre f\u00fcr Erwachsene, nur im Unterwallis) und Entwicklung von Eingangstests<\/p>\n<\/div>\n\n\n\n<div class=\"wp-block-column move delay is-layout-flow wp-block-column-is-layout-flow\">\n<p class=\"has-white-color has-text-color has-background\" style=\"background-color:#de8900\">Begleitung der Umsetzung des Gesetzes \u00fcber die Bereitstellung von Ausbildungs- und Praktikumspl\u00e4tzen f\u00fcr nicht-akademische Berufe im Gesundheitsbereich<\/p>\n<\/div>\n\n\n\n<div class=\"wp-block-column move longdelay is-layout-flow wp-block-column-is-layout-flow\">\n<p class=\"has-white-color has-text-color has-background\" style=\"background-color:#de8900\">Verschiedene Anpassungen des Personalstatuts<\/p>\n<\/div>\n<\/div>\n\n\n\n<div class=\"wp-block-columns appear bottom no-margin-top is-layout-flex wp-container-core-columns-is-layout-9d6595d7 wp-block-columns-is-layout-flex\">\n<div class=\"wp-block-column move is-layout-flow wp-block-column-is-layout-flow\">\n<p class=\"has-white-color has-text-color has-background\" style=\"background-color:#de8900\">Aktive Teilnahme an der kantonalen Task Force zur Umsetzung der Initiative f\u00fcr eine starke Krankenpflege<\/p>\n<\/div>\n\n\n\n<div class=\"wp-block-column move delay is-layout-flow wp-block-column-is-layout-flow\">\n<p class=\"has-white-color has-text-color has-background\" style=\"background-color:#de8900\">Verschiedene Kl\u00e4rungen des DGW-Anerkennungen im Zusammenhang mit den ZUwendungen (pflegesch\u00fcler; OSS;\u2026) und den Ausbildungen (Ard\u00e9vaz; IFPS; \u2026)<\/p>\n<\/div>\n\n\n\n<div class=\"wp-block-column move longdelay is-layout-flow wp-block-column-is-layout-flow\">\n<p class=\"has-white-color has-text-color has-background\" style=\"background-color:#de8900\">Beteiligung an der Ausarbeitung des CAS \u201eLangzeitpflege\u201c der HES Hochschule f\u00fcr Gesundheit Wallis<\/p>\n<\/div>\n<\/div>\n\n\n\n<div style=\"height:70px\" aria-hidden=\"true\" class=\"wp-block-spacer\"><\/div>\n\n\n\n<div style=\"height:10px\" aria-hidden=\"true\" id=\"soins\" class=\"wp-block-spacer\"><\/div>\n\n\n\n<div class=\"wp-block-group appear left\"><div class=\"wp-block-group__inner-container is-layout-constrained wp-block-group-is-layout-constrained\">\n<h2 class=\"wp-block-heading move has-background\" style=\"background-color:#186f88\"><img loading=\"lazy\" decoding=\"async\" width=\"86\" height=\"90\" class=\"wp-image-18823\" style=\"width: 86px;\" src=\"https:\/\/www.avalems.ch\/wp-content\/uploads\/2023\/04\/soins-icon.png\" alt=\"\" srcset=\"https:\/\/avalems.ch\/wp-content\/uploads\/2023\/04\/soins-icon.png 86w, https:\/\/avalems.ch\/wp-content\/uploads\/2023\/04\/soins-icon-65x68.png 65w, https:\/\/avalems.ch\/wp-content\/uploads\/2023\/04\/soins-icon-48x50.png 48w, https:\/\/avalems.ch\/wp-content\/uploads\/2023\/04\/soins-icon-40x42.png 40w, https:\/\/avalems.ch\/wp-content\/uploads\/2023\/04\/soins-icon-24x24.png 24w, https:\/\/avalems.ch\/wp-content\/uploads\/2023\/04\/soins-icon-20x21.png 20w, https:\/\/avalems.ch\/wp-content\/uploads\/2023\/04\/soins-icon-34x36.png 34w, https:\/\/avalems.ch\/wp-content\/uploads\/2023\/04\/soins-icon-46x48.png 46w\" sizes=\"auto, (max-width: 86px) 100vw, 86px\" \/>  Pflege &amp; Qualit\u00e4t<\/h2>\n<\/div><\/div>\n\n\n\n<div class=\"wp-block-group appear bottom\"><div class=\"wp-block-group__inner-container is-layout-constrained wp-block-group-is-layout-constrained\">\n<h3 class=\"wp-block-heading move has-text-color\" style=\"color:#186f88\">Videokonferenzen der leitenden Krankenschwestern \/ leitenden Krankenpfleger<\/h3>\n\n\n\n<p class=\"move\">Im Jahr 2023 wurden drei Videokonferenzen der leitenden Pflegefachpersonen abgehalten. Die Teilnahme ist frei und ohne Anmeldung m\u00f6glich und die Sitzungen werden simultan franz\u00f6sisch-deutsch \u00fcbersetzt. Diese virtuellen Sitzungen bieten Raum f\u00fcr den Austausch von Best Practices und den Dialog zwischen den Pflegeleitern.<\/p>\n<\/div><\/div>\n\n\n\n<div class=\"wp-block-columns are-vertically-aligned-center appear bottom small-margin is-layout-flex wp-container-core-columns-is-layout-9d6595d7 wp-block-columns-is-layout-flex\">\n<div class=\"wp-block-column is-vertically-aligned-center move is-layout-flow wp-block-column-is-layout-flow\" style=\"flex-basis:220px\"><div class=\"wp-block-image size-full\">\n<figure class=\"aligncenter is-resized\"><img loading=\"lazy\" decoding=\"async\" width=\"685\" height=\"689\" src=\"https:\/\/www.avalems.ch\/wp-content\/uploads\/2024\/02\/mars.png\" alt=\"\" class=\"wp-image-23901\" style=\"width:171px\" srcset=\"https:\/\/avalems.ch\/wp-content\/uploads\/2024\/02\/mars.png 685w, https:\/\/avalems.ch\/wp-content\/uploads\/2024\/02\/mars-298x300.png 298w, https:\/\/avalems.ch\/wp-content\/uploads\/2024\/02\/mars-150x150.png 150w, https:\/\/avalems.ch\/wp-content\/uploads\/2024\/02\/mars-540x543.png 540w, https:\/\/avalems.ch\/wp-content\/uploads\/2024\/02\/mars-465x468.png 465w, https:\/\/avalems.ch\/wp-content\/uploads\/2024\/02\/mars-414x416.png 414w, https:\/\/avalems.ch\/wp-content\/uploads\/2024\/02\/mars-254x255.png 254w, https:\/\/avalems.ch\/wp-content\/uploads\/2024\/02\/mars-180x181.png 180w, https:\/\/avalems.ch\/wp-content\/uploads\/2024\/02\/mars-127x128.png 127w, https:\/\/avalems.ch\/wp-content\/uploads\/2024\/02\/mars-90x91.png 90w, https:\/\/avalems.ch\/wp-content\/uploads\/2024\/02\/mars-65x65.png 65w, https:\/\/avalems.ch\/wp-content\/uploads\/2024\/02\/mars-48x48.png 48w, https:\/\/avalems.ch\/wp-content\/uploads\/2024\/02\/mars-40x40.png 40w, https:\/\/avalems.ch\/wp-content\/uploads\/2024\/02\/mars-24x24.png 24w, https:\/\/avalems.ch\/wp-content\/uploads\/2024\/02\/mars-20x20.png 20w, https:\/\/avalems.ch\/wp-content\/uploads\/2024\/02\/mars-36x36.png 36w\" sizes=\"auto, (max-width: 685px) 100vw, 685px\" \/><\/figure>\n<\/div><\/div>\n\n\n\n<div class=\"wp-block-column is-vertically-aligned-center move delay is-layout-flow wp-block-column-is-layout-flow\">\n<p>Selbstbedienungsfr\u00fchst\u00fcck<\/p>\n<\/div>\n\n\n\n<div class=\"wp-block-column is-vertically-aligned-center desktop is-layout-flow wp-block-column-is-layout-flow\"><\/div>\n<\/div>\n\n\n\n<div class=\"wp-block-columns are-vertically-aligned-center appear bottom small-margin is-layout-flex wp-container-core-columns-is-layout-9d6595d7 wp-block-columns-is-layout-flex\">\n<div class=\"wp-block-column is-vertically-aligned-center desktop is-layout-flow wp-block-column-is-layout-flow\"><\/div>\n\n\n\n<div class=\"wp-block-column is-vertically-aligned-center move is-layout-flow wp-block-column-is-layout-flow\" style=\"flex-basis:220px\"><div class=\"wp-block-image size-full\">\n<figure class=\"aligncenter is-resized\"><img loading=\"lazy\" decoding=\"async\" width=\"685\" height=\"689\" src=\"https:\/\/www.avalems.ch\/wp-content\/uploads\/2024\/02\/juin-1.png\" alt=\"\" class=\"wp-image-23905\" style=\"width:171px\" srcset=\"https:\/\/avalems.ch\/wp-content\/uploads\/2024\/02\/juin-1.png 685w, https:\/\/avalems.ch\/wp-content\/uploads\/2024\/02\/juin-1-298x300.png 298w, https:\/\/avalems.ch\/wp-content\/uploads\/2024\/02\/juin-1-150x150.png 150w, https:\/\/avalems.ch\/wp-content\/uploads\/2024\/02\/juin-1-540x543.png 540w, https:\/\/avalems.ch\/wp-content\/uploads\/2024\/02\/juin-1-465x468.png 465w, https:\/\/avalems.ch\/wp-content\/uploads\/2024\/02\/juin-1-414x416.png 414w, https:\/\/avalems.ch\/wp-content\/uploads\/2024\/02\/juin-1-254x255.png 254w, https:\/\/avalems.ch\/wp-content\/uploads\/2024\/02\/juin-1-180x181.png 180w, https:\/\/avalems.ch\/wp-content\/uploads\/2024\/02\/juin-1-127x128.png 127w, https:\/\/avalems.ch\/wp-content\/uploads\/2024\/02\/juin-1-90x91.png 90w, https:\/\/avalems.ch\/wp-content\/uploads\/2024\/02\/juin-1-65x65.png 65w, https:\/\/avalems.ch\/wp-content\/uploads\/2024\/02\/juin-1-48x48.png 48w, https:\/\/avalems.ch\/wp-content\/uploads\/2024\/02\/juin-1-40x40.png 40w, https:\/\/avalems.ch\/wp-content\/uploads\/2024\/02\/juin-1-24x24.png 24w, https:\/\/avalems.ch\/wp-content\/uploads\/2024\/02\/juin-1-20x20.png 20w, https:\/\/avalems.ch\/wp-content\/uploads\/2024\/02\/juin-1-36x36.png 36w\" sizes=\"auto, (max-width: 685px) 100vw, 685px\" \/><\/figure>\n<\/div><\/div>\n\n\n\n<div class=\"wp-block-column is-vertically-aligned-center move delay is-layout-flow wp-block-column-is-layout-flow\">\n<p><a href=\"BESA-Pflegestufen: Wie kann ein Pflegeassessment sie beeinflussen?\">BESA-Pflegeniveaus: Wie kann eine Pflegeassessment sie beeinflussen?<\/a><\/p>\n<\/div>\n<\/div>\n\n\n\n<div class=\"wp-block-columns are-vertically-aligned-center appear bottom small-margin is-layout-flex wp-container-core-columns-is-layout-9d6595d7 wp-block-columns-is-layout-flex\">\n<div class=\"wp-block-column is-vertically-aligned-center move is-layout-flow wp-block-column-is-layout-flow\" style=\"flex-basis:220px\"><div class=\"wp-block-image size-full\">\n<figure class=\"aligncenter is-resized\"><img loading=\"lazy\" decoding=\"async\" width=\"685\" height=\"689\" src=\"https:\/\/www.avalems.ch\/wp-content\/uploads\/2024\/02\/novembre.png\" alt=\"\" class=\"wp-image-23907\" style=\"width:171px\" srcset=\"https:\/\/avalems.ch\/wp-content\/uploads\/2024\/02\/novembre.png 685w, https:\/\/avalems.ch\/wp-content\/uploads\/2024\/02\/novembre-298x300.png 298w, https:\/\/avalems.ch\/wp-content\/uploads\/2024\/02\/novembre-150x150.png 150w, https:\/\/avalems.ch\/wp-content\/uploads\/2024\/02\/novembre-540x543.png 540w, https:\/\/avalems.ch\/wp-content\/uploads\/2024\/02\/novembre-465x468.png 465w, https:\/\/avalems.ch\/wp-content\/uploads\/2024\/02\/novembre-414x416.png 414w, https:\/\/avalems.ch\/wp-content\/uploads\/2024\/02\/novembre-254x255.png 254w, https:\/\/avalems.ch\/wp-content\/uploads\/2024\/02\/novembre-180x181.png 180w, https:\/\/avalems.ch\/wp-content\/uploads\/2024\/02\/novembre-127x128.png 127w, https:\/\/avalems.ch\/wp-content\/uploads\/2024\/02\/novembre-90x91.png 90w, https:\/\/avalems.ch\/wp-content\/uploads\/2024\/02\/novembre-65x65.png 65w, https:\/\/avalems.ch\/wp-content\/uploads\/2024\/02\/novembre-48x48.png 48w, https:\/\/avalems.ch\/wp-content\/uploads\/2024\/02\/novembre-40x40.png 40w, https:\/\/avalems.ch\/wp-content\/uploads\/2024\/02\/novembre-24x24.png 24w, https:\/\/avalems.ch\/wp-content\/uploads\/2024\/02\/novembre-20x20.png 20w, https:\/\/avalems.ch\/wp-content\/uploads\/2024\/02\/novembre-36x36.png 36w\" sizes=\"auto, (max-width: 685px) 100vw, 685px\" \/><\/figure>\n<\/div><\/div>\n\n\n\n<div class=\"wp-block-column is-vertically-aligned-center move delay is-layout-flow wp-block-column-is-layout-flow\">\n<p>Reflexive und transdisziplin\u00e4re Gespr\u00e4chsgruppen<\/p>\n<\/div>\n\n\n\n<div class=\"wp-block-column is-vertically-aligned-center desktop is-layout-flow wp-block-column-is-layout-flow\"><\/div>\n<\/div>\n\n\n\n<div style=\"height:33px\" aria-hidden=\"true\" class=\"wp-block-spacer\"><\/div>\n\n\n\n<div class=\"wp-block-group appear bottom\"><div class=\"wp-block-group__inner-container is-layout-constrained wp-block-group-is-layout-constrained\">\n<h3 class=\"wp-block-heading move has-text-color\" style=\"color:#186f88\">Daten\u00fcbermittlungen<\/h3>\n\n\n\n<p>Die Pflegeheime stellen, dass teilweise medizinische Daten nicht \u00fcbermittelt werden (z. B. bei einem Krankenhausaufenthalt). Auf Anfrage der AVALEMS hat der kantonale Datenschutzbeauftragte best\u00e4tigt, dass aus rechtlicher Sicht die f\u00fcr die Pflege n\u00fctzlichen Informationen zwischen \u00f6ffentlichen und halb\u00f6ffentlichen Gesundheitseinrichtungen weitergegeben werden k\u00f6nnen.<\/p>\n\n\n\n<p>Auf dieser Grundlage beteiligt sich die AVALEMS aktiv an der Ausarbeitung eines Mindestsatzes von Daten, die bei der \u00dcbermittlung zwischen den Einrichtungen verf\u00fcgbar sein sollten.<\/p>\n<\/div><\/div>\n\n\n\n<div style=\"height:33px\" aria-hidden=\"true\" class=\"wp-block-spacer\"><\/div>\n\n\n\n<div class=\"wp-block-group appear bottom\"><div class=\"wp-block-group__inner-container is-layout-constrained wp-block-group-is-layout-constrained\">\n<h3 class=\"wp-block-heading move has-text-color\" style=\"color:#186f88\">Qualivista: Aktualisierung<\/h3>\n\n\n\n<p class=\"move\">Das Qualit\u00e4tssystem der Walliser Alters- und Pflegeheime ist eine lokale Umsetzung eines f\u00f6deralen Systems. Die Version 2023 wurde auf beiden Ebenen aktualisiert. Bei dieser Aktualisierung wurde auch die Entwicklung der Kontrollkriterien der Dienststelle f\u00fcr Gesundheitswesen ber\u00fccksichtigt. Im Auftrag des Grossen Rates haben sich die Dienststellen der Verwaltung verpflichtet, die Doppelspurigkeiten zwischen diesen Ans\u00e4tzen zu beseitigen, selbstverst\u00e4ndlich in enger Zusammenarbeit mit der AVALEMS..<\/p>\n<\/div><\/div>\n\n\n\n<div style=\"height:33px\" aria-hidden=\"true\" class=\"wp-block-spacer\"><\/div>\n\n\n\n<div class=\"wp-block-group appear bottom\"><div class=\"wp-block-group__inner-container is-layout-constrained wp-block-group-is-layout-constrained\">\n<h3 class=\"wp-block-heading move has-text-color\" style=\"color:#186f88\">Mund- und Zahnhygiene<\/h3>\n\n\n\n<p class=\"move\">In Zusammenarbeit mit dem Vertrauenszahnarzt des Staates entwickelte die AVALEMS eine Weiterbildung f\u00fcr zuk\u00fcnftige Referenten f\u00fcr Mund- und Zahnhygiene in Pflegeheimen. Parallel dazu erhielt der Verein die finanzielle Unterst\u00fctzung des Amtes f\u00fcr Gesundheit, um in zwei Pflegeheimen ein Pilotprojekt zu starten, mit dem die systematische und kostenlose Kontrolle der Zahngesundheit beim Eintritt in ein Pflegeheim getestet werden soll. Au\u00dferdem wurde auf der Website des Vereins ein Themendossier zur Mundhygiene online gestellt.<\/p>\n\n\n\n<p class=\"link-icon has-medium-font-size\"><a href=\"https:\/\/www.avalems.ch\/de\/mundgesundheit\/\" target=\"_blank\" rel=\"noreferrer noopener\"><img loading=\"lazy\" decoding=\"async\" width=\"52\" height=\"35\" class=\"wp-image-18870\" style=\"width: 52px;\" src=\"https:\/\/www.avalems.ch\/wp-content\/uploads\/2023\/04\/arrow-link-8.png\" alt=\"\" srcset=\"https:\/\/avalems.ch\/wp-content\/uploads\/2023\/04\/arrow-link-8.png 104w, https:\/\/avalems.ch\/wp-content\/uploads\/2023\/04\/arrow-link-8-90x61.png 90w, https:\/\/avalems.ch\/wp-content\/uploads\/2023\/04\/arrow-link-8-65x44.png 65w, https:\/\/avalems.ch\/wp-content\/uploads\/2023\/04\/arrow-link-8-48x32.png 48w, https:\/\/avalems.ch\/wp-content\/uploads\/2023\/04\/arrow-link-8-40x27.png 40w, https:\/\/avalems.ch\/wp-content\/uploads\/2023\/04\/arrow-link-8-24x16.png 24w, https:\/\/avalems.ch\/wp-content\/uploads\/2023\/04\/arrow-link-8-20x13.png 20w, https:\/\/avalems.ch\/wp-content\/uploads\/2023\/04\/arrow-link-8-36x24.png 36w\" sizes=\"auto, (max-width: 52px) 100vw, 52px\" \/>Zum Artikel<\/a><\/p>\n<\/div><\/div>\n\n\n\n<div style=\"height:33px\" aria-hidden=\"true\" class=\"wp-block-spacer\"><\/div>\n\n\n\n<h3 class=\"wp-block-heading has-text-color\" style=\"color:#186f88\">Sonstige Unterlagen<\/h3>\n\n\n\n<div class=\"wp-block-columns appear bottom no-margin-top is-layout-flex wp-container-core-columns-is-layout-9d6595d7 wp-block-columns-is-layout-flex\">\n<div class=\"wp-block-column move is-layout-flow wp-block-column-is-layout-flow\">\n<p class=\"has-white-color has-text-color has-background\" style=\"background-color:#186f88\">Begleitung der Umsetzung der Verordnung \u00fcber Massnahmen zur Einschr\u00e4nkung der Bewegungsfreiheit in Einrichtungen des Gesundheitswesens<\/p>\n<\/div>\n\n\n\n<div class=\"wp-block-column move delay is-layout-flow wp-block-column-is-layout-flow\">\n<p class=\"has-white-color has-text-color has-background\" style=\"background-color:#186f88\">Begleitung der Umsetzung des Gesetzes \u00fcber die Palliativpflege und die Begleitung der Praxis der Suizidbeihilfe in Institutionen (GPCBSIE)<\/p>\n<\/div>\n\n\n\n<div class=\"wp-block-column move longdelay is-layout-flow wp-block-column-is-layout-flow\">\n<p class=\"has-white-color has-text-color has-background\" style=\"background-color:#186f88\">Teilnahme an der neuen kantonalen Kommission f\u00fcr Palliativpflege (Frau Bettina Mathier, Alters- und Pflegeheim St. Josef in Susten und Herr Gr\u00e9goire Hugon, Stiftung Castel Notre Dame in Martigny)<\/p>\n<\/div>\n<\/div>\n\n\n\n<div class=\"wp-block-columns appear bottom is-layout-flex wp-container-core-columns-is-layout-9d6595d7 wp-block-columns-is-layout-flex\">\n<div class=\"wp-block-column move is-layout-flow wp-block-column-is-layout-flow\">\n<p class=\"has-white-color has-text-color has-background\" style=\"background-color:#186f88\">Begleitung des Postulats Rey und Konsorten \u00fcber die Funktionsst\u00f6rungen der Walliser Zentrale der Bereitschafts\u00e4rzte<\/p>\n<\/div>\n\n\n\n<div class=\"wp-block-column move delay is-layout-flow wp-block-column-is-layout-flow\">\n<p class=\"has-white-color has-text-color has-background\" style=\"background-color:#186f88\">Teilnahme an der \u00dcberarbeitung der Strategie des SOMEKO<\/p>\n<\/div>\n\n\n\n<div class=\"wp-block-column is-layout-flow wp-block-column-is-layout-flow\">\n<p><\/p>\n<\/div>\n<\/div>\n\n\n\n<div style=\"height:50px\" aria-hidden=\"true\" class=\"wp-block-spacer\"><\/div>\n\n\n\n<div style=\"height:10px\" aria-hidden=\"true\" id=\"focus\" class=\"wp-block-spacer\"><\/div>\n\n\n\n<div class=\"wp-block-group has-white-color has-text-color has-background\" style=\"background-color:#8b6709\"><div class=\"wp-block-group__inner-container is-layout-constrained wp-block-group-is-layout-constrained\">\n<div class=\"wp-block-group appear left\"><div class=\"wp-block-group__inner-container is-layout-constrained wp-block-group-is-layout-constrained\">\n<h2 class=\"wp-block-heading move has-background\" style=\"background-color:#8b6709\"><img loading=\"lazy\" decoding=\"async\" width=\"86\" height=\"90\" class=\"wp-image-18821\" style=\"width: 86px;\" src=\"https:\/\/www.avalems.ch\/wp-content\/uploads\/2023\/04\/focus-icon.png\" alt=\"\" srcset=\"https:\/\/avalems.ch\/wp-content\/uploads\/2023\/04\/focus-icon.png 86w, https:\/\/avalems.ch\/wp-content\/uploads\/2023\/04\/focus-icon-65x68.png 65w, https:\/\/avalems.ch\/wp-content\/uploads\/2023\/04\/focus-icon-48x50.png 48w, https:\/\/avalems.ch\/wp-content\/uploads\/2023\/04\/focus-icon-40x42.png 40w, https:\/\/avalems.ch\/wp-content\/uploads\/2023\/04\/focus-icon-24x24.png 24w, https:\/\/avalems.ch\/wp-content\/uploads\/2023\/04\/focus-icon-20x21.png 20w, https:\/\/avalems.ch\/wp-content\/uploads\/2023\/04\/focus-icon-34x36.png 34w, https:\/\/avalems.ch\/wp-content\/uploads\/2023\/04\/focus-icon-46x48.png 46w\" sizes=\"auto, (max-width: 86px) 100vw, 86px\" \/>  Fokus: Strategie 24-28<\/h2>\n<\/div><\/div>\n\n\n\n<div class=\"wp-block-group appear bottom\"><div class=\"wp-block-group__inner-container is-layout-constrained wp-block-group-is-layout-constrained\">\n<p class=\"move\">Die Strategie von AVALEMS ist das R\u00fcckgrat der Arbeit der Vereinigung. Sie legt die vorrangigen Ausrichtungen f\u00fcr einen Zeitraum von f\u00fcnf Jahren fest. Da die vorherige Version 2023 auslief, begannen die Arbeiten f\u00fcr die \u00dcberarbeitung mit einer partizipativen Arbeit am AVALEMS-Tag im September 2022 und endeten ein Jahr sp\u00e4ter mit der Verabschiedung der neuen Strategie 2024-2028. Die Mission und die Werte der Vereinigung wurden unver\u00e4ndert beibehalten, lediglich die strategischen Positionierungen wurden \u00fcberarbeitet.<\/p>\n<\/div><\/div>\n\n\n\n<div class=\"wp-block-group appear bottom\"><div class=\"wp-block-group__inner-container is-layout-constrained wp-block-group-is-layout-constrained\">\n<p class=\"link-icon white has-medium-font-size\"><img loading=\"lazy\" decoding=\"async\" width=\"52\" height=\"35\" class=\"wp-image-18874\" style=\"width: 52px;\" src=\"https:\/\/www.avalems.ch\/wp-content\/uploads\/2023\/04\/arrowwhite.png\" alt=\"\" srcset=\"https:\/\/avalems.ch\/wp-content\/uploads\/2023\/04\/arrowwhite.png 104w, https:\/\/avalems.ch\/wp-content\/uploads\/2023\/04\/arrowwhite-90x61.png 90w, https:\/\/avalems.ch\/wp-content\/uploads\/2023\/04\/arrowwhite-65x44.png 65w, https:\/\/avalems.ch\/wp-content\/uploads\/2023\/04\/arrowwhite-48x32.png 48w, https:\/\/avalems.ch\/wp-content\/uploads\/2023\/04\/arrowwhite-40x27.png 40w, https:\/\/avalems.ch\/wp-content\/uploads\/2023\/04\/arrowwhite-24x16.png 24w, https:\/\/avalems.ch\/wp-content\/uploads\/2023\/04\/arrowwhite-20x13.png 20w, https:\/\/avalems.ch\/wp-content\/uploads\/2023\/04\/arrowwhite-36x24.png 36w\" sizes=\"auto, (max-width: 52px) 100vw, 52px\" \/><a href=\"https:\/\/www.avalems.ch\/de\/verein\/strategie-2024-2028\/\" target=\"_blank\" rel=\"noreferrer noopener\">Link zu einer speziellen Seite der Website<\/a><\/p>\n\n\n\n<div style=\"height:20px\" aria-hidden=\"true\" class=\"wp-block-spacer\"><\/div>\n<\/div><\/div>\n<\/div><\/div>\n\n\n\n<div style=\"height:100px\" aria-hidden=\"true\" class=\"wp-block-spacer\"><\/div>\n","protected":false},"excerpt":{"rendered":"<p>Jahresbericht 2023 Mitglieder und Aktivit\u00e4ten 2023 55 Anzahl Heime 45 Anzahl Mitglieder 3058 Anzahl Betten 1119956 Anzahl \u00dcbernachtungen&nbsp;gem\u00e4ss BESA 4082 Anzahl Vollzeitstellen&nbsp;(VZA) 223 Anzahl Auszubildende Patrice MichaudPr\u00e4sident von AVALEMS Strategische [&hellip;]<\/p>\n","protected":false},"author":563,"featured_media":0,"parent":28861,"menu_order":0,"comment_status":"closed","ping_status":"closed","template":"template-onepage23.php","meta":{"footnotes":""},"coauthors":[550],"class_list":["post-28669","page","type-page","status-publish","hentry"],"publishpress_future_action":{"enabled":false,"date":"2026-05-26 21:51:12","action":"change-status","newStatus":"draft","terms":[],"taxonomy":"translation_priority","extraData":[]},"publishpress_future_workflow_manual_trigger":{"enabledWorkflows":[]},"_links":{"self":[{"href":"https:\/\/avalems.ch\/de\/wp-json\/wp\/v2\/pages\/28669","targetHints":{"allow":["GET"]}}],"collection":[{"href":"https:\/\/avalems.ch\/de\/wp-json\/wp\/v2\/pages"}],"about":[{"href":"https:\/\/avalems.ch\/de\/wp-json\/wp\/v2\/types\/page"}],"author":[{"embeddable":true,"href":"https:\/\/avalems.ch\/de\/wp-json\/wp\/v2\/users\/563"}],"replies":[{"embeddable":true,"href":"https:\/\/avalems.ch\/de\/wp-json\/wp\/v2\/comments?post=28669"}],"version-history":[{"count":4,"href":"https:\/\/avalems.ch\/de\/wp-json\/wp\/v2\/pages\/28669\/revisions"}],"predecessor-version":[{"id":31052,"href":"https:\/\/avalems.ch\/de\/wp-json\/wp\/v2\/pages\/28669\/revisions\/31052"}],"up":[{"embeddable":true,"href":"https:\/\/avalems.ch\/de\/wp-json\/wp\/v2\/pages\/28861"}],"wp:attachment":[{"href":"https:\/\/avalems.ch\/de\/wp-json\/wp\/v2\/media?parent=28669"}],"wp:term":[{"taxonomy":"author","embeddable":true,"href":"https:\/\/avalems.ch\/de\/wp-json\/wp\/v2\/coauthors?post=28669"}],"curies":[{"name":"wp","href":"https:\/\/api.w.org\/{rel}","templated":true}]}}