{"id":28656,"date":"2025-01-22T15:27:30","date_gmt":"2025-01-22T14:27:30","guid":{"rendered":"https:\/\/www.avalems.ch\/haeufig-gestellte-fragen\/finanzierung-des-ems\/"},"modified":"2025-12-29T16:24:11","modified_gmt":"2025-12-29T15:24:11","slug":"finanzierung-des-ems","status":"publish","type":"page","link":"https:\/\/avalems.ch\/de\/leben-in-einem-pflegeheim\/faq\/finanzierung-des-ems\/","title":{"rendered":"Finanzierung des APH"},"content":{"rendered":"\n<div class=\"wp-block-columns is-layout-flex wp-container-core-columns-is-layout-9d6595d7 wp-block-columns-is-layout-flex\">\n<div class=\"wp-block-column is-layout-flow wp-block-column-is-layout-flow\" style=\"flex-basis:300px\"><div class=\"sidebar-dossier\"><a class=\"back-category\" href=\"https:\/\/avalems.ch\/de\/leben-in-einem-pflegeheim\/faq\/\"><svg width=\"18px\" height=\"15px\" viewBox=\"0 0 18 15\" version=\"1.1\" xmlns=\"http:\/\/www.w3.org\/2000\/svg\" xmlns:xlink=\"http:\/\/www.w3.org\/1999\/xlink\"><g id=\"Page-1\" stroke=\"none\" stroke-width=\"1\" fill=\"none\" fill-rule=\"evenodd\"><g id=\"10-Dossier-th\u00e9matique---resolution\" transform=\"translate(-118.000000, -263.000000)\" fill=\"#F49600\" fill-rule=\"nonzero\"><polygon id=\"Shape-Copy-32\" transform=\"translate(127.000000, 270.500000) rotate(-270.000000) translate(-127.000000, -270.500000) \" points=\"134 272.09901 132.634146 270.920792 127.682927 275.80198 127.682927 262 125.97561 262 125.97561 275.633663 121.195122 270.920792 120 272.09901 127 279 127 278.831683 127 279\"><\/polygon><\/g><\/g><\/svg>H\u00e4ufig gestellte Fragen<\/a><h3>H\u00e4ufig gestellte Fragen<\/h3>                <a href=\"https:\/\/avalems.ch\/de\/leben-in-einem-pflegeheim\/faq\/\">H\u00e4ufig gestellte Fragen<\/a>\n                <a href=\"https:\/\/avalems.ch\/de\/leben-in-einem-pflegeheim\/faq\/leben-im-pflegeheim-allgemeine-organisation\/\">Leben im Pflegeheim (allgemeine Organisation)<\/a><a href=\"https:\/\/avalems.ch\/de\/leben-in-einem-pflegeheim\/faq\/allgemeines-ueber-das-ems\/\">Allgemeines \u00fcber das APH<\/a><a href=\"https:\/\/avalems.ch\/de\/leben-in-einem-pflegeheim\/faq\/leben-im-pflegeheim-pflege-und-ethische-aspekte\/\">Leben im Pflegeheim (Pflege und ethische Aspekte)<\/a><a href=\"https:\/\/avalems.ch\/de\/leben-in-einem-pflegeheim\/faq\/vorbereitung-auf-den-eintritt-in-ein-pflegeheim\/\">Vorbereitung auf den Eintritt in ein Pflegeheim<\/a><a class=\"active\" href=\"https:\/\/avalems.ch\/de\/leben-in-einem-pflegeheim\/faq\/finanzierung-des-ems\/\">Finanzierung des APH<\/a><\/div>\n<\/div>\n\n\n\n<div class=\"wp-block-column is-layout-flow wp-block-column-is-layout-flow\">\n<h1 class=\"wp-block-heading\">Finanzierung des APH<\/h1>\n\n\n\n<p>Sie k\u00f6nnen die Antwort auf Ihre Fragen nicht finden?  <a href=\"https:\/\/www.avalems.ch\/de\/verein\/kontakt\/\" data-type=\"page\" data-id=\"1314\">Kontaktieren Sie uns!<\/a><\/p>\n\n\n\n<div class=\"wp-block-group faq\"><div class=\"wp-block-group__inner-container is-layout-constrained wp-block-group-is-layout-constrained\">\n<h4 class=\"wp-block-heading faq-q\" id=\"q-combien-coute-un-sejour\"><a>Wie viel kostet ein Aufenthalt in einem Pflegeheim?<\/a><\/h4>\n\n\n\n<div class=\"wp-block-group faq-a\"><div class=\"wp-block-group__inner-container is-layout-constrained wp-block-group-is-layout-constrained\">\n<p>Im Wallis kostet Sie ein Aufenthalt in einem Pflegeheim etwa 4200 CHF pro Monat. F\u00fcr diesen Betrag werden Sie &#8222;untergebracht, verpflegt und gewaschen&#8220;. <\/p>\n\n\n\n<p>Im Einzelnen umfasst dieser Betrag:<\/p>\n\n\n\n<ol class=\"wp-block-list\">\n<li>den Anteil der finanzierten Pflege (Pflegepersonal, Kleinmaterial);<\/li>\n<\/ol>\n\n\n\n<ul class=\"wp-block-list\">\n<li>der sozio-hospitale Anteil (die Instandhaltung der Wohnung, Mahlzeiten, W\u00e4schewaschen, Begleitung, Animation usw.), zu dem noch frei w\u00e4hlbare Zusatzleistungen und Kosten im Zusammenhang mit Hilflosigkeit hinzukommen;<\/li>\n<\/ul>\n\n\n\n<ul class=\"wp-block-list\">\n<li>die Kosten f\u00fcr die Immobilieninvestitionen (Schuldendienst, Miete) des Pflegeheims;<\/li>\n<\/ul>\n\n\n\n<ul class=\"wp-block-list\">\n<li>die Kosten f\u00fcr die beweglichen Lasten und die Instandhaltung der Immobilien des Pflegeheims.<\/li>\n<\/ul>\n\n\n\n<p>Es ist wichtig, darauf hinzuweisen, dass dieser Betrag nicht die gesamten Kosten deckt, die durch einen Aufenthalt in einem Alters- und Pflegeheim entstehen. Im Jahr 2023 beliefen sich die Gesamtkosten f\u00fcr einen Aufenthalt in einem APH im Wallis auf 9300 CHF pro Monat, die sich auf die Krankenversicherungen (24%), die \u00f6ffentliche Hand (27%) und den oder die Beg\u00fcnstigte(n) (49%) verteilten. <\/p>\n\n\n\n<p><strong>Weiterf\u00fchrende Fragen zu diesem Thema:<\/strong> <a href=\"https:\/\/www.avalems.ch\/de\/economie\/\">Die Finanzierung der Kosten f\u00fcr einen Aufenthalt in einem Pflegeheim (Website der AVALEMS)<\/a><\/p>\n<\/div><\/div>\n<\/div><\/div>\n\n\n\n<div class=\"wp-block-group faq\"><div class=\"wp-block-group__inner-container is-layout-constrained wp-block-group-is-layout-constrained\">\n<h4 class=\"wp-block-heading faq-q\" id=\"q-obtenir-soutien-financier\"><a>Gibt es eine M\u00f6glichkeit, finanzielle Unterst\u00fctzung zu erhalten?<\/a><\/h4>\n\n\n\n<div class=\"wp-block-group faq-a\"><div class=\"wp-block-group__inner-container is-layout-constrained wp-block-group-is-layout-constrained\">\n<p>Ja. Wir empfehlen Ihnen zu pr\u00fcfen, ob Sie Anspruch auf Erg\u00e4nzungsleistungen (EL) haben. <\/p>\n\n\n\n<p>Erg\u00e4nzungsleistungen sind nicht mit \u00f6ffentlicher oder privater F\u00fcrsorge zu verwechseln: Sie sind ein Recht und m\u00fcssen in der Regel nicht zur\u00fcckerstattet werden. Um Erg\u00e4nzungsleistungen zu erhalten, m\u00fcssen Sie einen Antrag bei der kantonalen Ausgleichskasse stellen. Die Kasse pr\u00fcft Ihren Antrag und berechnet individuell den Betrag, der Ihnen gew\u00e4hrt wird.  <\/p>\n\n\n\n<p>Der Antrag auf Erg\u00e4nzungsleistungen muss bei der AHV-Zweigstelle Ihrer Wohngemeinde eingereicht werden.<\/p>\n\n\n\n<p>Au\u00dferdem k\u00f6nnen Sie, sofern Sie die vom Kanton j\u00e4hrlich festgelegten Einkommensgrenzen nicht \u00fcberschreiten, einen Zuschuss zu Ihrer Krankenversicherung erhalten. Sie m\u00fcssen keine Schritte unternehmen, um sie zu erhalten. Dies geschieht automatisch.  <\/p>\n\n\n\n<p><strong>Weiterf\u00fchrende Fragen :<\/strong> <a href=\"https:\/\/www.ahvwallis.ch\/de\/Versicherungen\/EL\/Erganzungsleistungen\/Erganzungsleistungen.html\" target=\"_blank\" rel=\"noopener\">Erg\u00e4nzungsleistungen (Website der Ausgleichskasse des Kantons Wallis)<\/a><\/p>\n<\/div><\/div>\n<\/div><\/div>\n\n\n\n<div class=\"wp-block-group faq\"><div class=\"wp-block-group__inner-container is-layout-constrained wp-block-group-is-layout-constrained\">\n<h4 class=\"wp-block-heading faq-q\"><a>Muss ich mein Verm\u00f6gen f\u00fcr das Pflegeheim aufbrauchen?<\/a><\/h4>\n\n\n\n<div class=\"wp-block-group faq-a\"><div class=\"wp-block-group__inner-container is-layout-constrained wp-block-group-is-layout-constrained\">\n<p>Um den von Ihnen zu tragenden Tagespreis zu bezahlen, m\u00fcssen Sie Ihre Ressourcen einsetzen, angefangen bei Ihrem Einkommen (insbesondere AHV, BVG) und Verm\u00f6gen (Immobilien, Ersparnisse, Lebensversicherungen, Geldanlagen), es sei denn, diese liegen unter einem Grenzbetrag (der unterschiedlich ist, wenn man eine alleinstehende Person oder ein Paar ist).<\/p>\n\n\n\n<p>Ab dem Zeitpunkt, an dem Verm\u00f6gen vorhanden ist, empfehlen wir Ihnen, sich von einem vertrauensw\u00fcrdigen Partner oder der Pro Senectute Valais-Wallis beraten zu lassen. Warten Sie nicht bis zum Eintritt in ein Pflegeheim, um mit diesen Schritten zu beginnen. Im Idealfall leiten Sie sie fr\u00fch genug ein.  <\/p>\n\n\n\n<p>Wenn Ihre Mittel nicht ausreichen, um Ihren Anteil zu bezahlen, k\u00f6nnte der Restbetrag \u00fcber die Erg\u00e4nzungsleistungen (EL) finanziert werden. Voraussetzung daf\u00fcr ist jedoch, dass die Person kein Verm\u00f6gen hat, das eine bestimmte Grenze \u00fcberschreitet, oder \u00fcber einen Verm\u00f6genswert verf\u00fcgt, der verkauft werden kann. In jedem Fall empfehlen wir, einen Antrag auf Erg\u00e4nzungsleistungen zu stellen.  <\/p>\n\n\n\n<p><strong>Weiter gehen:<\/strong><\/p>\n\n\n\n<ul class=\"wp-block-list\">\n<li><a href=\"https:\/\/vs.prosenectute.ch\/de\/beratung.html\" target=\"_blank\" rel=\"noopener\">Sozialberatung von Pro Senectute Valais-Wallis (Website von Pro Senectute Valais-Wallis)<\/a><\/li>\n\n\n\n<li><a href=\"https:\/\/www.ahvwallis.ch\/de\/Versicherungen\/EL\/Erganzungsleistungen\/Erganzungsleistungen.html\" target=\"_blank\" rel=\"noopener\">Erg\u00e4nzungsleistungen (Website der Ausgleichskasse des Kantons Wallis)<\/a><\/li>\n<\/ul>\n<\/div><\/div>\n<\/div><\/div>\n\n\n\n<div class=\"wp-block-group faq\"><div class=\"wp-block-group__inner-container is-layout-constrained wp-block-group-is-layout-constrained\">\n<h4 class=\"wp-block-heading faq-q\"><a><\/a><a>Ich habe nicht genug Geld, um das Pflegeheim zu finanzieren. M\u00fcssen meine Kinder f\u00fcr mich zahlen? <\/a><\/h4>\n\n\n\n<div class=\"wp-block-group faq-a\"><div class=\"wp-block-group__inner-container is-layout-constrained wp-block-group-is-layout-constrained\">\n<p>Wenn Sie Ihren Kindern eine gr\u00f6ssere Schenkung gemacht haben, wenn Sie ihnen einen Verm\u00f6genswert mit Niessbrauchrecht \u00fcbertragen haben oder wenn Ihre Kinder \u00fcber eine hohe finanzielle Leistungsf\u00e4higkeit verf\u00fcgen, k\u00f6nnten die Beh\u00f6rden von ihnen einen finanziellen Beitrag zur Deckung der Kosten des Pflegeheims verlangen.<\/p>\n\n\n\n<p>Ihre Kinder sind jedoch in der Regel nicht verpflichtet, f\u00fcr die Kosten des Pflegeheims aufzukommen, wenn Ihre Mittel nicht ausreichen. Wenn Sie den Aufenthalt in einem Pflegeheim nicht finanzieren k\u00f6nnen, k\u00f6nnen Sie finanzielle Unterst\u00fctzung beantragen, z.B. in Form von Erg\u00e4nzungsleistungen. <\/p>\n\n\n\n<p>Um mehr \u00fcber Ihre Situation zu erfahren, ist es ratsam, einen Spezialisten zu konsultieren oder mit den zust\u00e4ndigen Sozialdiensten zu sprechen. Da diese Schritte Zeit in Anspruch nehmen, empfehlen wir Ihnen, sich fr\u00fchzeitig damit zu befassen. <\/p>\n\n\n\n<p><strong>Hier geht es weiter: <\/strong><a href=\"https:\/\/www.ahvwallis.ch\/de\/Versicherungen\/EL\/Erganzungsleistungen\/Erganzungsleistungen.html\" target=\"_blank\" rel=\"noopener\">Erg\u00e4nzungsleistungen (Website der Ausgleichskasse des Kantons Wallis)<\/a><\/p>\n<\/div><\/div>\n<\/div><\/div>\n\n\n\n<div class=\"wp-block-group faq\"><div class=\"wp-block-group__inner-container is-layout-constrained wp-block-group-is-layout-constrained\">\n<h4 class=\"wp-block-heading faq-q\"><a>Was sind die Folgen einer Schenkung an meine Kinder?<\/a><\/h4>\n\n\n\n<div class=\"wp-block-group faq-a\"><div class=\"wp-block-group__inner-container is-layout-constrained wp-block-group-is-layout-constrained\">\n<p>Es ist ein Irrtum zu glauben, dass die Vererbung Ihres Hauses oder Verm\u00f6gens zu Ihren Lebzeiten Ihren finanziellen Beitrag zu den Kosten des Pflegeheims verringern wird.<\/p>\n\n\n\n<p>Aus Gr\u00fcnden der Fairness macht die kantonale Ausgleichskasse keinen Unterschied zwischen einem pers\u00f6nlichen Sparkonto und einer Immobilie, die an die Kinder weitergegeben wird. Daher sucht sie nach m\u00f6glichen Erbvorsch\u00fcssen, und zwar ohne zeitliche Begrenzung. <\/p>\n\n\n\n<p>Mit anderen Worten, es wird davon ausgegangen, dass Sie noch Eigent\u00fcmer Ihres Hauses oder Ihres Kapitals sind. Wenn die Erg\u00e4nzungsleistungen abgelehnt oder gek\u00fcrzt werden, m\u00fcssen sich die Empf\u00e4nger der Schenkung an Ihren Pensionskosten (Sozial- und Hotelkosten) beteiligen. <\/p>\n<\/div><\/div>\n<\/div><\/div>\n\n\n\n<div class=\"wp-block-group faq\"><div class=\"wp-block-group__inner-container is-layout-constrained wp-block-group-is-layout-constrained\">\n<h4 class=\"wp-block-heading faq-q\"><a>Mein Ehepartner bleibt zu Hause wohnen. Welche Hilfe k\u00f6nnen wir bekommen? <\/a><\/h4>\n\n\n\n<div class=\"wp-block-group faq-a\"><div class=\"wp-block-group__inner-container is-layout-constrained wp-block-group-is-layout-constrained\">\n<p>Die Mittel eines Paares bestehen in der Regel aus der AHV-Rente, einer Rente aus der zweiten S\u00e4ule (Pensionskasse oder Rentenversicherung) und dem Ertrag eventueller Ersparnisse.<\/p>\n\n\n\n<p>W\u00e4hrend diese Mittel ein gemeinsames Leben zu Hause erm\u00f6glichen, werden die Kosten f\u00fcr die Unterbringung in einem Pflegeheim Ihr Budget wahrscheinlich aus dem Gleichgewicht bringen, wenn einer der Ehepartner in ein Pflegeheim einzieht. Wir empfehlen Ihnen, bei der kantonalen Ausgleichskasse finanzielle Unterst\u00fctzung zu beantragen oder die Sozialberatung von Pro Senectute Valais-Wallis zu konsultieren, die Hochrechnungen erstellen kann. <\/p>\n\n\n\n<p><strong>Weiter gehen:<\/strong><\/p>\n\n\n\n<ul class=\"wp-block-list\">\n<li><a href=\"https:\/\/vs.prosenectute.ch\/de\/beratung.html\" target=\"_blank\" rel=\"noopener\">Sozialberatung von Pro Senectute Valais-Wallis (Website von Pro Senectute Valais-Wallis)<\/a><\/li>\n\n\n\n<li><a href=\"https:\/\/www.ahvwallis.ch\/de\/Versicherungen\/EL\/Erganzungsleistungen\/Erganzungsleistungen.html\" target=\"_blank\" rel=\"noopener\">Erg\u00e4nzungsleistungen (Website der Ausgleichskasse des Kantons Wallis)<\/a><\/li>\n<\/ul>\n<\/div><\/div>\n<\/div><\/div>\n\n\n\n<div class=\"wp-block-group faq\"><div class=\"wp-block-group__inner-container is-layout-constrained wp-block-group-is-layout-constrained\">\n<h4 class=\"wp-block-heading faq-q\"><a>Ich gehe in ein Pflegeheim. Muss mein Ehepartner f\u00fcr mich zahlen? <\/a><\/h4>\n\n\n\n<div class=\"wp-block-group faq-a\"><div class=\"wp-block-group__inner-container is-layout-constrained wp-block-group-is-layout-constrained\">\n<p>Ja, denn das Schweizer Recht betrachtet die Ehe als eine wirtschaftliche Einheit. Konkret bedeutet dies, dass Sie und Ihr Ehepartner sich gegenseitig unterst\u00fctzen m\u00fcssen, unabh\u00e4ngig von Ihrem G\u00fcterstand. Ihr Ehepartner muss sich also an den Kosten des Pflegeheims beteiligen.  <\/p>\n<\/div><\/div>\n<\/div><\/div>\n\n\n\n<div class=\"wp-block-group faq\"><div class=\"wp-block-group__inner-container is-layout-constrained wp-block-group-is-layout-constrained\">\n<h4 class=\"wp-block-heading faq-q\" id=\"q-prestations-comprises-prix-pension\"><a>Welche Hotel- und Sozialleistungen sind im Pensionspreis enthalten?<\/a><\/h4>\n\n\n\n<div class=\"wp-block-group faq-a\"><div class=\"wp-block-group__inner-container is-layout-constrained wp-block-group-is-layout-constrained\">\n<p>Der Kanton Wallis gibt in seiner Richtlinie die Leistungen an, die mindestens im Pensionspreis enthalten sein m\u00fcssen. Dies sind die folgenden Leistungen: <\/p>\n\n\n\n<ul class=\"wp-block-list\">\n<li>die Miete des m\u00f6blierten Zimmers: ein elektrisches Bett, eine geeignete Matratze, ein Nachttisch und ein Schrank;<\/li>\n\n\n\n<li>Verpflegung: Fr\u00fchst\u00fcck, Mittag- und Abendessen sowie Snacks und \u00fcbliche Getr\u00e4nke, mit Ausnahme von Getr\u00e4nken in der Cafeteria;<\/li>\n\n\n\n<li>Hotelservice, einschliesslich Tisch- oder Zimmerservice, wenn n\u00f6tig, und Geschirr;<\/li>\n\n\n\n<li>Hausw\u00e4sche und Bettzeug: Bereitstellung und Pflege;<\/li>\n\n\n\n<li>Privatw\u00e4sche: laufende Pflege, B\u00fcgeln und Verteilung in die Zimmer;<\/li>\n\n\n\n<li>Wasser, Strom, Heizung, Abfallentsorgung;<\/li>\n\n\n\n<li>die Bereitstellung von grundlegenden Toilettenartikeln, falls erforderlich;<\/li>\n\n\n\n<li>die \u00fcbliche Instandhaltung und Reinigung der privaten und gemeinsamen R\u00e4umlichkeiten;<\/li>\n\n\n\n<li>Soziokulturelle Betreuung (kollektive und pers\u00f6nliche Aktivit\u00e4ten); gelegentliche und umfangreichere Aktivit\u00e4ten, die zus\u00e4tzlich in Rechnung gestellt werden, bleiben vorbehalten;<\/li>\n\n\n\n<li>Verwaltungskosten und Kosten f\u00fcr die Unterst\u00fctzung von Bewohnern (Aufnahmegeb\u00fchren, \u00dcberweisung an geeignete Organisationen f\u00fcr spezifischere Unterst\u00fctzung);<\/li>\n\n\n\n<li>die Nutzung der Gemeinschaftsr\u00e4ume gem\u00e4ss der Hausordnung;<\/li>\n\n\n\n<li>die technische Wartung der Einrichtungen des Pflegeheims;<\/li>\n\n\n\n<li>die Bereitstellung einer Steckdose im Zimmer f\u00fcr Telefon- und Fernsehger\u00e4te.<\/li>\n<\/ul>\n\n\n\n<p>Hinzu kommen noch die Mobilit\u00e4tshilfsmittel. Das Pflegeheim stellt die \u00fcblichen Mobilit\u00e4tshilfsmittel wie einen Rollstuhl, einen Gehrahmen mit oder ohne Rollen, einen Gehstock, gew\u00f6hnliche Dekubituskissen und andere gew\u00f6hnliche Materialien zur Verf\u00fcgung und sorgt f\u00fcr deren Wartung, um auf angemessene, wirksame und wirtschaftliche Weise auf den Mobilit\u00e4tsverlust \u00e4lterer Menschen reagieren zu k\u00f6nnen. <\/p>\n<\/div><\/div>\n<\/div><\/div>\n\n\n\n<div class=\"wp-block-group faq\"><div class=\"wp-block-group__inner-container is-layout-constrained wp-block-group-is-layout-constrained\">\n<h4 class=\"wp-block-heading faq-q\"><a>Welche Leistungen sind nicht im Pensionspreis enthalten?<\/a><\/h4>\n\n\n\n<div class=\"wp-block-group faq-a\"><div class=\"wp-block-group__inner-container is-layout-constrained wp-block-group-is-layout-constrained\">\n<p>Zus\u00e4tzlich zum Pensionspreis k\u00f6nnen die pers\u00f6nlichen Ausgaben des Bewohners in Rechnung gestellt werden:<\/p>\n\n\n\n<ul class=\"wp-block-list\">\n<li>Abonnements und Geb\u00fchren f\u00fcr Fernsehen, Radio und Internet im Zimmer;<\/li>\n\n\n\n<li>Geb\u00fchren und Telefonanrufe;<\/li>\n\n\n\n<li>die Kosten f\u00fcr ein Taxi, einen Krankenwagen und die Kosten f\u00fcr den Transport durch das Personal des Pflegeheims;<\/li>\n\n\n\n<li>Honorare f\u00fcr \u00c4rzte, Zahn\u00e4rzte, Augen\u00e4rzte, Physiotherapeuten, Ergotherapeuten und Fu\u00dfpfleger;<\/li>\n\n\n\n<li>nicht erstattete Arzneimittel und die Kosten f\u00fcr die Beschaffung von Arzneimitteln;<\/li>\n\n\n\n<li>Zus\u00e4tzliche Untersuchungen, Untersuchungen auf \u00e4rztliche Anordnung, Laboruntersuchungen;<\/li>\n\n\n\n<li>Kosten f\u00fcr Friseur, Manik\u00fcre, Pedik\u00fcre, Sexualassistenz;<\/li>\n\n\n\n<li>Trockenreinigung (Reinigung) von pers\u00f6nlicher Kleidung, Kennzeichnung von W\u00e4sche, N\u00e4harbeiten;<\/li>\n\n\n\n<li>Krankenversicherungspr\u00e4mien und alle Kostenbeteiligungen, die vom Krankenversicherer in Rechnung gestellt werden;<\/li>\n\n\n\n<li>Versicherungskosten f\u00fcr den Diebstahl von Wertgegenst\u00e4nden;<\/li>\n\n\n\n<li>Verzehr in der Cafeteria, Getr\u00e4nke und Wein au\u00dferhalb des angebotenen Sortiments oder in Mengen, die als \u00fcberm\u00e4ssig angesehen werden, Beteiligung an den Kosten f\u00fcr Ausfl\u00fcge und Urlaub, Zigaretten, Kosmetika;<\/li>\n\n\n\n<li>die Batterien;<\/li>\n\n\n\n<li>Kosten f\u00fcr Sch\u00e4den, die von dem Bewohner verursacht wurden.<\/li>\n<\/ul>\n\n\n\n<p>Diese Liste ist nicht ersch\u00f6pfend und h\u00e4ngt von Ihrem Unterbringungsvertrag mit dem Pflegeheim ab.<\/p>\n\n\n\n<p>Einige Leistungen werden von der gesetzlichen Krankenversicherung oder von Zusatzversicherungen erstattet.<\/p>\n\n\n\n<p><strong>Weiterf\u00fchrende Links:<\/strong> <a href=\"https:\/\/www.vs.ch\/documents\/8841577\/8881894\/Richtlinien+Pflegeheime+-+Finanzierung.pdf\/51876029-3c1f-4896-966b-b9ea581bd51f?t=1727782283448\" target=\"_blank\" rel=\"noopener\">Kantonale Richtlinie \u00fcber die Leistungen, die den Bewohnern von Pflegeheimen, die nicht unter das KVG fallen, in Rechnung gestellt werden<\/a> (PDF-Dokument)<\/p>\n<\/div><\/div>\n<\/div><\/div>\n\n\n\n<div class=\"wp-block-group faq\"><div class=\"wp-block-group__inner-container is-layout-constrained wp-block-group-is-layout-constrained\">\n<h4 class=\"wp-block-heading faq-q\"><a>K\u00f6nnen die Kosten f\u00fcr einen l\u00e4ngeren Aufenthalt in einem Pflegeheim variieren? Wenn ja, in welcher Hinsicht? <\/a><\/h4>\n\n\n\n<div class=\"wp-block-group faq-a\"><div class=\"wp-block-group__inner-container is-layout-constrained wp-block-group-is-layout-constrained\">\n<p><strong>Ja, die monatlichen Kosten k\u00f6nnen variieren.<\/strong><\/p>\n\n\n\n<p>Die Kosten f\u00fcr den Aufenthalt in einem Pflegeheim sind unterschiedlicher Art: Unterbringungskosten, Betreuungskosten und andere Kosten. Die Kosten k\u00f6nnen aus den folgenden Gr\u00fcnden variieren: <\/p>\n\n\n\n<ul class=\"wp-block-list\">\n<li>die Anzahl der Tage im Monat;<\/li>\n\n\n\n<li>eine \u00c4nderung des Unterbringungsvertrags;<\/li>\n\n\n\n<li>eine \u00c4nderung der Hoteldienstleistungen (Zimmer, Verpflegung usw.);<\/li>\n\n\n\n<li>eine Anpassung des Pensionspreises (in der Regel am 1. Januar jedes Jahres, vorbehaltlich der Genehmigung der Dienststelle f\u00fcr Gesundheitswesen des Staates Wallis);<\/li>\n\n\n\n<li>bei Abwesenheit (Urlaub, Krankenhausaufenthalt usw.);<\/li>\n\n\n\n<li>der Grad der erforderlichen Pflege abnimmt oder zunimmt und sich somit die Beteiligung an den Pflegekosten \u00e4ndert;<\/li>\n\n\n\n<li>Ver\u00e4nderte pers\u00f6nliche Ausgaben (Telefon, Friseur, Pflegeleistungen, die nicht von den Krankenkassen \u00fcbernommen werden, usw.).<\/li>\n<\/ul>\n\n\n\n<p>Diese Kosten werden in der Tarifordnung der Einrichtung festgelegt, die Bestandteil des Unterbringungsvertrags ist.<\/p>\n<\/div><\/div>\n<\/div><\/div>\n\n\n\n<div class=\"wp-block-group faq\"><div class=\"wp-block-group__inner-container is-layout-constrained wp-block-group-is-layout-constrained\">\n<h4 class=\"wp-block-heading faq-q\"><a>Muss ich meine Krankenversicherung weiter bezahlen, wenn ich im Pflegeheim bin?<\/a><\/h4>\n\n\n\n<div class=\"wp-block-group faq-a\"><div class=\"wp-block-group__inner-container is-layout-constrained wp-block-group-is-layout-constrained\">\n<p>Ja, Sie m\u00fcssen weiterhin Ihre Krankenversicherungspr\u00e4mien, die Franchise und den Selbstbehalt bezahlen. Wir empfehlen Ihnen, sich f\u00fcr die niedrigste Franchise zu entscheiden. <\/p>\n\n\n\n<p>Bitte beachten Sie, dass die obligatorische Krankenpflegeversicherung nur die Kosten f\u00fcr die medizinische Versorgung erstattet. Die Kosten f\u00fcr Unterkunft und Verpflegung m\u00fcssen Sie selbst tragen. <\/p>\n\n\n\n<p><strong>Weiter gehen:<\/strong><\/p>\n\n\n\n<ul class=\"wp-block-list\">\n<li><a href=\"#q-combien-coute-un-sejour\">Frage &#8222;Wie viel kostet ein Aufenthalt in einem Pflegeheim?&#8220;<\/a><\/li>\n\n\n\n<li><a href=\"#q-prestations-comprises-prix-pension\">Frage &#8222;Welche Hotel- und Sozialleistungen sind im Pensionspreis enthalten?&#8220;<\/a><\/li>\n<\/ul>\n<\/div><\/div>\n<\/div><\/div>\n\n\n\n<div class=\"wp-block-group faq\"><div class=\"wp-block-group__inner-container is-layout-constrained wp-block-group-is-layout-constrained\">\n<h4 class=\"wp-block-heading faq-q\"><a>Ich habe eine Zusatzversicherung. Worauf habe ich Anspruch, wenn ich in das Pflegeheim eintrete? <\/a><\/h4>\n\n\n\n<div class=\"wp-block-group faq-a\"><div class=\"wp-block-group__inner-container is-layout-constrained wp-block-group-is-layout-constrained\">\n<p>Eine Zusatzversicherung kann f\u00fcr die Erstattung von Leistungen, Medikamenten oder Nahrungserg\u00e4nzungsmitteln verwendet werden, die von der Grundversicherung nicht anerkannt werden.<\/p>\n\n\n\n<p>Wenn Sie vor Ihrem Eintritt in das Pflegeheim eine Zusatzversicherung abgeschlossen haben, empfehlen wir Ihnen, diese beizubehalten und die Police anzupassen.<\/p>\n<\/div><\/div>\n<\/div><\/div>\n\n\n\n<div class=\"wp-block-group faq\"><div class=\"wp-block-group__inner-container is-layout-constrained wp-block-group-is-layout-constrained\">\n<h4 class=\"wp-block-heading faq-q\" id=\"q-payer-en-cas-absence\"><a>Wenn ich das Pflegeheim vor\u00fcbergehend verlasse (Krankenhaus\/Urlaub), muss ich dann weiterhin f\u00fcr das Pflegeheim zahlen?<\/a><\/h4>\n\n\n\n<div class=\"wp-block-group faq-a\"><div class=\"wp-block-group__inner-container is-layout-constrained wp-block-group-is-layout-constrained\">\n<p>Die finanzielle Verwaltung dieser Abwesenheiten h\u00e4ngt von der jeweiligen Einrichtung ab. Die Antwort finden Sie in Ihrem Unterbringungsvertrag mit dem Pflegeheim. <\/p>\n<\/div><\/div>\n<\/div><\/div>\n\n\n\n<div class=\"wp-block-group faq\"><div class=\"wp-block-group__inner-container is-layout-constrained wp-block-group-is-layout-constrained\">\n<h4 class=\"wp-block-heading faq-q\"><a>Kann ich eine Steuererm\u00e4ssigung erhalten, wenn ich in einem Pflegeheim wohne?<\/a><\/h4>\n\n\n\n<div class=\"wp-block-group faq-a\"><div class=\"wp-block-group__inner-container is-layout-constrained wp-block-group-is-layout-constrained\">\n<p>Wir empfehlen Ihnen, bereits beim Eintritt in das Pflegeheim eine Reduzierung der Steuervorauszahlungen zu beantragen. Bei der Steuererkl\u00e4rung werden die Kosten f\u00fcr die Unterbringung teilweise von Ihrem steuerpflichtigen Einkommen abgezogen. <\/p>\n<\/div><\/div>\n<\/div><\/div>\n\n\n\n<div class=\"wp-block-group faq\"><div class=\"wp-block-group__inner-container is-layout-constrained wp-block-group-is-layout-constrained\">\n<h4 class=\"wp-block-heading faq-q\"><a>Muss ich ein Pflegeheim in meiner Gemeinde w\u00e4hlen?<\/a><\/h4>\n\n\n\n<div class=\"wp-block-group faq-a\"><div class=\"wp-block-group__inner-container is-layout-constrained wp-block-group-is-layout-constrained\">\n<p>Nein, aber wenn Sie sich f\u00fcr ein Heim in einer anderen Gemeinde entscheiden, kann Ihr finanzieller Beitrag h\u00f6her sein. Bitte wenden Sie sich an die Pflegeheime, um die Einzelheiten und Bedingungen zu erfahren. <\/p>\n\n\n\n<p>Ebenso ist es m\u00f6glich, dass eine Person in ein Pflegeheim ausserhalb des Kantons wechselt. Die Bedingungen und Tarife variieren je nach kantonalem und kommunalem Rechtsrahmen.<\/p>\n<\/div><\/div>\n<\/div><\/div>\n<\/div>\n<\/div>\n","protected":false},"excerpt":{"rendered":"<p>Finanzierung des APH Sie k\u00f6nnen die Antwort auf Ihre Fragen nicht finden? Kontaktieren Sie uns! Wie viel kostet ein Aufenthalt in einem Pflegeheim? Im Wallis kostet Sie ein Aufenthalt in [&hellip;]<\/p>\n","protected":false},"author":152,"featured_media":0,"parent":28588,"menu_order":0,"comment_status":"closed","ping_status":"closed","template":"template-sidebar.php","meta":{"footnotes":""},"coauthors":[106],"class_list":["post-28656","page","type-page","status-publish","hentry"],"publishpress_future_action":{"enabled":false,"date":"2026-05-26 21:10:39","action":"change-status","newStatus":"draft","terms":[],"taxonomy":"translation_priority","extraData":[]},"publishpress_future_workflow_manual_trigger":{"enabledWorkflows":[]},"_links":{"self":[{"href":"https:\/\/avalems.ch\/de\/wp-json\/wp\/v2\/pages\/28656","targetHints":{"allow":["GET"]}}],"collection":[{"href":"https:\/\/avalems.ch\/de\/wp-json\/wp\/v2\/pages"}],"about":[{"href":"https:\/\/avalems.ch\/de\/wp-json\/wp\/v2\/types\/page"}],"author":[{"embeddable":true,"href":"https:\/\/avalems.ch\/de\/wp-json\/wp\/v2\/users\/152"}],"replies":[{"embeddable":true,"href":"https:\/\/avalems.ch\/de\/wp-json\/wp\/v2\/comments?post=28656"}],"version-history":[{"count":11,"href":"https:\/\/avalems.ch\/de\/wp-json\/wp\/v2\/pages\/28656\/revisions"}],"predecessor-version":[{"id":37805,"href":"https:\/\/avalems.ch\/de\/wp-json\/wp\/v2\/pages\/28656\/revisions\/37805"}],"up":[{"embeddable":true,"href":"https:\/\/avalems.ch\/de\/wp-json\/wp\/v2\/pages\/28588"}],"wp:attachment":[{"href":"https:\/\/avalems.ch\/de\/wp-json\/wp\/v2\/media?parent=28656"}],"wp:term":[{"taxonomy":"author","embeddable":true,"href":"https:\/\/avalems.ch\/de\/wp-json\/wp\/v2\/coauthors?post=28656"}],"curies":[{"name":"wp","href":"https:\/\/api.w.org\/{rel}","templated":true}]}}