{"id":28620,"date":"2025-01-22T15:27:03","date_gmt":"2025-01-22T14:27:03","guid":{"rendered":"https:\/\/www.avalems.ch\/entwicklung-von-faehigkeiten\/"},"modified":"2025-02-12T11:05:45","modified_gmt":"2025-02-12T10:05:45","slug":"entwicklung-von-faehigkeiten","status":"publish","type":"page","link":"https:\/\/avalems.ch\/de\/in-einem-pflegeheim-arbeiten\/entwicklung-von-faehigkeiten\/","title":{"rendered":"Politik zur Entwicklung der Kompetenzen"},"content":{"rendered":"\n<div class=\"wp-block-columns is-layout-flex wp-container-core-columns-is-layout-9d6595d7 wp-block-columns-is-layout-flex\">\n<div class=\"wp-block-column is-layout-flow wp-block-column-is-layout-flow\" style=\"flex-basis:300px\"><div class=\"sidebar-dossier\"><a class=\"back-category\" href=\"https:\/\/avalems.ch\/de\/in-einem-pflegeheim-arbeiten\/entwicklung-von-faehigkeiten\/\"><svg width=\"18px\" height=\"15px\" viewBox=\"0 0 18 15\" version=\"1.1\" xmlns=\"http:\/\/www.w3.org\/2000\/svg\" xmlns:xlink=\"http:\/\/www.w3.org\/1999\/xlink\"><g id=\"Page-1\" stroke=\"none\" stroke-width=\"1\" fill=\"none\" fill-rule=\"evenodd\"><g id=\"10-Dossier-th\u00e9matique---resolution\" transform=\"translate(-118.000000, -263.000000)\" fill=\"#F49600\" fill-rule=\"nonzero\"><polygon id=\"Shape-Copy-32\" transform=\"translate(127.000000, 270.500000) rotate(-270.000000) translate(-127.000000, -270.500000) \" points=\"134 272.09901 132.634146 270.920792 127.682927 275.80198 127.682927 262 125.97561 262 125.97561 275.633663 121.195122 270.920792 120 272.09901 127 279 127 278.831683 127 279\"><\/polygon><\/g><\/g><\/svg>Politik zur Entwicklung der Kompetenzen<\/a><h3>Politik zur Entwicklung der Kompetenzen<\/h3>            <a class=\"active\" href=\"https:\/\/avalems.ch\/de\/in-einem-pflegeheim-arbeiten\/entwicklung-von-faehigkeiten\/\">Politik zur Entwicklung der Kompetenzen<\/a>\n            <a href=\"https:\/\/avalems.ch\/de\/in-einem-pflegeheim-arbeiten\/entwicklung-von-faehigkeiten\/kompetenzreferenzen\/\">Kompetenzrahmen<\/a><a href=\"https:\/\/avalems.ch\/de\/in-einem-pflegeheim-arbeiten\/entwicklung-von-faehigkeiten\/referenzdokumente-und-leitfaeden\/\">Referenzdokumente und Leitf\u00e4den<\/a><a href=\"https:\/\/avalems.ch\/de\/in-einem-pflegeheim-arbeiten\/entwicklung-von-faehigkeiten\/fortlaufende-schulungen\/\">Weiterbildungen in der Langzeitpflege<\/a><a href=\"https:\/\/avalems.ch\/de\/in-einem-pflegeheim-arbeiten\/entwicklung-von-faehigkeiten\/finanzielle-unterstuetzung-fuer-die-ausbildung\/\">Finanzielle Unterst\u00fctzung f\u00fcr die Ausbildung<\/a><\/div>\n<\/div>\n\n\n\n<div class=\"wp-block-column is-layout-flow wp-block-column-is-layout-flow\">\n<h1 class=\"wp-block-heading\">Politik zur Entwicklung der Kompetenzen<\/h1>\n\n\n\n<p>Die&nbsp;<strong>Politik zur Entwicklung der Kompetenzen<\/strong>&nbsp;in der Langzeitpflege unterstreicht die Bedeutung der Kompetenzen der Mitarbeitenden in Alters- und Pflegeheimen (APH) und Sozialmedizinischen Zentren (SMZ).<\/p>\n\n\n\n<p>Die Politik zur Entwicklung der Kompetenzen tr\u00e4gt zu unserem Auftrag und zur Qualit\u00e4t und kontinuierlichen Verbesserung unserer Leistungen bei.<\/p>\n\n\n\n<p>Denn dieser kompetenzbasierte Ansatz ist in den realen Arbeitssituationen verankert, f\u00fchrt zu gemeinsamen Grundlagen der erwarteten Kompetenzniveaus f\u00fcr jede Funktion im Bereich der Langzeitpflege (LZP) und beschreibt zu kombinierende Modalit\u00e4ten der Kompetenzentwicklung: Weiterbildung, Mentoring, reflexive R\u00e4ume\u2026<\/p>\n\n\n\n<p>Diese Empfehlung zur Umsetzung der Politik zur Entwicklung der Kompetenzen betrifft alle Funktionen und erm\u00f6glicht letztendlich eine echte Steuerung der individuellen und kollektiven Kompetenzen innerhalb der Pflegeheime und SMZ.<\/p>\n\n\n\n<p>Nachstehend finden Sie die Dokumente zur Umsetzung dieser Politik.<\/p>\n<\/div>\n<\/div>\n","protected":false},"excerpt":{"rendered":"<p>Politik zur Entwicklung der Kompetenzen Die&nbsp;Politik zur Entwicklung der Kompetenzen&nbsp;in der Langzeitpflege unterstreicht die Bedeutung der Kompetenzen der Mitarbeitenden in Alters- und Pflegeheimen (APH) und Sozialmedizinischen Zentren (SMZ). Die Politik [&hellip;]<\/p>\n","protected":false},"author":152,"featured_media":0,"parent":28841,"menu_order":0,"comment_status":"closed","ping_status":"closed","template":"template-sidebar.php","meta":{"footnotes":""},"coauthors":[106],"class_list":["post-28620","page","type-page","status-publish","hentry"],"publishpress_future_action":{"enabled":false,"date":"2026-05-30 14:31:16","action":"change-status","newStatus":"draft","terms":[],"taxonomy":"translation_priority","extraData":[]},"publishpress_future_workflow_manual_trigger":{"enabledWorkflows":[]},"_links":{"self":[{"href":"https:\/\/avalems.ch\/de\/wp-json\/wp\/v2\/pages\/28620","targetHints":{"allow":["GET"]}}],"collection":[{"href":"https:\/\/avalems.ch\/de\/wp-json\/wp\/v2\/pages"}],"about":[{"href":"https:\/\/avalems.ch\/de\/wp-json\/wp\/v2\/types\/page"}],"author":[{"embeddable":true,"href":"https:\/\/avalems.ch\/de\/wp-json\/wp\/v2\/users\/152"}],"replies":[{"embeddable":true,"href":"https:\/\/avalems.ch\/de\/wp-json\/wp\/v2\/comments?post=28620"}],"version-history":[{"count":4,"href":"https:\/\/avalems.ch\/de\/wp-json\/wp\/v2\/pages\/28620\/revisions"}],"predecessor-version":[{"id":29735,"href":"https:\/\/avalems.ch\/de\/wp-json\/wp\/v2\/pages\/28620\/revisions\/29735"}],"up":[{"embeddable":true,"href":"https:\/\/avalems.ch\/de\/wp-json\/wp\/v2\/pages\/28841"}],"wp:attachment":[{"href":"https:\/\/avalems.ch\/de\/wp-json\/wp\/v2\/media?parent=28620"}],"wp:term":[{"taxonomy":"author","embeddable":true,"href":"https:\/\/avalems.ch\/de\/wp-json\/wp\/v2\/coauthors?post=28620"}],"curies":[{"name":"wp","href":"https:\/\/api.w.org\/{rel}","templated":true}]}}