{"id":28611,"date":"2025-01-22T15:26:56","date_gmt":"2025-01-22T14:26:56","guid":{"rendered":"https:\/\/www.avalems.ch\/haeufig-gestellte-fragen\/vorbereitung-auf-den-eintritt-in-ein-pflegeheim\/"},"modified":"2025-01-30T08:58:43","modified_gmt":"2025-01-30T07:58:43","slug":"vorbereitung-auf-den-eintritt-in-ein-pflegeheim","status":"publish","type":"page","link":"https:\/\/avalems.ch\/de\/leben-in-einem-pflegeheim\/faq\/vorbereitung-auf-den-eintritt-in-ein-pflegeheim\/","title":{"rendered":"Vorbereitung auf den Eintritt in ein Pflegeheim"},"content":{"rendered":"\n<div class=\"wp-block-columns is-layout-flex wp-container-core-columns-is-layout-9d6595d7 wp-block-columns-is-layout-flex\">\n<div class=\"wp-block-column is-layout-flow wp-block-column-is-layout-flow\" style=\"flex-basis:300px\"><div class=\"sidebar-dossier\"><a class=\"back-category\" href=\"https:\/\/avalems.ch\/de\/leben-in-einem-pflegeheim\/faq\/\"><svg width=\"18px\" height=\"15px\" viewBox=\"0 0 18 15\" version=\"1.1\" xmlns=\"http:\/\/www.w3.org\/2000\/svg\" xmlns:xlink=\"http:\/\/www.w3.org\/1999\/xlink\"><g id=\"Page-1\" stroke=\"none\" stroke-width=\"1\" fill=\"none\" fill-rule=\"evenodd\"><g id=\"10-Dossier-th\u00e9matique---resolution\" transform=\"translate(-118.000000, -263.000000)\" fill=\"#F49600\" fill-rule=\"nonzero\"><polygon id=\"Shape-Copy-32\" transform=\"translate(127.000000, 270.500000) rotate(-270.000000) translate(-127.000000, -270.500000) \" points=\"134 272.09901 132.634146 270.920792 127.682927 275.80198 127.682927 262 125.97561 262 125.97561 275.633663 121.195122 270.920792 120 272.09901 127 279 127 278.831683 127 279\"><\/polygon><\/g><\/g><\/svg>H\u00e4ufig gestellte Fragen<\/a><h3>H\u00e4ufig gestellte Fragen<\/h3>                <a href=\"https:\/\/avalems.ch\/de\/leben-in-einem-pflegeheim\/faq\/\">H\u00e4ufig gestellte Fragen<\/a>\n                <a href=\"https:\/\/avalems.ch\/de\/leben-in-einem-pflegeheim\/faq\/leben-im-pflegeheim-allgemeine-organisation\/\">Leben im Pflegeheim (allgemeine Organisation)<\/a><a href=\"https:\/\/avalems.ch\/de\/leben-in-einem-pflegeheim\/faq\/allgemeines-ueber-das-ems\/\">Allgemeines \u00fcber das APH<\/a><a href=\"https:\/\/avalems.ch\/de\/leben-in-einem-pflegeheim\/faq\/leben-im-pflegeheim-pflege-und-ethische-aspekte\/\">Leben im Pflegeheim (Pflege und ethische Aspekte)<\/a><a class=\"active\" href=\"https:\/\/avalems.ch\/de\/leben-in-einem-pflegeheim\/faq\/vorbereitung-auf-den-eintritt-in-ein-pflegeheim\/\">Vorbereitung auf den Eintritt in ein Pflegeheim<\/a><a href=\"https:\/\/avalems.ch\/de\/leben-in-einem-pflegeheim\/faq\/finanzierung-des-ems\/\">Finanzierung des APH<\/a><\/div>\n<\/div>\n\n\n\n<div class=\"wp-block-column is-layout-flow wp-block-column-is-layout-flow\">\n<h1 class=\"wp-block-heading\">Vorbereitung auf den Eintritt in ein Pflegeheim<\/h1>\n\n\n\n<p>Sie k\u00f6nnen die Antwort auf Ihre Fragen nicht finden?  <a href=\"https:\/\/www.avalems.ch\/de\/verein\/kontakt\/\">Kontaktieren Sie uns!<\/a><\/p>\n\n\n\n<div class=\"wp-block-group faq\"><div class=\"wp-block-group__inner-container is-layout-constrained wp-block-group-is-layout-constrained\">\n<h4 class=\"wp-block-heading faq-q\" id=\"q-quand-debuter-demarches\"><a>Wann beginnen Sie mit der Aufnahme in das Pflegeheim?<\/a><\/h4>\n\n\n\n<div class=\"wp-block-group faq-a\"><div class=\"wp-block-group__inner-container is-layout-constrained wp-block-group-is-layout-constrained\">\n<p>Der Eintritt in ein Pflegeheim mit seinen Emotionen und Fragen stellt eine Ver\u00e4nderung des Lebenslaufs dar und muss vorbereitet werden. Wir empfehlen Ihnen daher, die administrativen und finanziellen Schritte fr\u00fchzeitig einzuleiten. <\/p>\n\n\n\n<p>So vermeiden Sie und Ihre Angeh\u00f6rigen, dass Sie diese Schritte in Eile unternehmen m\u00fcssen. Sprechen Sie mit Ihren Bekannten. Informieren Sie sich \u00fcber die Einrichtungen in der Region und besuchen Sie sie, wenn Sie k\u00f6nnen.  <\/p>\n\n\n\n<p>In der Schweiz ist es \u00fcblich, in einem Pflegeheim zu leben. Im Jahr 2022 wohnten 160.624 Personen in einem Pflegeheim, einige davon f\u00fcr einen kurzen Aufenthalt. Der Anteil der Frauen an der Klientel betrug 66%. Drei von zehn Bewohnern waren 90 Jahre oder \u00e4lter.   <\/p>\n<\/div><\/div>\n<\/div><\/div>\n\n\n\n<div class=\"wp-block-group faq\"><div class=\"wp-block-group__inner-container is-layout-constrained wp-block-group-is-layout-constrained\">\n<h4 class=\"wp-block-heading faq-q\"><a>Kann ich mein Pflegeheim frei w\u00e4hlen? Wenn ja, an welche Kriterien sollte ich denken? <\/a><\/h4>\n\n\n\n<div class=\"wp-block-group faq-a\"><div class=\"wp-block-group__inner-container is-layout-constrained wp-block-group-is-layout-constrained\">\n<p>Ja, Sie k\u00f6nnen Ihr Pflegeheim frei w\u00e4hlen. Sie m\u00fcssen jedoch warten, bis ein Platz frei wird. <\/p>\n\n\n\n<p>Informieren Sie sich fr\u00fchzeitig \u00fcber die verschiedenen Angebote in Ihrer Region. Besorgen Sie sich Informationsmaterial, sehen Sie sich die Website an und besuchen Sie das Heim. So haben Sie die Gelegenheit, mit Bewohnern zu sprechen und Ihre Fragen an die Heimleitung zu richten.  <\/p>\n\n\n\n<p>Einige Einrichtungen bieten Tage der offenen T\u00fcr an. Ein kurzer Aufenthalt (einige Wochen) in einem Pflegeheim kann Ihnen auch einen Eindruck von der allgemeinen Umgebung vermitteln. <\/p>\n\n\n\n<p><strong>Weiter gehen:<\/strong><\/p>\n\n\n\n<ul class=\"wp-block-list\">\n<li><a href=\"https:\/\/www.avalems.ch\/de\/leben-in-einem-pflegeheim\/haeufig-gestellte-fragen\/allgemeines-ueber-das-ems#q-quelle-est-la-difference-entre-long-sejour\" target=\"_blank\" rel=\"noreferrer noopener\">Frage &#8222;Was ist der Unterschied zwischen Langzeitaufenthalt, Kurzzeitaufenthalt, Tagesst\u00e4tte und gesch\u00fctzter Wohnung?<\/a><\/li>\n\n\n\n<li><a href=\"https:\/\/www.prosenectute.ch\/de\/ratgeber\/wohnen\/umzug-altersheim.html\" target=\"_blank\" rel=\"noreferrer noopener\">Kriterien f\u00fcr die Wahl des richtigen Pflegeheims<\/a><\/li>\n<\/ul>\n<\/div><\/div>\n<\/div><\/div>\n\n\n\n<div class=\"wp-block-group faq\"><div class=\"wp-block-group__inner-container is-layout-constrained wp-block-group-is-layout-constrained\">\n<h4 class=\"wp-block-heading faq-q\" id=\"q-quelles-demarche-avant-entree-ems\"><a><\/a><a><\/a><a>Welche administrativen Schritte muss ich unternehmen, um in ein Pflegeheim einziehen zu k\u00f6nnen? Muss ich mich bei mehreren Pflegeheimen anmelden? <\/a><\/h4>\n\n\n\n<div class=\"wp-block-group faq-a\"><div class=\"wp-block-group__inner-container is-layout-constrained wp-block-group-is-layout-constrained\">\n<ul class=\"wp-block-list\">\n<li>Beraten Sie sich mit <strong>Ihren Angeh\u00f6rigen und Ihrem Arzt<\/strong>: Besprechen Sie mit Ihren Angeh\u00f6rigen und konsultieren Sie Ihren Arzt, um festzustellen, ob ein Aufenthalt in einem Pflegeheim erforderlich ist.<\/li>\n\n\n\n<li><strong>Kontaktieren Sie die Einrichtungen<\/strong>: Bevor Sie sich anmelden, sollten Sie sich \u00fcber die Einrichtungen informieren. Wenn m\u00f6glich, besuchen Sie die Einrichtung. Einige Pflegeheime bieten ein Gespr\u00e4ch an. In diesem Gespr\u00e4ch k\u00f6nnen Sie Fragen zum Leben in der Einrichtung stellen und sich \u00fcber das weitere Vorgehen informieren. Die Antworten k\u00f6nnen von Heim zu Heim unterschiedlich ausfallen.    <\/li>\n\n\n\n<li><strong>F\u00fcllen Sie das Anmeldeformular aus und senden Sie es ab<\/strong>:  \n<ul class=\"wp-block-list\">\n<li>Melden Sie sich direkt bei der Einrichtung an. Sie k\u00f6nnen sich an mehreren Orten gleichzeitig einschreiben. Es ist jedoch besser, keine schriftlichen Verpflichtungen einzugehen, bevor Sie Ihre endg\u00fcltige Wahl getroffen haben.  <\/li>\n\n\n\n<li>Viele Pflegeheime haben lange Wartezeiten. Es ist daher ratsam, sich fr\u00fchzeitig in mehreren Pflegeheimen anzumelden. <\/li>\n\n\n\n<li>Die Einrichtung stellt Ihnen ein Anmeldeformular und die allgemeinen Bedingungen des Aufenthalts zur Verf\u00fcgung, die in einem Unterbringungsvertrag festgehalten sind.<\/li>\n<\/ul>\n<\/li>\n\n\n\n<li><strong>Warteliste und Auswahl der Reihenfolge der Eintr\u00e4ge<\/strong>:  \n<ul class=\"wp-block-list\">\n<li>Die Leitung der Einrichtung wird Sie auf die Warteliste setzen. Bitte beachten Sie, dass die Reihenfolge der Aufnahmen von jeder Einrichtung in Zusammenarbeit mit dem kantonalen Dienst f\u00fcr Sozial- und Gesundheitskoordination (SECOSS) festgelegt wird. <\/li>\n\n\n\n<li>Die Reihenfolge der Eintritte h\u00e4ngt insbesondere von der Verf\u00fcgbarkeit, der \u00dcbereinstimmung zwischen dem Profil der Person und dem Pflegeheim, der Dringlichkeit der Situation und der N\u00e4he der Angemeldeten ab.<\/li>\n<\/ul>\n<\/li>\n<\/ul>\n\n\n\n<p><strong>Einen Schritt weiter gehen:<\/strong> <a href=\"https:\/\/www.secoss-someko.ch\/de\/startseite\/\" target=\"_blank\" rel=\"noreferrer noopener\">Service cantonal de coordination socio-sanitaire du Valais (Kantonale Koordinationsstelle f\u00fcr Sozial- und Gesundheitswesen)<\/a><\/p>\n<\/div><\/div>\n<\/div><\/div>\n\n\n\n<div class=\"wp-block-group faq\"><div class=\"wp-block-group__inner-container is-layout-constrained wp-block-group-is-layout-constrained\">\n<h4 class=\"wp-block-heading faq-q\"><a>Ich stehe seit mehreren Monaten auf der Warteliste. Ich erfahre, dass einige Personen bereits in ein Pflegeheim eingetreten sind, obwohl sie sich nach mir angemeldet hatten. Warum?  <\/a><\/h4>\n\n\n\n<div class=\"wp-block-group faq-a\"><div class=\"wp-block-group__inner-container is-layout-constrained wp-block-group-is-layout-constrained\">\n<p>Personen mit Wohnsitz in der Region, die dringend einen Platz ben\u00f6tigen, entweder weil sie ins Krankenhaus eingeliefert werden oder weil sich ihr Gesundheitszustand rapide verschlechtert, werden bevorzugt behandelt. Es ist daher m\u00f6glich, dass jemand, der erst vor kurzem angemeldet wurde, vor Ihnen einen Platz erh\u00e4lt. Der Gesundheitszustand hat Vorrang vor dem Zeitpunkt der Anmeldung.  <\/p>\n<\/div><\/div>\n<\/div><\/div>\n\n\n\n<div class=\"wp-block-group faq\"><div class=\"wp-block-group__inner-container is-layout-constrained wp-block-group-is-layout-constrained\">\n<h4 class=\"wp-block-heading faq-q\"><a>Kann das Pflegeheim die Aufnahme ablehnen? Wenn ja, warum? <\/a><\/h4>\n\n\n\n<div class=\"wp-block-group faq-a\"><div class=\"wp-block-group__inner-container is-layout-constrained wp-block-group-is-layout-constrained\">\n<p>Ja, das Pflegeheim kann Ihre Aufnahme auf der Grundlage objektiver Kriterien ablehnen. Kriterien sind unter anderem <\/p>\n\n\n\n<ul class=\"wp-block-list\">\n<li>Das Pflegeheim verf\u00fcgt nicht \u00fcber die Infrastruktur oder das qualifizierte Personal, um Ihren Pflegebedarf zu decken.<\/li>\n\n\n\n<li>Das Pflegeheim gibt den Bewohnern bestimmter Gemeinden den Vorzug.<\/li>\n\n\n\n<li>Sie k\u00f6nnen den Preis f\u00fcr die Pension nicht bezahlen.<\/li>\n\n\n\n<li>Das EMS hat keine Verf\u00fcgbarkeit.<\/li>\n<\/ul>\n\n\n\n<p><strong>Weiter gehen:<\/strong><\/p>\n\n\n\n<ul class=\"wp-block-list\">\n<li><a href=\"https:\/\/www.avalems.ch\/de\/leben-in-einem-pflegeheim\/haeufig-gestellte-fragen\/finanzierung-des-ems#q-obtenir-soutien-financier\" target=\"_blank\" rel=\"noreferrer noopener\">Frage &#8222;Ist finanzielle Unterst\u00fctzung m\u00f6glich?&#8220;<\/a><\/li>\n\n\n\n<li><a href=\"https:\/\/www.avalems.ch\/de\/leben-in-einem-pflegeheim\/haeufig-gestellte-fragen\/finanzierung-des-ems#q-prestations-comprises-prix-pension\" target=\"_blank\" rel=\"noreferrer noopener\">Frage &#8222;Welche Hotel- und Sozialleistungen sind im Pensionspreis enthalten?&#8220;<\/a><\/li>\n<\/ul>\n<\/div><\/div>\n<\/div><\/div>\n\n\n\n<div class=\"wp-block-group faq\"><div class=\"wp-block-group__inner-container is-layout-constrained wp-block-group-is-layout-constrained\">\n<h4 class=\"wp-block-heading faq-q\"><a><\/a><a><\/a><a><\/a><a><\/a><a>Kann meine Familie mich daran hindern, in ein Pflegeheim zu gehen? Oder kann sie mich dazu zwingen? <\/a><\/h4>\n\n\n\n<div class=\"wp-block-group faq-a\"><div class=\"wp-block-group__inner-container is-layout-constrained wp-block-group-is-layout-constrained\">\n<p>Wenn Sie dies w\u00fcnschen und Ihr Gesundheitszustand es rechtfertigt, k\u00f6nnen Ihre Angeh\u00f6rigen Sie nicht daran hindern, in ein Pflegeheim zu gehen.<\/p>\n\n\n\n<p>Ihre Angeh\u00f6rigen k\u00f6nnen Sie auch nicht zwingen, in ein Pflegeheim zu gehen. Stattdessen m\u00fcssen auch pflegende Angeh\u00f6rige angeben k\u00f6nnen, wenn sie eine Situation nicht mehr bew\u00e4ltigen k\u00f6nnen. <\/p>\n\n\n\n<p>Unter au\u00dfergew\u00f6hnlichen und gesetzlich geregelten Umst\u00e4nden kann die Kindes- und Erwachsenenschutzbeh\u00f6rde (KESB) eine f\u00fcrsorgerische Unterbringung beschlie\u00dfen. Die Entscheidung muss gerechtfertigt und verh\u00e4ltnism\u00e4\u00dfig sein, wobei das Wohl der Person zu ber\u00fccksichtigen ist. Dar\u00fcber hinaus k\u00f6nnen Sie auch im Falle einer Unterbringung gegen Ihren Willen gegen die Entscheidung \u00fcber die Unterbringung Beschwerde einlegen. Sie k\u00f6nnen eine \u00dcberpr\u00fcfung der Entscheidung beantragen, und auch Ihre Angeh\u00f6rigen k\u00f6nnen in den Entscheidungsprozess einbezogen werden.   <\/p>\n\n\n\n<p>Bei Bedarf kann Sie auch das Nationale Kompetenzzentrum Gewaltfreies Altern unterst\u00fctzen (0848 00 13 13 oder <a href=\"mailto:info@vieillessesansviolence.ch\">info@vieillessesansviolence.ch)<\/a>.<\/p>\n<\/div><\/div>\n<\/div><\/div>\n\n\n\n<div class=\"wp-block-group faq\"><div class=\"wp-block-group__inner-container is-layout-constrained wp-block-group-is-layout-constrained\">\n<h4 class=\"wp-block-heading faq-q\"><a><\/a><a><\/a><a><\/a><a><\/a><a><\/a><a>Ich bin nicht mehr urteilsf\u00e4hig und habe weder Familie noch gesetzliche Vertreter. Wer kann mir bei den Formalit\u00e4ten helfen? <\/a><\/h4>\n\n\n\n<div class=\"wp-block-group faq-a\"><div class=\"wp-block-group__inner-container is-layout-constrained wp-block-group-is-layout-constrained\">\n<p>Wenn Sie aufgrund eines ausgepr\u00e4gten Schw\u00e4chezustands (z.B. bei Altersdemenz oder Sucht) oder aufgrund von Urteilsunf\u00e4higkeit Ihre Angelegenheiten nicht mehr regeln k\u00f6nnen und kein gesetzlicher Vertreter durch eine Vollmacht oder eine Patientenverf\u00fcgung ernannt wurde, kann eine Beistandschaft eingerichtet werden. Diese Ma\u00dfnahme kann von der Kinder- und Erwachsenenschutzbeh\u00f6rde (KESB) auch auf Antrag der betroffenen Person angeordnet werden. <\/p>\n\n\n\n<p><strong>Weiterf\u00fchrende Fragen:<\/strong> <a href=\"https:\/\/www.avalems.ch\/de\/haeufig-gestellte-fragen\/leben-im-pflegeheim-pflege-und-ethische-aspekte\/#q-quelle-difference-procuration-curatelle\">Frage: &#8222;Was ist der Unterschied zwischen Vollmacht, Beistandschaft, Vorsorgeauftrag, Patientenverf\u00fcgung und Testament?<\/a><\/p>\n<\/div><\/div>\n<\/div><\/div>\n\n\n\n<div class=\"wp-block-group faq\"><div class=\"wp-block-group__inner-container is-layout-constrained wp-block-group-is-layout-constrained\">\n<h4 class=\"wp-block-heading faq-q\"><a>Das Pflegeheim ruft an, ein Platz ist frei. Wie lange dauert es, bis ich eintreten kann? <\/a><\/h4>\n\n\n\n<div class=\"wp-block-group faq-a\"><div class=\"wp-block-group__inner-container is-layout-constrained wp-block-group-is-layout-constrained\">\n<p>Sobald Ihnen ein Platz zugewiesen wurde, nimmt das Pflegeheim Kontakt mit Ihnen, Ihrer Familie oder Ihren Vertretern auf. Sie haben dann einige Tage Zeit, um einzutreten. Wenn Sie dies nicht tun, wird Ihr Platz erneut zugewiesen.  <\/p>\n\n\n\n<p>Wenn dies noch nicht geschehen ist, wird ein Aufnahmegespr\u00e4ch organisiert, um praktische und finanzielle Fragen zu besprechen. Da die Fristen in der Regel kurz sind, empfehlen wir Ihnen, diese Schritte fr\u00fchzeitig zu unternehmen. <\/p>\n\n\n\n<p><strong>Weiter gehen:<\/strong><\/p>\n\n\n\n<ul class=\"wp-block-list\">\n<li><a href=\"#q-quelles-demarche-avant-entree-ems\">Frage &#8222;Welche administrativen Schritte muss ich unternehmen, um in ein Pflegeheim einziehen zu k\u00f6nnen? Muss ich mich bei mehreren Heimen anmelden?&#8220;<\/a><\/li>\n\n\n\n<li><a href=\"#q-quand-debuter-demarches\">Frage &#8222;Wann beginnen Sie mit dem Eintritt in das Pflegeheim?  <\/a><\/li>\n<\/ul>\n<\/div><\/div>\n<\/div><\/div>\n\n\n\n<div class=\"wp-block-group faq\"><div class=\"wp-block-group__inner-container is-layout-constrained wp-block-group-is-layout-constrained\">\n<h4 class=\"wp-block-heading faq-q\"><a><\/a><a><\/a><a><\/a><a><\/a><a><\/a><a><\/a><a><\/a><a>Wo kann ich mich \u00fcber die Finanzierung, die Organisation, die Anmeldung oder die Abmeldung in einem Pflegeheim beraten lassen?<\/a><\/h4>\n\n\n\n<div class=\"wp-block-group faq-a\"><div class=\"wp-block-group__inner-container is-layout-constrained wp-block-group-is-layout-constrained\">\n<p>Die Pflegeheime k\u00f6nnen Ihre Fragen beantworten und stehen Ihnen zur Verf\u00fcgung, um Sie \u00fcber alle Verfahren zu informieren. Dar\u00fcber hinaus bietet die Sozialberatung von Pro Senectute Valais-Wallis vertrauliche und kostenlose Beratung an. \u00c4ltere Menschen und ihre Angeh\u00f6rigen k\u00f6nnen hier Hilfe, Informationen und Ratschl\u00e4ge erhalten, um ihre Unabh\u00e4ngigkeit so lange wie m\u00f6glich zu gew\u00e4hrleisten. Die Dienstleistungen werden von ausgebildeten und erfahrenen Mitarbeitern angeboten.   <\/p>\n\n\n\n<p><strong>Gehen Sie weiter:<\/strong> <a href=\"https:\/\/vs.prosenectute.ch\/de\/beratung.html\" target=\"_blank\" rel=\"noopener\">Sozialberatung von Pro Senectute Valais-Wallis<\/a><\/p>\n<\/div><\/div>\n<\/div><\/div>\n\n\n\n<div class=\"wp-block-group faq\"><div class=\"wp-block-group__inner-container is-layout-constrained wp-block-group-is-layout-constrained\">\n<h4 class=\"wp-block-heading faq-q\"><a>Auf welche Gef\u00fchle m\u00fcssen ich und meine Familie vorbereitet sein?<\/a><\/h4>\n\n\n\n<div class=\"wp-block-group faq-a\"><div class=\"wp-block-group__inner-container is-layout-constrained wp-block-group-is-layout-constrained\">\n<p>Traurigkeit, Wut oder Schuldgef\u00fchle sind ganz normale Reaktionen. Eine fr\u00fchzeitige Vorbereitung kann helfen, diese Gef\u00fchle zu vermeiden oder zu begrenzen. Sprechen Sie das Thema aktiv an und beziehen Sie Ihre Angeh\u00f6rigen in den Prozess mit ein, um Missverst\u00e4ndnisse und Unverst\u00e4ndnis zu vermeiden. Lassen Sie sich gegebenenfalls von einem Fachmann oder einer Fachfrau begleiten. Die Vereinigung Proches Aidants Valais kann Ihnen helfen oder Sie an die richtige Stelle verweisen.    <\/p>\n<\/div><\/div>\n<\/div><\/div>\n<\/div>\n<\/div>\n","protected":false},"excerpt":{"rendered":"<p>Vorbereitung auf den Eintritt in ein Pflegeheim Sie k\u00f6nnen die Antwort auf Ihre Fragen nicht finden? Kontaktieren Sie uns! Wann beginnen Sie mit der Aufnahme in das Pflegeheim? Der Eintritt [&hellip;]<\/p>\n","protected":false},"author":152,"featured_media":0,"parent":28588,"menu_order":0,"comment_status":"closed","ping_status":"closed","template":"template-sidebar.php","meta":{"footnotes":""},"coauthors":[106],"class_list":["post-28611","page","type-page","status-publish","hentry"],"publishpress_future_action":{"enabled":false,"date":"2026-05-26 21:09:52","action":"change-status","newStatus":"draft","terms":[],"taxonomy":"translation_priority","extraData":[]},"publishpress_future_workflow_manual_trigger":{"enabledWorkflows":[]},"_links":{"self":[{"href":"https:\/\/avalems.ch\/de\/wp-json\/wp\/v2\/pages\/28611","targetHints":{"allow":["GET"]}}],"collection":[{"href":"https:\/\/avalems.ch\/de\/wp-json\/wp\/v2\/pages"}],"about":[{"href":"https:\/\/avalems.ch\/de\/wp-json\/wp\/v2\/types\/page"}],"author":[{"embeddable":true,"href":"https:\/\/avalems.ch\/de\/wp-json\/wp\/v2\/users\/152"}],"replies":[{"embeddable":true,"href":"https:\/\/avalems.ch\/de\/wp-json\/wp\/v2\/comments?post=28611"}],"version-history":[{"count":2,"href":"https:\/\/avalems.ch\/de\/wp-json\/wp\/v2\/pages\/28611\/revisions"}],"predecessor-version":[{"id":29404,"href":"https:\/\/avalems.ch\/de\/wp-json\/wp\/v2\/pages\/28611\/revisions\/29404"}],"up":[{"embeddable":true,"href":"https:\/\/avalems.ch\/de\/wp-json\/wp\/v2\/pages\/28588"}],"wp:attachment":[{"href":"https:\/\/avalems.ch\/de\/wp-json\/wp\/v2\/media?parent=28611"}],"wp:term":[{"taxonomy":"author","embeddable":true,"href":"https:\/\/avalems.ch\/de\/wp-json\/wp\/v2\/coauthors?post=28611"}],"curies":[{"name":"wp","href":"https:\/\/api.w.org\/{rel}","templated":true}]}}