{"id":28609,"date":"2025-01-22T15:26:56","date_gmt":"2025-01-22T14:26:56","guid":{"rendered":"https:\/\/www.avalems.ch\/haeufig-gestellte-fragen\/leben-im-pflegeheim-pflege-und-ethische-aspekte\/"},"modified":"2025-07-15T10:23:35","modified_gmt":"2025-07-15T08:23:35","slug":"leben-im-pflegeheim-pflege-und-ethische-aspekte","status":"publish","type":"page","link":"https:\/\/avalems.ch\/de\/leben-in-einem-pflegeheim\/faq\/leben-im-pflegeheim-pflege-und-ethische-aspekte\/","title":{"rendered":"Leben im Pflegeheim (Pflege und ethische Aspekte)"},"content":{"rendered":"\n<div class=\"wp-block-columns is-layout-flex wp-container-core-columns-is-layout-9d6595d7 wp-block-columns-is-layout-flex\">\n<div class=\"wp-block-column is-layout-flow wp-block-column-is-layout-flow\" style=\"flex-basis:300px\"><div class=\"sidebar-dossier\"><a class=\"back-category\" href=\"https:\/\/avalems.ch\/de\/leben-in-einem-pflegeheim\/faq\/\"><svg width=\"18px\" height=\"15px\" viewBox=\"0 0 18 15\" version=\"1.1\" xmlns=\"http:\/\/www.w3.org\/2000\/svg\" xmlns:xlink=\"http:\/\/www.w3.org\/1999\/xlink\"><g id=\"Page-1\" stroke=\"none\" stroke-width=\"1\" fill=\"none\" fill-rule=\"evenodd\"><g id=\"10-Dossier-th\u00e9matique---resolution\" transform=\"translate(-118.000000, -263.000000)\" fill=\"#F49600\" fill-rule=\"nonzero\"><polygon id=\"Shape-Copy-32\" transform=\"translate(127.000000, 270.500000) rotate(-270.000000) translate(-127.000000, -270.500000) \" points=\"134 272.09901 132.634146 270.920792 127.682927 275.80198 127.682927 262 125.97561 262 125.97561 275.633663 121.195122 270.920792 120 272.09901 127 279 127 278.831683 127 279\"><\/polygon><\/g><\/g><\/svg>H\u00e4ufig gestellte Fragen<\/a><h3>H\u00e4ufig gestellte Fragen<\/h3>                <a href=\"https:\/\/avalems.ch\/de\/leben-in-einem-pflegeheim\/faq\/\">H\u00e4ufig gestellte Fragen<\/a>\n                <a href=\"https:\/\/avalems.ch\/de\/leben-in-einem-pflegeheim\/faq\/leben-im-pflegeheim-allgemeine-organisation\/\">Leben im Pflegeheim (allgemeine Organisation)<\/a><a href=\"https:\/\/avalems.ch\/de\/leben-in-einem-pflegeheim\/faq\/allgemeines-ueber-das-ems\/\">Allgemeines \u00fcber das APH<\/a><a class=\"active\" href=\"https:\/\/avalems.ch\/de\/leben-in-einem-pflegeheim\/faq\/leben-im-pflegeheim-pflege-und-ethische-aspekte\/\">Leben im Pflegeheim (Pflege und ethische Aspekte)<\/a><a href=\"https:\/\/avalems.ch\/de\/leben-in-einem-pflegeheim\/faq\/vorbereitung-auf-den-eintritt-in-ein-pflegeheim\/\">Vorbereitung auf den Eintritt in ein Pflegeheim<\/a><a href=\"https:\/\/avalems.ch\/de\/leben-in-einem-pflegeheim\/faq\/finanzierung-des-ems\/\">Finanzierung des APH<\/a><\/div>\n<\/div>\n\n\n\n<div class=\"wp-block-column is-layout-flow wp-block-column-is-layout-flow\">\n<h1 class=\"wp-block-heading\">Leben im Pflegeheim (Pflege und ethische Aspekte)<\/h1>\n\n\n\n<p>Sie k\u00f6nnen die Antwort auf Ihre Fragen nicht finden?  <a href=\"https:\/\/www.avalems.ch\/de\/verein\/kontakt\/\" data-type=\"page\" data-id=\"1314\">Kontaktieren Sie uns!<\/a><\/p>\n\n\n\n<div class=\"wp-block-group faq\"><div class=\"wp-block-group__inner-container is-layout-constrained wp-block-group-is-layout-constrained\">\n<h4 class=\"wp-block-heading faq-q\"><a>Kann ich meinen Arzt w\u00e4hlen, wenn ich in das Pflegeheim eintrete?<\/a><\/h4>\n\n\n\n<div class=\"wp-block-group faq-a\"><div class=\"wp-block-group__inner-container is-layout-constrained wp-block-group-is-layout-constrained\">\n<p>Sie k\u00f6nnen Ihren Arzt oder Ihre Therapeuten behalten, sofern diese bereit sind, ins Pflegeheim zu reisen, um dort zu konsultieren. Wenn dies nicht der Fall ist, m\u00fcssen sich Ihre Familie oder Ihre Angeh\u00f6rigen um die Organisation von Terminen, Fahrten und Beh\u00f6rdeng\u00e4ngen k\u00fcmmern. <\/p>\n\n\n\n<p>Sie k\u00f6nnen auch einen behandelnden Arzt aus dem Netzwerk von \u00c4rzten und Therapeuten w\u00e4hlen, die im Pflegeheim zusammenarbeiten und dort regelm\u00e4\u00dfig t\u00e4tig sind.<\/p>\n\n\n\n<p>In jedem Fall ist die Frage der Wahl wichtig und sollte bei Ihrem Eintritt in ein Pflegeheim mit den Verantwortlichen der Einrichtung gekl\u00e4rt werden.<\/p>\n<\/div><\/div>\n<\/div><\/div>\n\n\n\n<div class=\"wp-block-group faq\"><div class=\"wp-block-group__inner-container is-layout-constrained wp-block-group-is-layout-constrained\">\n<h4 class=\"wp-block-heading faq-q\"><a>Welche Medikamente muss ich im Pflegeheim einnehmen?<\/a><\/h4>\n\n\n\n<div class=\"wp-block-group faq-a\"><div class=\"wp-block-group__inner-container is-layout-constrained wp-block-group-is-layout-constrained\">\n<p>Einleitend sollte daran erinnert werden, dass die \u00e4ltere Person ein Partner in der Pflege und Betreuung ist. Sie hat das Recht, angeh\u00f6rt und informiert zu werden, und jede Betreuungsoption muss mit ihr und\/oder ihren Angeh\u00f6rigen besprochen werden. Mit Ausnahme von Notf\u00e4llen muss die Person frei und informiert einwilligen k\u00f6nnen.    <\/p>\n\n\n\n<p>Bei Ihrem Eintritt wird Ihr Hausarzt einen umfassenden Gesundheitscheck erstellen und Ihnen ein oder mehrere Medikamente verschreiben. Wenn Ihr Eintritt in das Pflegeheim auf einen Krankenhausaufenthalt folgt, wird die Verschreibung vom Krankenhausarzt ausgestellt. <\/p>\n\n\n\n<p>Anschlie\u00dfend werden regelm\u00e4\u00dfig Folgekonsultationen angeboten. Mindestens alle sechs Monate wird eine Bewertung der Pflege und der Medikamente vorgenommen. Au\u00dferdem steht Ihr Arzt in st\u00e4ndigem Kontakt mit dem Pflegeteam des Pflegeheims, das Sie im Alltag begleitet.  <\/p>\n<\/div><\/div>\n<\/div><\/div>\n\n\n\n<div class=\"wp-block-group faq\"><div class=\"wp-block-group__inner-container is-layout-constrained wp-block-group-is-layout-constrained\">\n<h4 class=\"wp-block-heading faq-q\"><a>Welche Pflegeleistungen werden in Pflegeheimen angeboten?<\/a><\/h4>\n\n\n\n<div class=\"wp-block-group faq-a\"><div class=\"wp-block-group__inner-container is-layout-constrained wp-block-group-is-layout-constrained\">\n<p>Pflegeheime bieten die folgenden therapeutischen Behandlungen an, die auf der Grundlage individueller Anfragen oder auf \u00e4rztliche Anordnung erbracht werden k\u00f6nnen:<\/p>\n\n\n\n<ul class=\"wp-block-list\">\n<li>Ergotherapie und Physiotherapie;<\/li>\n\n\n\n<li>Massagen;<\/li>\n\n\n\n<li>Aktivierung und Fitnessangebote;<\/li>\n\n\n\n<li>Ern\u00e4hrungsberatung;<\/li>\n\n\n\n<li>medizinische Fu\u00dfpflege (Podologie);<\/li>\n\n\n\n<li>Kunsttherapie, Aromatherapie und Tiertherapie;<\/li>\n\n\n\n<li>Psychogeriatrie und Gerontopsychologie.<\/li>\n<\/ul>\n\n\n\n<p>Diese Angebote sind in den verschiedenen Pflegeheimen nicht identisch. In den meisten F\u00e4llen sind diese Kosten von den Heimbewohnern selbst zu tragen, werden aber von der gesetzlichen Krankenversicherung oder den Zusatzversicherungen erstattet. <\/p>\n<\/div><\/div>\n<\/div><\/div>\n\n\n\n<div class=\"wp-block-group faq\"><div class=\"wp-block-group__inner-container is-layout-constrained wp-block-group-is-layout-constrained\">\n<h4 class=\"wp-block-heading faq-q\"><a>Welche Rechte habe ich, wenn ich in das Pflegeheim eintrete?<\/a><\/h4>\n\n\n\n<div class=\"wp-block-group faq-a\"><div class=\"wp-block-group__inner-container is-layout-constrained wp-block-group-is-layout-constrained\">\n<p>Ihre wichtigsten Rechte k\u00f6nnen wie folgt zusammengefasst werden:<\/p>\n\n\n\n<ul class=\"wp-block-list\">\n<li>das Recht auf Information;<\/li>\n\n\n\n<li>freie und informierte Zustimmung;<\/li>\n\n\n\n<li>die Patientenverf\u00fcgung, den oder die therapeutische(n) Vertreter(in) und die Vorsorgevollmacht;<\/li>\n\n\n\n<li>das Recht auf freie Wahl;<\/li>\n\n\n\n<li>die Zustimmung zu Zwangsma\u00dfnahmen;<\/li>\n\n\n\n<li>das Berufsgeheimnis;<\/li>\n\n\n\n<li>den Zugang zur Akte;<\/li>\n\n\n\n<li>das Recht auf Begleitung und Beratung;<\/li>\n\n\n\n<li>Organ- und Gewebespenden.<\/li>\n<\/ul>\n\n\n\n<p>Sie haben nicht nur Rechte, die besser bekannt gemacht werden sollten, sondern auch Pflichten, die Sie in Ihrem eigenen Interesse wahrnehmen sollten. So m\u00fcssen Sie das medizinische und pflegerische Team so genau wie m\u00f6glich \u00fcber Ihre Symptome, die erhaltenen oder laufenden Behandlungen und die Auswirkungen bereits durchgef\u00fchrter Therapien informieren. <\/p>\n\n\n\n<p>Ebenso liegt es in Ihrer Verantwortung, die verordnete Behandlung zu befolgen und im Falle einer Unterbrechung diese zu melden.<\/p>\n\n\n\n<p><strong>Weiter zu gehen:<\/strong> <a href=\"https:\/\/www.vs.ch\/de\/web\/ssp\/droits-des-patients\" target=\"_blank\" rel=\"noreferrer noopener\">&#8222;Das Wichtigste zum Thema Patientenrechte&#8220;.<\/a><\/p>\n<\/div><\/div>\n<\/div><\/div>\n\n\n\n<div class=\"wp-block-group faq\"><div class=\"wp-block-group__inner-container is-layout-constrained wp-block-group-is-layout-constrained\">\n<h4 class=\"wp-block-heading faq-q\"><a>Kann das Pflegeheim Ma\u00dfnahmen ergreifen, um mich daran zu hindern, mich frei zu bewegen?<\/a><\/h4>\n\n\n\n<div class=\"wp-block-group faq-a\"><div class=\"wp-block-group__inner-container is-layout-constrained wp-block-group-is-layout-constrained\">\n<p>Wenn Sie sich selbst oder andere gef\u00e4hrden, kann das Pflegeheim f\u00fcr eine begrenzte Zeit freiheitsbeschr\u00e4nkende Ma\u00dfnahmen beschlie\u00dfen.<\/p>\n\n\n\n<p>Hierf\u00fcr ist Ihre Zustimmung erforderlich. Wenn Sie nicht zustimmen oder sich nicht mehr \u00e4u\u00dfern k\u00f6nnen, werden die Familie, die oder der therapeutische Vertreter konsultiert.   <strong><\/strong><\/p>\n\n\n\n<p>Diese Ma\u00dfnahmen, die von der medizinischen oder pflegerischen Leiterin oder dem medizinischen oder pflegerischen Leiter der Einrichtung best\u00e4tigt werden m\u00fcssen, k\u00f6nnen nur in Ausnahmef\u00e4llen verh\u00e4ngt werden, wenn..:<\/p>\n\n\n\n<ul class=\"wp-block-list\">\n<li>andere, die pers\u00f6nliche Freiheit weniger einschr\u00e4nkende Ma\u00dfnahmen versagt haben oder nicht m\u00f6glich sind;<ul><li>und so weit wie m\u00f6glich nach R\u00fccksprache mit der Bewohnerin\/dem Bewohner oder der Person, die befugt ist, sie\/ihn zu vertreten;<\/li><\/ul>\n<ul class=\"wp-block-list\">\n<li>und wenn das Verhalten der Bewohnerin\/des Bewohners eine ernste Gefahr* f\u00fcr ihr\/sein Leben oder das Leben Dritter darstellt oder eine ernste St\u00f6rung des Gemeinschaftslebens und der Pflegeleistung verursacht.<\/li>\n<\/ul>\n<\/li>\n<\/ul>\n\n\n\n<p>*Es handelt sich um Ma\u00dfnahmen f\u00fcr:<\/p>\n\n\n\n<ul class=\"wp-block-list\">\n<li>Schutz vor Unf\u00e4llen (z. B. Vermeidung von St\u00fcrzen bei unkontrolliertem Umherirren);<\/li>\n\n\n\n<li>Schutz vor Selbstverletzung (z. B. Kratzen, Ausrei\u00dfen der Haare);<\/li>\n\n\n\n<li>Schutz von medizinischen oder paramedizinischen Ma\u00dfnahmen (z. B. Verhinderung des Herausziehens von Kathetern, Sonden, Infusionen oder Verb\u00e4nden);<\/li>\n\n\n\n<li>Schutz von Drittpersonen vor gezielten oder ungezielten Angriffen (z. B. Schl\u00e4ge, Werfen von Gegenst\u00e4nden, Verdrehen eines Arms);<\/li>\n\n\n\n<li>Schutz von Dritten vor st\u00f6rendem Verhalten (z. B. \u00fcberm\u00e4\u00dfiger L\u00e4rm, Entbl\u00f6\u00dfen, Eindringen in die Privatsph\u00e4re).<\/li>\n<\/ul>\n\n\n\n<p>Das Pflegeheim muss zudem die Ma\u00dfnahmen dokumentieren und regelm\u00e4\u00dfig \u00fcberpr\u00fcfen, ob sie wirksam oder einfach nur n\u00fctzlich sind.<strong><\/strong><\/p>\n\n\n\n<p><strong>Weiter gehen:<\/strong><\/p>\n\n\n\n<ul class=\"wp-block-list\">\n<li><a href=\"https:\/\/www.vs.ch\/de\/web\/ssp\/droits-des-patients\" target=\"_blank\" rel=\"noreferrer noopener\">&#8222;Das Wichtigste \u00fcber Patientenrechte&#8220;<\/a><\/li>\n\n\n\n<li><a href=\"https:\/\/lex.vs.ch\/app\/de\/change_documents\/973\" target=\"_blank\" rel=\"noreferrer noopener\">Kantonale Verordnung \u00fcber Massnahmen zur Einschr\u00e4nkung der Bewegungsfreiheit in Gesundheitseinrichtungen<\/a><\/li>\n<\/ul>\n<\/div><\/div>\n<\/div><\/div>\n\n\n\n<div class=\"wp-block-group faq\"><div class=\"wp-block-group__inner-container is-layout-constrained wp-block-group-is-layout-constrained\">\n<h4 class=\"wp-block-heading faq-q\"><a>Werden meine Familie und ich eine Bezugsperson haben?<\/a><\/h4>\n\n\n\n<div class=\"wp-block-group faq-a\"><div class=\"wp-block-group__inner-container is-layout-constrained wp-block-group-is-layout-constrained\">\n<p>Ja, in den meisten Pflegeheimen wird eine Bezugsperson ernannt, die das Betreuungsprojekt der \u00e4lteren Person verfolgt und Verbesserungsvorschl\u00e4ge der Familie entgegennimmt und weiterleitet. <\/p>\n<\/div><\/div>\n<\/div><\/div>\n\n\n\n<div class=\"wp-block-group faq\"><div class=\"wp-block-group__inner-container is-layout-constrained wp-block-group-is-layout-constrained\">\n<h4 class=\"wp-block-heading faq-q\"><a>Kann ich Exit in Anspruch nehmen, wenn ich in einem Pflegeheim lebe?<\/a><\/h4>\n\n\n\n<div class=\"wp-block-group faq-a\"><div class=\"wp-block-group__inner-container is-layout-constrained wp-block-group-is-layout-constrained\">\n<p>Ja. Am 27. November 2022 hat die Walliser Bev\u00f6lkerung das Gesetz \u00fcber die Palliativpflege und die Begleitung der Suizidhilfe in Institutionen (Palliativpflegegesetz, PSpG) angenommen. <\/p>\n\n\n\n<p>Das Gesetz legt die Voraussetzungen f\u00fcr die Beihilfe zum Suizid fest, sieht aber auch vor, wie diese Voraussetzungen \u00fcberpr\u00fcft werden k\u00f6nnen. Auf diese Weise gew\u00e4hrleistet das Gesetz das Recht der Betroffenen auf Selbstbestimmung und W\u00fcrde und sorgt gleichzeitig daf\u00fcr, dass die Praxis in einen Rahmen eingebettet ist und nicht zu Ausw\u00fcchsen f\u00fchrt. <\/p>\n\n\n\n<p><strong>Weiterf\u00fchrende Fragen:<\/strong> <a href=\"https:\/\/lex.vs.ch\/app\/de\/texts_of_law\/805.2\" target=\"_blank\" rel=\"noreferrer noopener\">Gesetz \u00fcber die Palliativpflege und die Praxis der Suizidbeihilfe in Institutionen<\/a><\/p>\n<\/div><\/div>\n<\/div><\/div>\n\n\n\n<div class=\"wp-block-group faq\"><div class=\"wp-block-group__inner-container is-layout-constrained wp-block-group-is-layout-constrained\">\n<h4 class=\"wp-block-heading faq-q\" id=\"q-quelle-difference-procuration-curatelle\"><a><\/a><a>Was ist der Unterschied zwischen Vollmacht, Beistandschaft, Vorsorgeauftrag, Patientenverf\u00fcgung und Testament?<\/a><\/h4>\n\n\n\n<div class=\"wp-block-group faq-a\"><div class=\"wp-block-group__inner-container is-layout-constrained wp-block-group-is-layout-constrained\">\n<p><strong>Vollmacht<\/strong>: Wenn Sie nicht mehr in der Lage sind, Ihre Angelegenheiten selbst zu regeln (wie z.B. die Erledigung Ihrer administrativen Korrespondenz), k\u00f6nnen Sie eine Person, die Ihnen nahe steht, bevollm\u00e4chtigen, dies f\u00fcr Sie zu tun.<\/p>\n\n\n\n<p><strong>Beistandschaft<\/strong>: Wenn keine Familie oder kein Vertreter vorhanden ist, oder in schwierigen finanziellen oder famili\u00e4ren Situationen, k\u00f6nnen Sie beim Friedensgericht (APEA) die Ernennung eines Beistands beantragen. Das Pflegeheim kann auch im Falle der Urteilsunf\u00e4higkeit eines Bewohners oder einer Bewohnerin auf diesen Beistand zur\u00fcckgreifen. <\/p>\n\n\n\n<p><strong>Vorsorgeauftrag<\/strong>: Mit einem Vorsorgeauftrag k\u00f6nnen Sie eine Person Ihres Vertrauens beauftragen, an Ihrer Stelle zu handeln, wenn Sie nicht mehr urteilsf\u00e4hig und damit handlungsunf\u00e4hig sind.<\/p>\n\n\n\n<p>Die Vollmacht kann einer nat\u00fcrlichen Person oder einer juristischen Person, wie einer Bank oder einer Institution, erteilt werden. Sie k\u00f6nnen auch eine Ersatzperson benennen, f\u00fcr den Fall, dass die urspr\u00fcnglich gew\u00e4hlte Person die Vollmacht ablehnt oder k\u00fcndigt. <\/p>\n\n\n\n<p><strong>Patientenverf\u00fcgung<\/strong>: Eine Patientenverf\u00fcgung kann in jedem Alter verfasst werden. In der Patientenverf\u00fcgung wird festgelegt, welchen medizinischen Behandlungen Sie im Falle Ihrer Urteilsunf\u00e4higkeit zustimmen oder nicht zustimmen. Sie k\u00f6nnen auch eine Vertrauensperson benennen, die im Falle Ihrer Urteilsunf\u00e4higkeit mit den \u00c4rzten \u00fcber die medizinische Versorgung sprechen und in Ihrem Namen entscheiden soll. Sie k\u00f6nnen dieser Person Anweisungen erteilen und Ihre W\u00fcnsche mitteilen.   <\/p>\n\n\n\n<p><strong>Testament<\/strong>: Im Gegensatz zu fr\u00fcheren Verf\u00fcgungen wird der in einem Testament zum Ausdruck gebrachte Wille erst nach Ihrem Tod wirksam. Das Testament regelt die Nachlassangelegenheiten. Es kann auch einen Testamentsvollstrecker f\u00fcr die Verwaltung, Abwicklung und Verteilung des Nachlasses bestimmen.   Um g\u00fcltig zu sein, muss ein Testament in handschriftlicher Form verfasst und von einem Rechtsanwalt oder einer Rechtsanw\u00e4ltin datiert und unterzeichnet werden.<\/p>\n\n\n\n<p><strong>Weiter gehen:<\/strong><\/p>\n\n\n\n<ul class=\"wp-block-list\">\n<li><a href=\"https:\/\/www.redcross.ch\/de\/unser-angebot\/vorsorge-und-nachlassplanung\/patientenverfuegung\" target=\"_blank\" rel=\"noopener\">Beispiele f\u00fcr Patientenverf\u00fcgungen<\/a><\/li>\n\n\n\n<li><a href=\"https:\/\/www.vs.ch\/de\/web\/sjsj\/autorites-de-protection-de-l-enfant-et-de-l-adulte1\" target=\"_blank\" rel=\"noreferrer noopener\">Kantonale Beh\u00f6rden f\u00fcr den Schutz von Kindern und Erwachsenen im Wallis<\/a><\/li>\n<\/ul>\n<\/div><\/div>\n<\/div><\/div>\n\n\n\n<div class=\"wp-block-group faq\"><div class=\"wp-block-group__inner-container is-layout-constrained wp-block-group-is-layout-constrained\">\n<h4 class=\"wp-block-heading faq-q\"><a><\/a><a><\/a><a>An wen kann ich mich wenden, wenn ich ein Problem oder eine Beschwerde \u00fcber das Pflegeheim habe?<\/a><\/h4>\n\n\n\n<div class=\"wp-block-group faq-a\"><div class=\"wp-block-group__inner-container is-layout-constrained wp-block-group-is-layout-constrained\">\n<p>Wenn Sie Grund haben, sich \u00fcber eine Verletzung Ihrer Rechte oder das Verhalten eines Angeh\u00f6rigen der Gesundheitsberufe zu beschweren, k\u00f6nnen Sie die folgenden Schlichtungs- und Rechtsbehelfsm\u00f6glichkeiten nutzen:<\/p>\n\n\n\n<ul class=\"wp-block-list\">\n<li>die Direktion der betreffenden Einrichtung kontaktieren;<\/li>\n\n\n\n<li>den kantonalen Ombudsmann f\u00fcr Gesundheit und soziale Einrichtungen kontaktieren (bei Bedenken, Beschwerden oder Berichten \u00fcber Missst\u00e4nde im Gesundheitsbereich, ausgenommen finanzielle Streitigkeiten);<\/li>\n\n\n\n<li>eine Beschwerde einreichen.<\/li>\n<\/ul>\n\n\n\n<p><strong>Weiter gehen:<\/strong><\/p>\n\n\n\n<ul class=\"wp-block-list\">\n<li><a href=\"https:\/\/www.ombudsman-vs.ch\/de\/vorstellung-22.html\" target=\"_blank\" rel=\"noreferrer noopener\">Kontaktinformationen des Walliser Ombudsmanns<\/a><\/li>\n\n\n\n<li><a href=\"https:\/\/www.vs.ch\/de\/web\/ssp\/droits-des-patients\" target=\"_blank\" rel=\"noreferrer noopener\">Eine Beschwerde einreichen<\/a><\/li>\n<\/ul>\n<\/div><\/div>\n<\/div><\/div>\n<\/div>\n<\/div>\n","protected":false},"excerpt":{"rendered":"<p>Leben im Pflegeheim (Pflege und ethische Aspekte) Sie k\u00f6nnen die Antwort auf Ihre Fragen nicht finden? Kontaktieren Sie uns! Kann ich meinen Arzt w\u00e4hlen, wenn ich in das Pflegeheim eintrete? [&hellip;]<\/p>\n","protected":false},"author":152,"featured_media":0,"parent":28588,"menu_order":0,"comment_status":"closed","ping_status":"closed","template":"template-sidebar.php","meta":{"footnotes":""},"coauthors":[106],"class_list":["post-28609","page","type-page","status-publish","hentry"],"publishpress_future_action":{"enabled":false,"date":"2026-05-26 21:18:36","action":"change-status","newStatus":"draft","terms":[],"taxonomy":"translation_priority","extraData":[]},"publishpress_future_workflow_manual_trigger":{"enabledWorkflows":[]},"_links":{"self":[{"href":"https:\/\/avalems.ch\/de\/wp-json\/wp\/v2\/pages\/28609","targetHints":{"allow":["GET"]}}],"collection":[{"href":"https:\/\/avalems.ch\/de\/wp-json\/wp\/v2\/pages"}],"about":[{"href":"https:\/\/avalems.ch\/de\/wp-json\/wp\/v2\/types\/page"}],"author":[{"embeddable":true,"href":"https:\/\/avalems.ch\/de\/wp-json\/wp\/v2\/users\/152"}],"replies":[{"embeddable":true,"href":"https:\/\/avalems.ch\/de\/wp-json\/wp\/v2\/comments?post=28609"}],"version-history":[{"count":3,"href":"https:\/\/avalems.ch\/de\/wp-json\/wp\/v2\/pages\/28609\/revisions"}],"predecessor-version":[{"id":33339,"href":"https:\/\/avalems.ch\/de\/wp-json\/wp\/v2\/pages\/28609\/revisions\/33339"}],"up":[{"embeddable":true,"href":"https:\/\/avalems.ch\/de\/wp-json\/wp\/v2\/pages\/28588"}],"wp:attachment":[{"href":"https:\/\/avalems.ch\/de\/wp-json\/wp\/v2\/media?parent=28609"}],"wp:term":[{"taxonomy":"author","embeddable":true,"href":"https:\/\/avalems.ch\/de\/wp-json\/wp\/v2\/coauthors?post=28609"}],"curies":[{"name":"wp","href":"https:\/\/api.w.org\/{rel}","templated":true}]}}